{"id":2776,"date":"2024-09-18T14:19:44","date_gmt":"2024-09-18T14:19:44","guid":{"rendered":"https:\/\/nasrid.com\/visites\/"},"modified":"2026-04-24T10:53:00","modified_gmt":"2026-04-24T10:53:00","slug":"visites","status":"publish","type":"page","link":"https:\/\/nasrid.com\/fr\/visites\/","title":{"rendered":"Visites"},"content":{"rendered":"<style>.elementor-2776 .elementor-element.elementor-element-7bca408:not(.elementor-motion-effects-element-type-background), .elementor-2776 .elementor-element.elementor-element-7bca408 > .elementor-motion-effects-container > .elementor-motion-effects-layer{background-image:url(\"https:\/\/nasrid.com\/wp-content\/uploads\/2024\/06\/photo7jpg.jpg\");background-position:center center;background-repeat:no-repeat;background-size:cover;}.elementor-2776 .elementor-element.elementor-element-7bca408 > .elementor-background-overlay{background-color:var( --e-global-color-e5e9561 );opacity:0.65;transition:background 0.3s, border-radius 0.3s, opacity 0.3s;}.elementor-2776 .elementor-element.elementor-element-7bca408{transition:background 0.3s, border 0.3s, border-radius 0.3s, box-shadow 0.3s;margin-top:-185px;margin-bottom:0px;padding:258px 15px 165px 15px;}.elementor-2776 .elementor-element.elementor-element-fd198d1 > .elementor-widget-container{margin:0px 100px 0px 100px;}.elementor-2776 .elementor-element.elementor-element-fd198d1{text-align:center;}.elementor-2776 .elementor-element.elementor-element-fd198d1 .elementor-heading-title{color:var( --e-global-color-21bfb04 );}.elementor-2776 .elementor-element.elementor-element-5178b27a:not(.elementor-motion-effects-element-type-background), .elementor-2776 .elementor-element.elementor-element-5178b27a > .elementor-motion-effects-container > .elementor-motion-effects-layer{background-image:url(\"https:\/\/nasrid.com\/wp-content\/uploads\/2024\/06\/img8.png\");}.elementor-2776 .elementor-element.elementor-element-5178b27a{transition:background 0.3s, border 0.3s, border-radius 0.3s, box-shadow 0.3s;margin-top:-100px;margin-bottom:0px;}.elementor-2776 .elementor-element.elementor-element-5178b27a > .elementor-background-overlay{transition:background 0.3s, border-radius 0.3s, opacity 0.3s;}.elementor-2776 .elementor-element.elementor-element-529b1b71{--spacer-size:173px;}.elementor-2776 .elementor-element.elementor-element-7e2c218 > .elementor-background-overlay{background-color:#FFFFFF;opacity:0.6;transition:background 0.3s, border-radius 0.3s, opacity 0.3s;}.elementor-2776 .elementor-element.elementor-element-7e2c218{transition:background 0.3s, border 0.3s, border-radius 0.3s, box-shadow 0.3s;padding:100px 15px 0px 15px;}.elementor-2776 .elementor-element.elementor-element-cebb941{--divider-border-style:solid;--divider-color:var( --e-global-color-accent );--divider-border-width:2px;width:auto;max-width:auto;align-self:center;}.elementor-2776 .elementor-element.elementor-element-cebb941 .elementor-divider-separator{width:60px;}.elementor-2776 .elementor-element.elementor-element-cebb941 .elementor-divider{padding-block-start:0px;padding-block-end:0px;}.elementor-2776 .elementor-element.elementor-element-bff6a82{width:auto;max-width:auto;}.elementor-2776 .elementor-element.elementor-element-bff6a82 > .elementor-widget-container{margin:0px 0px 0px 10px;}.elementor-2776 .elementor-element.elementor-element-bff6a82 .elementor-heading-title{color:var( --e-global-color-accent );}.elementor-2776 .elementor-element.elementor-element-e5ef592 > .elementor-widget-container{margin:25px 0px 0px 0px;}.elementor-2776 .elementor-element.elementor-element-e5ef592{text-align:start;}.elementor-2776 .elementor-element.elementor-element-e5ef592 .elementor-heading-title{font-family:\"Raleway\", Sans-serif;font-size:48px;font-weight:900;text-transform:uppercase;line-height:1.1em;color:var( --e-global-color-secondary );}.elementor-bc-flex-widget .elementor-2776 .elementor-element.elementor-element-4944032.elementor-column .elementor-widget-wrap{align-items:flex-end;}.elementor-2776 .elementor-element.elementor-element-4944032.elementor-column.elementor-element[data-element_type=\"column\"] > .elementor-widget-wrap.elementor-element-populated{align-content:flex-end;align-items:flex-end;}.elementor-2776 .elementor-element.elementor-element-4944032 > .elementor-element-populated{margin:0px 0px 0px 50px;--e-column-margin-right:0px;--e-column-margin-left:50px;}.elementor-2776 .elementor-element.elementor-element-771b03b{text-align:justify;color:var( --e-global-color-text );}.elementor-2776 .elementor-element.elementor-element-d31f276 > .elementor-widget-container{margin:0px 0px 0px 0px;}.elementor-2776 .elementor-element.elementor-element-1655002 > .elementor-widget-container{margin:55px 0px -5px 0px;}.elementor-2776 .elementor-element.elementor-element-1655002{text-align:center;}.elementor-2776 .elementor-element.elementor-element-1655002 .elementor-heading-title{font-family:\"Raleway\", Sans-serif;font-size:48px;font-weight:900;text-transform:uppercase;line-height:1.1em;color:var( --e-global-color-secondary );}.elementor-2776 .elementor-element.elementor-element-a766288{margin-top:0em;margin-bottom:5em;padding:80px 0px 0px 0px;}.elementor-2776 .elementor-element.elementor-element-47b8c24 .jeg-elementor-kit.jkit-gallery[data-grid=\"grid\"] .gallery-items .gallery-item-wrap .grid-item .thumbnail-wrap{height:300px;}.elementor-2776 .elementor-element.elementor-element-47b8c24 .jeg-elementor-kit.jkit-gallery .filter-controls ul li{background-color:#B09250;}.elementor-2776 .elementor-element.elementor-element-47b8c24 .jeg-elementor-kit.jkit-gallery .gallery-items .gallery-item-wrap .grid-item .caption-wrap .item-hover-bg, .elementor-2776 .elementor-element.elementor-element-47b8c24 .jeg-elementor-kit.jkit-gallery .gallery-items .gallery-item-wrap:hover .grid-item .caption-wrap.style-overlay{background-color:#B092507A;}.elementor-2776 .elementor-element.elementor-element-47b8c24 .jeg-elementor-kit.jkit-gallery .gallery-items .gallery-item-wrap .grid-item .caption-wrap{transition:500ms;}.elementor-2776 .elementor-element.elementor-element-47b8c24 .jeg-elementor-kit.jkit-gallery .gallery-items .gallery-item-wrap .grid-item .caption-wrap.style-overlay.overlay-slide .item-caption-over .item-title{transition:500ms;}.elementor-2776 .elementor-element.elementor-element-47b8c24 .jeg-elementor-kit.jkit-gallery .gallery-items .gallery-item-wrap .grid-item .caption-wrap.style-overlay.overlay-slide .item-caption-over .item-content{transition:500ms;}.elementor-2776 .elementor-element.elementor-element-47b8c24 .jeg-elementor-kit.jkit-gallery .gallery-items .gallery-item-wrap .grid-item .caption-wrap.style-overlay.overlay-zoom .item-caption-over{transition:500ms;}.elementor-2776 .elementor-element.elementor-element-47b8c24 .jeg-elementor-kit.jkit-gallery .gallery-items .gallery-item-wrap .grid-item .caption-wrap.style-overlay .item-caption-over{text-align:center;}.elementor-2776 .elementor-element.elementor-element-47b8c24 .jeg-elementor-kit.jkit-gallery .gallery-items .gallery-item-wrap .grid-item .caption-wrap.style-overlay .item-caption-over .item-title{color:#FFFFFF;}.elementor-2776 .elementor-element.elementor-element-47b8c24 .jeg-elementor-kit.jkit-gallery .gallery-items .gallery-item-wrap .grid-item .caption-wrap.style-overlay .item-caption-over .item-title:hover{color:#FFFFFF;}.elementor-2776 .elementor-element.elementor-element-47b8c24 .jeg-elementor-kit.jkit-gallery .gallery-items .gallery-item-wrap .grid-item .caption-wrap.style-overlay .item-caption-over .item-content{color:#FFFFFF;}.elementor-2776 .elementor-element.elementor-element-47b8c24 .jeg-elementor-kit.jkit-gallery .gallery-items .gallery-item-wrap .grid-item .caption-wrap.style-overlay .item-caption-over .item-content:hover{color:#FFFFFF;}.elementor-2776 .elementor-element.elementor-element-47b8c24 .jeg-elementor-kit.jkit-gallery .gallery-items .gallery-item-wrap:hover .grid-item .video-wrap a{transition:500ms;}:root{--page-title-display:none;}@media(max-width:1024px) and (min-width:768px){.elementor-2776 .elementor-element.elementor-element-61035a5{width:100%;}.elementor-2776 .elementor-element.elementor-element-4944032{width:100%;}}@media(max-width:1024px){.elementor-2776 .elementor-element.elementor-element-7bca408{margin-top:-165px;margin-bottom:0px;padding:242px 15px 160px 15px;}.elementor-2776 .elementor-element.elementor-element-fd198d1 > .elementor-widget-container{margin:0px 0px 5px 0px;}.elementor-2776 .elementor-element.elementor-element-529b1b71{--spacer-size:100px;}.elementor-2776 .elementor-element.elementor-element-7e2c218{padding:80px 15px 0px 15px;}.elementor-2776 .elementor-element.elementor-element-e5ef592{text-align:start;}.elementor-2776 .elementor-element.elementor-element-4944032 > .elementor-element-populated{margin:25px 25px 0px 0px;--e-column-margin-right:25px;--e-column-margin-left:0px;}.elementor-2776 .elementor-element.elementor-element-1655002{text-align:start;}}@media(max-width:767px){.elementor-2776 .elementor-element.elementor-element-7bca408{margin-top:-265px;margin-bottom:0px;padding:344px 15px 120px 15px;}.elementor-2776 .elementor-element.elementor-element-5178b27a:not(.elementor-motion-effects-element-type-background), .elementor-2776 .elementor-element.elementor-element-5178b27a > .elementor-motion-effects-container > .elementor-motion-effects-layer{background-position:top center;background-repeat:no-repeat;background-size:cover;}.elementor-2776 .elementor-element.elementor-element-5178b27a{margin-top:-96px;margin-bottom:0px;}.elementor-2776 .elementor-element.elementor-element-7e2c218{padding:45px 15px 45px 15px;}.elementor-2776 .elementor-element.elementor-element-61035a5.elementor-column > .elementor-widget-wrap{justify-content:center;}.elementor-2776 .elementor-element.elementor-element-e5ef592{text-align:center;}.elementor-2776 .elementor-element.elementor-element-e5ef592 .elementor-heading-title{font-size:33px;}.elementor-2776 .elementor-element.elementor-element-4944032 > .elementor-element-populated{margin:20px 0px 0px 0px;--e-column-margin-right:0px;--e-column-margin-left:0px;}.elementor-2776 .elementor-element.elementor-element-771b03b{text-align:center;}.elementor-2776 .elementor-element.elementor-element-1655002 > .elementor-widget-container{margin:0px 0px 0px 0px;}.elementor-2776 .elementor-element.elementor-element-1655002{text-align:center;}.elementor-2776 .elementor-element.elementor-element-1655002 .elementor-heading-title{font-size:33px;}.elementor-2776 .elementor-element.elementor-element-a766288{padding:20px 0px 0px 0px;}.elementor-2776 .elementor-element.elementor-element-47b8c24 .jeg-elementor-kit.jkit-gallery .filter-controls ul li{padding:13px 13px 13px 13px;margin:8px 0px 0px 8px;}}.elementor-element.elementor-element-47b8c24 .jeg-elementor-kit.jkit-gallery .gallery-items .gallery-item-wrap { width: calc(100% \/ 3 ); float: left; }\n\/* Start custom CSS for jkit_gallery, class: .elementor-element-47b8c24 *\/\/*\n#gl .gallery-item-wrap {.overlay-fade{\n\t    opacity: 1;\n        visibility: visible;\n    }\n    .item-hover-bg {\n        opacity: 0.5;\n        background: var(--e-global-color-accent);\n    }\n}\n\n*\/\n\n.item-caption-over {\n\nbackground: #000000;\nborder-radius: 50px 0px;\n\n}\/* End custom CSS *\/<\/style>\t\t<div data-elementor-type=\"wp-page\" data-elementor-id=\"2776\" class=\"elementor elementor-2776 elementor-1388\" data-elementor-post-type=\"page\">\n\t\t\t\t\t\t<section class=\"elementor-section elementor-top-section elementor-element elementor-element-7bca408 elementor-section-boxed elementor-section-height-default elementor-section-height-default\" data-id=\"7bca408\" data-element_type=\"section\" data-settings=\"{&quot;background_background&quot;:&quot;classic&quot;}\">\n\t\t\t\t\t\t\t<div class=\"elementor-background-overlay\"><\/div>\n\t\t\t\t\t\t\t<div class=\"elementor-container elementor-column-gap-no\">\n\t\t\t\t\t<div class=\"elementor-column elementor-col-100 elementor-top-column elementor-element elementor-element-0fa2b6a\" data-id=\"0fa2b6a\" data-element_type=\"column\">\n\t\t\t<div class=\"elementor-widget-wrap elementor-element-populated\">\n\t\t\t\t\t\t<div class=\"elementor-element elementor-element-fd198d1 elementor-widget elementor-widget-heading\" data-id=\"fd198d1\" data-element_type=\"widget\" data-widget_type=\"heading.default\">\n\t\t\t\t<div class=\"elementor-widget-container\">\n\t\t\t\t\t<h1 class=\"elementor-heading-title elementor-size-default\">Visites<\/h1>\t\t\t\t<\/div>\n\t\t\t\t<\/div>\n\t\t\t\t\t<\/div>\n\t\t<\/div>\n\t\t\t\t\t<\/div>\n\t\t<\/section>\n\t\t\t\t<section class=\"elementor-section elementor-top-section elementor-element elementor-element-5178b27a elementor-hidden-desktop elementor-hidden-tablet elementor-hidden-mobile elementor-section-boxed elementor-section-height-default elementor-section-height-default\" data-id=\"5178b27a\" data-element_type=\"section\" data-settings=\"{&quot;background_background&quot;:&quot;classic&quot;}\">\n\t\t\t\t\t\t<div class=\"elementor-container elementor-column-gap-default\">\n\t\t\t\t\t<div class=\"elementor-column elementor-col-100 elementor-top-column elementor-element elementor-element-5953a036\" data-id=\"5953a036\" data-element_type=\"column\">\n\t\t\t<div class=\"elementor-widget-wrap elementor-element-populated\">\n\t\t\t\t\t\t<div class=\"elementor-element elementor-element-529b1b71 elementor-widget elementor-widget-spacer\" data-id=\"529b1b71\" data-element_type=\"widget\" data-widget_type=\"spacer.default\">\n\t\t\t\t<div class=\"elementor-widget-container\">\n\t\t\t\t\t\t\t<div class=\"elementor-spacer\">\n\t\t\t<div class=\"elementor-spacer-inner\"><\/div>\n\t\t<\/div>\n\t\t\t\t\t\t<\/div>\n\t\t\t\t<\/div>\n\t\t\t\t\t<\/div>\n\t\t<\/div>\n\t\t\t\t\t<\/div>\n\t\t<\/section>\n\t\t\t\t<section class=\"elementor-section elementor-top-section elementor-element elementor-element-7e2c218 elementor-section-boxed elementor-section-height-default elementor-section-height-default\" data-id=\"7e2c218\" data-element_type=\"section\" data-settings=\"{&quot;background_background&quot;:&quot;classic&quot;}\">\n\t\t\t\t\t\t\t<div class=\"elementor-background-overlay\"><\/div>\n\t\t\t\t\t\t\t<div class=\"elementor-container elementor-column-gap-no\">\n\t\t\t\t\t<div class=\"elementor-column elementor-col-100 elementor-top-column elementor-element elementor-element-eac63b0\" data-id=\"eac63b0\" data-element_type=\"column\">\n\t\t\t<div class=\"elementor-widget-wrap elementor-element-populated\">\n\t\t\t\t\t\t<section class=\"elementor-section elementor-inner-section elementor-element elementor-element-a4167a6 elementor-section-boxed elementor-section-height-default elementor-section-height-default\" data-id=\"a4167a6\" data-element_type=\"section\">\n\t\t\t\t\t\t<div class=\"elementor-container elementor-column-gap-no\">\n\t\t\t\t\t<div class=\"elementor-column elementor-col-50 elementor-inner-column elementor-element elementor-element-61035a5\" data-id=\"61035a5\" data-element_type=\"column\">\n\t\t\t<div class=\"elementor-widget-wrap elementor-element-populated\">\n\t\t\t\t\t\t<div class=\"elementor-element elementor-element-cebb941 elementor-widget__width-auto elementor-widget-divider--view-line elementor-widget elementor-widget-divider\" data-id=\"cebb941\" data-element_type=\"widget\" data-widget_type=\"divider.default\">\n\t\t\t\t<div class=\"elementor-widget-container\">\n\t\t\t\t\t\t\t<div class=\"elementor-divider\">\n\t\t\t<span class=\"elementor-divider-separator\">\n\t\t\t\t\t\t<\/span>\n\t\t<\/div>\n\t\t\t\t\t\t<\/div>\n\t\t\t\t<\/div>\n\t\t\t\t<div class=\"elementor-element elementor-element-bff6a82 elementor-widget__width-auto elementor-widget elementor-widget-heading\" data-id=\"bff6a82\" data-element_type=\"widget\" data-widget_type=\"heading.default\">\n\t\t\t\t<div class=\"elementor-widget-container\">\n\t\t\t\t\t<h6 class=\"elementor-heading-title elementor-size-default\">QUE VOIR ?<\/h6>\t\t\t\t<\/div>\n\t\t\t\t<\/div>\n\t\t\t\t<div class=\"elementor-element elementor-element-e5ef592 elementor-widget elementor-widget-heading\" data-id=\"e5ef592\" data-element_type=\"widget\" data-widget_type=\"heading.default\">\n\t\t\t\t<div class=\"elementor-widget-container\">\n\t\t\t\t\t<h2 class=\"elementor-heading-title elementor-size-default\">D\u00e9couvrez Grenade \u00e0 votre rythme\n<\/h2>\t\t\t\t<\/div>\n\t\t\t\t<\/div>\n\t\t\t\t\t<\/div>\n\t\t<\/div>\n\t\t\t\t<div class=\"elementor-column elementor-col-50 elementor-inner-column elementor-element elementor-element-4944032\" data-id=\"4944032\" data-element_type=\"column\">\n\t\t\t<div class=\"elementor-widget-wrap elementor-element-populated\">\n\t\t\t\t\t\t<div class=\"elementor-element elementor-element-771b03b elementor-widget elementor-widget-text-editor\" data-id=\"771b03b\" data-element_type=\"widget\" data-widget_type=\"text-editor.default\">\n\t\t\t\t<div class=\"elementor-widget-container\">\n\t\t\t\t\t\t\t\t\t<p>Avec Nasrid, nous vous offrons la possibilit\u00e9 de d\u00e9couvrir Grenade de mani\u00e8re personnalis\u00e9e et exclusive. Nous adaptons nos circuits \u00e0 vos int\u00e9r\u00eats et \u00e0 vos besoins, afin que vous viviez une exp\u00e9rience unique \u00e0 chaque fois.<\/p><p>Sur cette page, vous trouverez un moteur de recherche intuitif qui vous permettra d&#8217;explorer les principaux monuments et activit\u00e9s de la ville et de ses environs. Filtrez par exp\u00e9riences ou monuments, et laissez Nasrid s&#8217;occuper de tout : de la r\u00e9servation \u00e0 l&#8217;accompagnement dans chaque activit\u00e9, pour que vous n&#8217;ayez qu&#8217;\u00e0 vous soucier de profiter du meilleur de Grenade.<\/p><p><strong>Si vous souhaitez conna\u00eetre certaines de nos visites guid\u00e9es, d\u00e9couvrez-les ici.<\/strong><\/p>\t\t\t\t\t\t\t\t<\/div>\n\t\t\t\t<\/div>\n\t\t\t\t<div class=\"elementor-element elementor-element-d31f276 elementor-align-left elementor-mobile-align-center elementor-widget elementor-widget-button\" data-id=\"d31f276\" data-element_type=\"widget\" data-widget_type=\"button.default\">\n\t\t\t\t<div class=\"elementor-widget-container\">\n\t\t\t\t\t\t\t\t\t<div class=\"elementor-button-wrapper\">\n\t\t\t\t\t<a class=\"elementor-button elementor-button-link elementor-size-sm\" href=\"https:\/\/nasrid.com\/fr\/services\/#algunas-visitas-guiadas\">\n\t\t\t\t\t\t<span class=\"elementor-button-content-wrapper\">\n\t\t\t\t\t\t\t\t\t<span class=\"elementor-button-text\">PLUS D'INFORMATIONS <\/span>\n\t\t\t\t\t<\/span>\n\t\t\t\t\t<\/a>\n\t\t\t\t<\/div>\n\t\t\t\t\t\t\t\t<\/div>\n\t\t\t\t<\/div>\n\t\t\t\t\t<\/div>\n\t\t<\/div>\n\t\t\t\t\t<\/div>\n\t\t<\/section>\n\t\t\t\t\t<\/div>\n\t\t<\/div>\n\t\t\t\t\t<\/div>\n\t\t<\/section>\n\t\t\t\t<section class=\"elementor-section elementor-top-section elementor-element elementor-element-1d9f3d2 elementor-section-boxed elementor-section-height-default elementor-section-height-default\" data-id=\"1d9f3d2\" data-element_type=\"section\">\n\t\t\t\t\t\t<div class=\"elementor-container elementor-column-gap-default\">\n\t\t\t\t\t<div class=\"elementor-column elementor-col-100 elementor-top-column elementor-element elementor-element-3827194\" data-id=\"3827194\" data-element_type=\"column\">\n\t\t\t<div class=\"elementor-widget-wrap elementor-element-populated\">\n\t\t\t\t\t\t<div class=\"elementor-element elementor-element-1655002 elementor-widget elementor-widget-heading\" data-id=\"1655002\" data-element_type=\"widget\" data-widget_type=\"heading.default\">\n\t\t\t\t<div class=\"elementor-widget-container\">\n\t\t\t\t\t<h2 class=\"elementor-heading-title elementor-size-default\">TOUTES NOS EXP\u00c9RIENCES<\/h2>\t\t\t\t<\/div>\n\t\t\t\t<\/div>\n\t\t\t\t\t<\/div>\n\t\t<\/div>\n\t\t\t\t\t<\/div>\n\t\t<\/section>\n\t\t\t\t<section class=\"elementor-section elementor-top-section elementor-element elementor-element-a766288 elementor-section-boxed elementor-section-height-default elementor-section-height-default\" data-id=\"a766288\" data-element_type=\"section\" id=\"exp-mon\">\n\t\t\t\t\t\t<div class=\"elementor-container elementor-column-gap-default\">\n\t\t\t\t\t<div class=\"elementor-column elementor-col-100 elementor-top-column elementor-element elementor-element-8386056\" data-id=\"8386056\" data-element_type=\"column\">\n\t\t\t<div class=\"elementor-widget-wrap elementor-element-populated\">\n\t\t\t\t\t\t<div class=\"elementor-element elementor-element-47b8c24 elementor-widget elementor-widget-jkit_gallery\" data-id=\"47b8c24\" data-element_type=\"widget\" id=\"gl\" data-widget_type=\"jkit_gallery.default\">\n\t\t\t\t<div class=\"elementor-widget-container\">\n\t\t\t\t\t<div  class=\"jeg-elementor-kit jkit-gallery layout-overlay jeg_module___69f1a1aea39a3\"  data-grid=\"grid\" data-id=\"jeg_module___69f1a1aea39a3\" data-per-page=\"41\" data-load-more=\"0\" data-current-loaded=\"41\" data-count-items=\"41\" data-animation-duration=\"500\" data-no-more=\"No More Item\" data-items=\"[&quot;&lt;div class=\\&quot;gallery-item-wrap jkit-gcf-Experiencias\\&quot;&gt; &lt;div class=\\&quot;grid-item\\&quot;&gt;&lt;div class=\\&quot;thumbnail-wrap\\&quot;&gt;&lt;img width=\\&quot;709\\&quot; height=\\&quot;532\\&quot; src=\\&quot;https:\\\/\\\/nasrid.com\\\/wp-content\\\/uploads\\\/2024\\\/09\\\/img-La-Herradura-Coffee-Farm.jpg\\&quot; class=\\&quot;attachment-large size-large\\&quot; alt=\\&quot;La Herradura Coffee Farm\\&quot; url=\\&quot;https:\\\/\\\/nasrid.com\\\/wp-content\\\/uploads\\\/2024\\\/09\\\/img-La-Herradura-Coffee-Farm.jpg\\&quot; source=\\&quot;library\\&quot; srcset=\\&quot;https:\\\/\\\/nasrid.com\\\/wp-content\\\/uploads\\\/2024\\\/09\\\/img-La-Herradura-Coffee-Farm.jpg 709w, https:\\\/\\\/nasrid.com\\\/wp-content\\\/uploads\\\/2024\\\/09\\\/img-La-Herradura-Coffee-Farm-300x225.jpg 300w, https:\\\/\\\/nasrid.com\\\/wp-content\\\/uploads\\\/2024\\\/09\\\/img-La-Herradura-Coffee-Farm-600x450.jpg 600w\\&quot; sizes=\\&quot;(max-width: 709px) 100vw, 709px\\&quot; \\\/&gt;&lt;\\\/div&gt;&lt;a href=\\&quot;https:\\\/\\\/nasrid.com\\\/la-herradura-coffee-farm\\\/\\&quot; class=\\&quot;gallery-link\\&quot; data-elementor-open-lightbox=\\&quot;no\\&quot;&gt;&lt;div class=\\&quot;caption-wrap style-overlay overlay-fade\\&quot;&gt; &lt;div class=\\&quot;item-hover-bg\\&quot;&gt;&lt;\\\/div&gt; &lt;div class=\\&quot;item-caption-over\\&quot;&gt; &lt;h5 class=\\&quot;item-title\\&quot;&gt;La Herradura Coffee Farm&lt;\\\/h5&gt; &lt;div class=\\&quot;item-content\\&quot;&gt;&lt;p&gt;Visita a una finca de frutos tropicales y caf\\u00e9 ecol\\u00f3gicos&lt;\\\/p&gt;&lt;\\\/div&gt; &lt;\\\/div&gt; &lt;div class=\\&quot;caption-head\\&quot;&gt;&lt;\\\/div&gt; &lt;div class=\\&quot;caption-category\\&quot;&gt;&lt;\\\/div&gt; &lt;\\\/div&gt;&lt;\\\/a&gt;&lt;\\\/div&gt; &lt;\\\/div&gt;&quot;,&quot;&lt;div class=\\&quot;gallery-item-wrap jkit-gcf-Experiencias\\&quot;&gt; &lt;div class=\\&quot;grid-item\\&quot;&gt;&lt;div class=\\&quot;thumbnail-wrap\\&quot;&gt;&lt;img width=\\&quot;780\\&quot; height=\\&quot;521\\&quot; src=\\&quot;https:\\\/\\\/nasrid.com\\\/wp-content\\\/uploads\\\/2024\\\/09\\\/taller-artesania-nazari.jpg\\&quot; class=\\&quot;attachment-large size-large\\&quot; alt=\\&quot;Taller de Artesan\\u00eda nazar\\u00ed\\&quot; url=\\&quot;https:\\\/\\\/nasrid.com\\\/wp-content\\\/uploads\\\/2024\\\/09\\\/taller-artesania-nazari.jpg\\&quot; source=\\&quot;library\\&quot; srcset=\\&quot;https:\\\/\\\/nasrid.com\\\/wp-content\\\/uploads\\\/2024\\\/09\\\/taller-artesania-nazari.jpg 780w, https:\\\/\\\/nasrid.com\\\/wp-content\\\/uploads\\\/2024\\\/09\\\/taller-artesania-nazari-300x200.jpg 300w, https:\\\/\\\/nasrid.com\\\/wp-content\\\/uploads\\\/2024\\\/09\\\/taller-artesania-nazari-768x513.jpg 768w, https:\\\/\\\/nasrid.com\\\/wp-content\\\/uploads\\\/2024\\\/09\\\/taller-artesania-nazari-600x401.jpg 600w\\&quot; sizes=\\&quot;(max-width: 780px) 100vw, 780px\\&quot; \\\/&gt;&lt;\\\/div&gt;&lt;a href=\\&quot;https:\\\/\\\/nasrid.com\\\/taller-de-artesania-nazari\\\/\\&quot; class=\\&quot;gallery-link\\&quot; data-elementor-open-lightbox=\\&quot;no\\&quot;&gt;&lt;div class=\\&quot;caption-wrap style-overlay overlay-fade\\&quot;&gt; &lt;div class=\\&quot;item-hover-bg\\&quot;&gt;&lt;\\\/div&gt; &lt;div class=\\&quot;item-caption-over\\&quot;&gt; &lt;h5 class=\\&quot;item-title\\&quot;&gt;Taller de Artesan\\u00eda nazar\\u00ed&lt;\\\/h5&gt; &lt;div class=\\&quot;item-content\\&quot;&gt;&lt;p&gt;Taller para descubrir el proceso de elaboraci\\u00f3n de las yeser\\u00edas, elemento decorativo muy importante en la arquitectura isl\\u00e1mica&lt;\\\/p&gt;&lt;\\\/div&gt; &lt;\\\/div&gt; &lt;div class=\\&quot;caption-head\\&quot;&gt;&lt;\\\/div&gt; &lt;div class=\\&quot;caption-category\\&quot;&gt;&lt;\\\/div&gt; &lt;\\\/div&gt;&lt;\\\/a&gt;&lt;\\\/div&gt; &lt;\\\/div&gt;&quot;,&quot;&lt;div class=\\&quot;gallery-item-wrap jkit-gcf-Experiencias\\&quot;&gt; &lt;div class=\\&quot;grid-item\\&quot;&gt;&lt;div class=\\&quot;thumbnail-wrap\\&quot;&gt;&lt;img width=\\&quot;680\\&quot; height=\\&quot;382\\&quot; src=\\&quot;https:\\\/\\\/nasrid.com\\\/wp-content\\\/uploads\\\/2024\\\/06\\\/2020-11-07.jpg\\&quot; class=\\&quot;attachment-large size-large\\&quot; alt=\\&quot;Tablao la Albore\\u00e1 \\&quot; url=\\&quot;https:\\\/\\\/nasrid.com\\\/wp-content\\\/uploads\\\/2024\\\/06\\\/2020-11-07.jpg\\&quot; source=\\&quot;library\\&quot; srcset=\\&quot;https:\\\/\\\/nasrid.com\\\/wp-content\\\/uploads\\\/2024\\\/06\\\/2020-11-07.jpg 680w, https:\\\/\\\/nasrid.com\\\/wp-content\\\/uploads\\\/2024\\\/06\\\/2020-11-07-300x169.jpg 300w, https:\\\/\\\/nasrid.com\\\/wp-content\\\/uploads\\\/2024\\\/06\\\/2020-11-07-600x337.jpg 600w\\&quot; sizes=\\&quot;(max-width: 680px) 100vw, 680px\\&quot; \\\/&gt;&lt;\\\/div&gt;&lt;a href=\\&quot;https:\\\/\\\/nasrid.com\\\/taller-de-artesania-nazari\\\/\\&quot; class=\\&quot;gallery-link\\&quot; data-elementor-open-lightbox=\\&quot;no\\&quot;&gt;&lt;div class=\\&quot;caption-wrap style-overlay overlay-fade\\&quot;&gt; &lt;div class=\\&quot;item-hover-bg\\&quot;&gt;&lt;\\\/div&gt; &lt;div class=\\&quot;item-caption-over\\&quot;&gt; &lt;h5 class=\\&quot;item-title\\&quot;&gt;Tablao la Albore\\u00e1 &lt;\\\/h5&gt; &lt;div class=\\&quot;item-content\\&quot;&gt;&lt;p&gt;Taller y espect\\u00e1culo de flamenco&lt;\\\/p&gt;&lt;\\\/div&gt; &lt;\\\/div&gt; &lt;div class=\\&quot;caption-head\\&quot;&gt;&lt;\\\/div&gt; &lt;div class=\\&quot;caption-category\\&quot;&gt;&lt;\\\/div&gt; &lt;\\\/div&gt;&lt;\\\/a&gt;&lt;\\\/div&gt; &lt;\\\/div&gt;&quot;,&quot;&lt;div class=\\&quot;gallery-item-wrap jkit-gcf-Experiencias\\&quot;&gt; &lt;div class=\\&quot;grid-item\\&quot;&gt;&lt;div class=\\&quot;thumbnail-wrap\\&quot;&gt;&lt;img width=\\&quot;800\\&quot; height=\\&quot;534\\&quot; src=\\&quot;https:\\\/\\\/nasrid.com\\\/wp-content\\\/uploads\\\/2024\\\/09\\\/act-victoriano-contreras-04-1024x684.jpg\\&quot; class=\\&quot;attachment-large size-large\\&quot; alt=\\&quot;Visita a un secadero de Jam\\u00f3n\\&quot; url=\\&quot;https:\\\/\\\/nasrid.com\\\/wp-content\\\/uploads\\\/2024\\\/09\\\/act-victoriano-contreras-04.jpg\\&quot; source=\\&quot;library\\&quot; srcset=\\&quot;https:\\\/\\\/nasrid.com\\\/wp-content\\\/uploads\\\/2024\\\/09\\\/act-victoriano-contreras-04-1024x684.jpg 1024w, https:\\\/\\\/nasrid.com\\\/wp-content\\\/uploads\\\/2024\\\/09\\\/act-victoriano-contreras-04-300x200.jpg 300w, https:\\\/\\\/nasrid.com\\\/wp-content\\\/uploads\\\/2024\\\/09\\\/act-victoriano-contreras-04-768x513.jpg 768w, https:\\\/\\\/nasrid.com\\\/wp-content\\\/uploads\\\/2024\\\/09\\\/act-victoriano-contreras-04-600x401.jpg 600w, https:\\\/\\\/nasrid.com\\\/wp-content\\\/uploads\\\/2024\\\/09\\\/act-victoriano-contreras-04.jpg 1080w\\&quot; sizes=\\&quot;(max-width: 800px) 100vw, 800px\\&quot; \\\/&gt;&lt;\\\/div&gt;&lt;a href=\\&quot;https:\\\/\\\/nasrid.com\\\/visita-a-un-secadero-de-jamon\\\/\\&quot; class=\\&quot;gallery-link\\&quot; data-elementor-open-lightbox=\\&quot;no\\&quot;&gt;&lt;div class=\\&quot;caption-wrap style-overlay overlay-fade\\&quot;&gt; &lt;div class=\\&quot;item-hover-bg\\&quot;&gt;&lt;\\\/div&gt; &lt;div class=\\&quot;item-caption-over\\&quot;&gt; &lt;h5 class=\\&quot;item-title\\&quot;&gt;Visita a un secadero de Jam\\u00f3n&lt;\\\/h5&gt; &lt;div class=\\&quot;item-content\\&quot;&gt;&lt;p&gt;Visita a un secadero y degustaci\\u00f3n del jam\\u00f3n de trev\\u00e9lez&lt;\\\/p&gt;&lt;\\\/div&gt; &lt;\\\/div&gt; &lt;div class=\\&quot;caption-head\\&quot;&gt;&lt;\\\/div&gt; &lt;div class=\\&quot;caption-category\\&quot;&gt;&lt;\\\/div&gt; &lt;\\\/div&gt;&lt;\\\/a&gt;&lt;\\\/div&gt; &lt;\\\/div&gt;&quot;,&quot;&lt;div class=\\&quot;gallery-item-wrap jkit-gcf-Experiencias\\&quot;&gt; &lt;div class=\\&quot;grid-item\\&quot;&gt;&lt;div class=\\&quot;thumbnail-wrap\\&quot;&gt;&lt;img width=\\&quot;800\\&quot; height=\\&quot;600\\&quot; src=\\&quot;https:\\\/\\\/nasrid.com\\\/wp-content\\\/uploads\\\/2024\\\/09\\\/VISITA-INDIVIDUAL.jpg\\&quot; class=\\&quot;attachment-large size-large\\&quot; alt=\\&quot;Almazara la Erilla\\&quot; url=\\&quot;https:\\\/\\\/nasrid.com\\\/wp-content\\\/uploads\\\/2024\\\/09\\\/VISITA-INDIVIDUAL.jpg\\&quot; source=\\&quot;library\\&quot; srcset=\\&quot;https:\\\/\\\/nasrid.com\\\/wp-content\\\/uploads\\\/2024\\\/09\\\/VISITA-INDIVIDUAL.jpg 960w, https:\\\/\\\/nasrid.com\\\/wp-content\\\/uploads\\\/2024\\\/09\\\/VISITA-INDIVIDUAL-300x225.jpg 300w, https:\\\/\\\/nasrid.com\\\/wp-content\\\/uploads\\\/2024\\\/09\\\/VISITA-INDIVIDUAL-768x576.jpg 768w, https:\\\/\\\/nasrid.com\\\/wp-content\\\/uploads\\\/2024\\\/09\\\/VISITA-INDIVIDUAL-600x450.jpg 600w\\&quot; sizes=\\&quot;(max-width: 800px) 100vw, 800px\\&quot; \\\/&gt;&lt;\\\/div&gt;&lt;a href=\\&quot;https:\\\/\\\/nasrid.com\\\/almazara-la-erilla\\\/\\&quot; class=\\&quot;gallery-link\\&quot; data-elementor-open-lightbox=\\&quot;no\\&quot;&gt;&lt;div class=\\&quot;caption-wrap style-overlay overlay-fade\\&quot;&gt; &lt;div class=\\&quot;item-hover-bg\\&quot;&gt;&lt;\\\/div&gt; &lt;div class=\\&quot;item-caption-over\\&quot;&gt; &lt;h5 class=\\&quot;item-title\\&quot;&gt;Almazara la Erilla&lt;\\\/h5&gt; &lt;div class=\\&quot;item-content\\&quot;&gt;&lt;p&gt;Visita de una almazara hist\\u00f3rica, cuyos restos remontan a la \\u00e9poca nazar\\u00ed.&lt;\\\/p&gt;&lt;\\\/div&gt; &lt;\\\/div&gt; &lt;div class=\\&quot;caption-head\\&quot;&gt;&lt;\\\/div&gt; &lt;div class=\\&quot;caption-category\\&quot;&gt;&lt;\\\/div&gt; &lt;\\\/div&gt;&lt;\\\/a&gt;&lt;\\\/div&gt; &lt;\\\/div&gt;&quot;,&quot;&lt;div class=\\&quot;gallery-item-wrap jkit-gcf-Experiencias\\&quot;&gt; &lt;div class=\\&quot;grid-item\\&quot;&gt;&lt;div class=\\&quot;thumbnail-wrap\\&quot;&gt;&lt;img width=\\&quot;800\\&quot; height=\\&quot;457\\&quot; src=\\&quot;https:\\\/\\\/nasrid.com\\\/wp-content\\\/uploads\\\/2024\\\/09\\\/Antonio-Robles-Bodega-Ron-Montero-080920.jpg\\&quot; class=\\&quot;attachment-large size-large\\&quot; alt=\\&quot;Ron Montero\\&quot; url=\\&quot;https:\\\/\\\/nasrid.com\\\/wp-content\\\/uploads\\\/2024\\\/09\\\/Antonio-Robles-Bodega-Ron-Montero-080920.jpg\\&quot; source=\\&quot;library\\&quot; srcset=\\&quot;https:\\\/\\\/nasrid.com\\\/wp-content\\\/uploads\\\/2024\\\/09\\\/Antonio-Robles-Bodega-Ron-Montero-080920.jpg 1000w, https:\\\/\\\/nasrid.com\\\/wp-content\\\/uploads\\\/2024\\\/09\\\/Antonio-Robles-Bodega-Ron-Montero-080920-300x171.jpg 300w, https:\\\/\\\/nasrid.com\\\/wp-content\\\/uploads\\\/2024\\\/09\\\/Antonio-Robles-Bodega-Ron-Montero-080920-768x439.jpg 768w, https:\\\/\\\/nasrid.com\\\/wp-content\\\/uploads\\\/2024\\\/09\\\/Antonio-Robles-Bodega-Ron-Montero-080920-600x343.jpg 600w\\&quot; sizes=\\&quot;(max-width: 800px) 100vw, 800px\\&quot; \\\/&gt;&lt;\\\/div&gt;&lt;a href=\\&quot;https:\\\/\\\/nasrid.com\\\/almazara-la-erilla\\\/\\&quot; class=\\&quot;gallery-link\\&quot; data-elementor-open-lightbox=\\&quot;no\\&quot;&gt;&lt;div class=\\&quot;caption-wrap style-overlay overlay-fade\\&quot;&gt; &lt;div class=\\&quot;item-hover-bg\\&quot;&gt;&lt;\\\/div&gt; &lt;div class=\\&quot;item-caption-over\\&quot;&gt; &lt;h5 class=\\&quot;item-title\\&quot;&gt;Ron Montero&lt;\\\/h5&gt; &lt;div class=\\&quot;item-content\\&quot;&gt;&lt;p&gt;Visita a la f\\u00e1brica de Ron Montero y degustaci\\u00f3n.&lt;\\\/p&gt;&lt;\\\/div&gt; &lt;\\\/div&gt; &lt;div class=\\&quot;caption-head\\&quot;&gt;&lt;\\\/div&gt; &lt;div class=\\&quot;caption-category\\&quot;&gt;&lt;\\\/div&gt; &lt;\\\/div&gt;&lt;\\\/a&gt;&lt;\\\/div&gt; &lt;\\\/div&gt;&quot;,&quot;&lt;div class=\\&quot;gallery-item-wrap jkit-gcf-Monumentos\\&quot;&gt; &lt;div class=\\&quot;grid-item\\&quot;&gt;&lt;div class=\\&quot;thumbnail-wrap\\&quot;&gt;&lt;img width=\\&quot;800\\&quot; height=\\&quot;530\\&quot; src=\\&quot;https:\\\/\\\/nasrid.com\\\/wp-content\\\/uploads\\\/2024\\\/09\\\/Cueva-de-Nerja-2-1024x678.jpg\\&quot; class=\\&quot;attachment-large size-large\\&quot; alt=\\&quot;Cueva de Nerja\\&quot; url=\\&quot;https:\\\/\\\/nasrid.com\\\/wp-content\\\/uploads\\\/2024\\\/09\\\/Cueva-de-Nerja-2.jpg\\&quot; source=\\&quot;library\\&quot; srcset=\\&quot;https:\\\/\\\/nasrid.com\\\/wp-content\\\/uploads\\\/2024\\\/09\\\/Cueva-de-Nerja-2-1024x678.jpg 1024w, https:\\\/\\\/nasrid.com\\\/wp-content\\\/uploads\\\/2024\\\/09\\\/Cueva-de-Nerja-2-300x199.jpg 300w, https:\\\/\\\/nasrid.com\\\/wp-content\\\/uploads\\\/2024\\\/09\\\/Cueva-de-Nerja-2-768x509.jpg 768w, https:\\\/\\\/nasrid.com\\\/wp-content\\\/uploads\\\/2024\\\/09\\\/Cueva-de-Nerja-2-600x398.jpg 600w, https:\\\/\\\/nasrid.com\\\/wp-content\\\/uploads\\\/2024\\\/09\\\/Cueva-de-Nerja-2.jpg 1200w\\&quot; sizes=\\&quot;(max-width: 800px) 100vw, 800px\\&quot; \\\/&gt;&lt;\\\/div&gt;&lt;a href=\\&quot;https:\\\/\\\/nasrid.com\\\/cueva-de-nerja\\\/\\&quot; class=\\&quot;gallery-link\\&quot; data-elementor-open-lightbox=\\&quot;no\\&quot;&gt;&lt;div class=\\&quot;caption-wrap style-overlay overlay-fade\\&quot;&gt; &lt;div class=\\&quot;item-hover-bg\\&quot;&gt;&lt;\\\/div&gt; &lt;div class=\\&quot;item-caption-over\\&quot;&gt; &lt;h5 class=\\&quot;item-title\\&quot;&gt;Cueva de Nerja&lt;\\\/h5&gt; &lt;div class=\\&quot;item-content\\&quot;&gt;&lt;p&gt;Visita una de las cuevas m\\u00e1s impresionantes de Europa.&lt;\\\/p&gt;&lt;\\\/div&gt; &lt;\\\/div&gt; &lt;div class=\\&quot;caption-head\\&quot;&gt;&lt;\\\/div&gt; &lt;div class=\\&quot;caption-category\\&quot;&gt;&lt;\\\/div&gt; &lt;\\\/div&gt;&lt;\\\/a&gt;&lt;\\\/div&gt; &lt;\\\/div&gt;&quot;,&quot;&lt;div class=\\&quot;gallery-item-wrap jkit-gcf-Monumentos\\&quot;&gt; &lt;div class=\\&quot;grid-item\\&quot;&gt;&lt;div class=\\&quot;thumbnail-wrap\\&quot;&gt;&lt;img width=\\&quot;800\\&quot; height=\\&quot;450\\&quot; src=\\&quot;https:\\\/\\\/nasrid.com\\\/wp-content\\\/uploads\\\/2024\\\/09\\\/castillo-san-miguel-1024x576.jpg\\&quot; class=\\&quot;attachment-large size-large\\&quot; alt=\\&quot;Castillo de San Miguel\\&quot; url=\\&quot;https:\\\/\\\/nasrid.com\\\/wp-content\\\/uploads\\\/2024\\\/09\\\/castillo-san-miguel.jpg\\&quot; source=\\&quot;library\\&quot; srcset=\\&quot;https:\\\/\\\/nasrid.com\\\/wp-content\\\/uploads\\\/2024\\\/09\\\/castillo-san-miguel-1024x576.jpg 1024w, https:\\\/\\\/nasrid.com\\\/wp-content\\\/uploads\\\/2024\\\/09\\\/castillo-san-miguel-300x169.jpg 300w, https:\\\/\\\/nasrid.com\\\/wp-content\\\/uploads\\\/2024\\\/09\\\/castillo-san-miguel-768x432.jpg 768w, https:\\\/\\\/nasrid.com\\\/wp-content\\\/uploads\\\/2024\\\/09\\\/castillo-san-miguel-1536x864.jpg 1536w, https:\\\/\\\/nasrid.com\\\/wp-content\\\/uploads\\\/2024\\\/09\\\/castillo-san-miguel-600x338.jpg 600w, https:\\\/\\\/nasrid.com\\\/wp-content\\\/uploads\\\/2024\\\/09\\\/castillo-san-miguel.jpg 1920w\\&quot; sizes=\\&quot;(max-width: 800px) 100vw, 800px\\&quot; \\\/&gt;&lt;\\\/div&gt;&lt;a href=\\&quot;https:\\\/\\\/nasrid.com\\\/castillo-de-san-miguel\\\/\\&quot; class=\\&quot;gallery-link\\&quot; data-elementor-open-lightbox=\\&quot;no\\&quot;&gt;&lt;div class=\\&quot;caption-wrap style-overlay overlay-fade\\&quot;&gt; &lt;div class=\\&quot;item-hover-bg\\&quot;&gt;&lt;\\\/div&gt; &lt;div class=\\&quot;item-caption-over\\&quot;&gt; &lt;h5 class=\\&quot;item-title\\&quot;&gt;Castillo de San Miguel&lt;\\\/h5&gt; &lt;div class=\\&quot;item-content\\&quot;&gt;&lt;p&gt;Un recorrido impresionante a trav\\u00e9s la historia de la pen\\u00ednsula ib\\u00e9rica.&lt;\\\/p&gt;&lt;\\\/div&gt; &lt;\\\/div&gt; &lt;div class=\\&quot;caption-head\\&quot;&gt;&lt;\\\/div&gt; &lt;div class=\\&quot;caption-category\\&quot;&gt;&lt;\\\/div&gt; &lt;\\\/div&gt;&lt;\\\/a&gt;&lt;\\\/div&gt; &lt;\\\/div&gt;&quot;,&quot;&lt;div class=\\&quot;gallery-item-wrap jkit-gcf-Monumentos\\&quot;&gt; &lt;div class=\\&quot;grid-item\\&quot;&gt;&lt;div class=\\&quot;thumbnail-wrap\\&quot;&gt;&lt;img width=\\&quot;800\\&quot; height=\\&quot;600\\&quot; src=\\&quot;https:\\\/\\\/nasrid.com\\\/wp-content\\\/uploads\\\/2024\\\/09\\\/img-Castillo-de-Salobrena-1024x768.jpg\\&quot; class=\\&quot;attachment-large size-large\\&quot; alt=\\&quot;Castillo de Salobre\\u00f1a\\&quot; url=\\&quot;https:\\\/\\\/nasrid.com\\\/wp-content\\\/uploads\\\/2024\\\/09\\\/img-Castillo-de-Salobrena.jpg\\&quot; source=\\&quot;library\\&quot; srcset=\\&quot;https:\\\/\\\/nasrid.com\\\/wp-content\\\/uploads\\\/2024\\\/09\\\/img-Castillo-de-Salobrena-1024x768.jpg 1024w, https:\\\/\\\/nasrid.com\\\/wp-content\\\/uploads\\\/2024\\\/09\\\/img-Castillo-de-Salobrena-300x225.jpg 300w, https:\\\/\\\/nasrid.com\\\/wp-content\\\/uploads\\\/2024\\\/09\\\/img-Castillo-de-Salobrena-768x576.jpg 768w, https:\\\/\\\/nasrid.com\\\/wp-content\\\/uploads\\\/2024\\\/09\\\/img-Castillo-de-Salobrena-600x450.jpg 600w, https:\\\/\\\/nasrid.com\\\/wp-content\\\/uploads\\\/2024\\\/09\\\/img-Castillo-de-Salobrena.jpg 1200w\\&quot; sizes=\\&quot;(max-width: 800px) 100vw, 800px\\&quot; \\\/&gt;&lt;\\\/div&gt;&lt;a href=\\&quot;https:\\\/\\\/nasrid.com\\\/castillo-de-salobrena\\\/\\&quot; class=\\&quot;gallery-link\\&quot; data-elementor-open-lightbox=\\&quot;no\\&quot;&gt;&lt;div class=\\&quot;caption-wrap style-overlay overlay-fade\\&quot;&gt; &lt;div class=\\&quot;item-hover-bg\\&quot;&gt;&lt;\\\/div&gt; &lt;div class=\\&quot;item-caption-over\\&quot;&gt; &lt;h5 class=\\&quot;item-title\\&quot;&gt;Castillo de Salobre\\u00f1a&lt;\\\/h5&gt; &lt;div class=\\&quot;item-content\\&quot;&gt;&lt;p&gt;Castillo de verano de la familia real Nazar\\u00ed.&lt;\\\/p&gt;&lt;\\\/div&gt; &lt;\\\/div&gt; &lt;div class=\\&quot;caption-head\\&quot;&gt;&lt;\\\/div&gt; &lt;div class=\\&quot;caption-category\\&quot;&gt;&lt;\\\/div&gt; &lt;\\\/div&gt;&lt;\\\/a&gt;&lt;\\\/div&gt; &lt;\\\/div&gt;&quot;,&quot;&lt;div class=\\&quot;gallery-item-wrap jkit-gcf-Restaurantes\\&quot;&gt; &lt;div class=\\&quot;grid-item\\&quot;&gt;&lt;div class=\\&quot;thumbnail-wrap\\&quot;&gt;&lt;img width=\\&quot;512\\&quot; height=\\&quot;341\\&quot; src=\\&quot;https:\\\/\\\/nasrid.com\\\/wp-content\\\/uploads\\\/2024\\\/09\\\/Bar-Escudo-12.jpg\\&quot; class=\\&quot;attachment-large size-large\\&quot; alt=\\&quot;Bar Escudo 12\\&quot; url=\\&quot;https:\\\/\\\/nasrid.com\\\/wp-content\\\/uploads\\\/2024\\\/09\\\/Bar-Escudo-12.jpg\\&quot; source=\\&quot;library\\&quot; srcset=\\&quot;https:\\\/\\\/nasrid.com\\\/wp-content\\\/uploads\\\/2024\\\/09\\\/Bar-Escudo-12.jpg 512w, https:\\\/\\\/nasrid.com\\\/wp-content\\\/uploads\\\/2024\\\/09\\\/Bar-Escudo-12-300x200.jpg 300w\\&quot; sizes=\\&quot;(max-width: 512px) 100vw, 512px\\&quot; \\\/&gt;&lt;\\\/div&gt;&lt;a href=\\&quot;https:\\\/\\\/nasrid.com\\\/bar-escudo-12\\\/\\&quot; class=\\&quot;gallery-link\\&quot; data-elementor-open-lightbox=\\&quot;no\\&quot;&gt;&lt;div class=\\&quot;caption-wrap style-overlay overlay-fade\\&quot;&gt; &lt;div class=\\&quot;item-hover-bg\\&quot;&gt;&lt;\\\/div&gt; &lt;div class=\\&quot;item-caption-over\\&quot;&gt; &lt;h5 class=\\&quot;item-title\\&quot;&gt;Bar Escudo 12&lt;\\\/h5&gt; &lt;div class=\\&quot;item-content\\&quot;&gt;&lt;p&gt;El mejor Secreto Ib\\u00e9rico de Granada.&lt;\\\/p&gt;&lt;\\\/div&gt; &lt;\\\/div&gt; &lt;div class=\\&quot;caption-head\\&quot;&gt;&lt;\\\/div&gt; &lt;div class=\\&quot;caption-category\\&quot;&gt;&lt;\\\/div&gt; &lt;\\\/div&gt;&lt;\\\/a&gt;&lt;\\\/div&gt; &lt;\\\/div&gt;&quot;,&quot;&lt;div class=\\&quot;gallery-item-wrap jkit-gcf-Restaurantes\\&quot;&gt; &lt;div class=\\&quot;grid-item\\&quot;&gt;&lt;div class=\\&quot;thumbnail-wrap\\&quot;&gt;&lt;img width=\\&quot;550\\&quot; height=\\&quot;367\\&quot; src=\\&quot;https:\\\/\\\/nasrid.com\\\/wp-content\\\/uploads\\\/2024\\\/09\\\/tocateja-foto-bar.jpg\\&quot; class=\\&quot;attachment-large size-large\\&quot; alt=\\&quot;Bar la Tocateja\\&quot; url=\\&quot;https:\\\/\\\/nasrid.com\\\/wp-content\\\/uploads\\\/2024\\\/09\\\/tocateja-foto-bar.jpg\\&quot; source=\\&quot;library\\&quot; srcset=\\&quot;https:\\\/\\\/nasrid.com\\\/wp-content\\\/uploads\\\/2024\\\/09\\\/tocateja-foto-bar.jpg 550w, https:\\\/\\\/nasrid.com\\\/wp-content\\\/uploads\\\/2024\\\/09\\\/tocateja-foto-bar-300x200.jpg 300w\\&quot; sizes=\\&quot;(max-width: 550px) 100vw, 550px\\&quot; \\\/&gt;&lt;\\\/div&gt;&lt;a href=\\&quot;https:\\\/\\\/nasrid.com\\\/bar-la-tocateja\\\/\\&quot; class=\\&quot;gallery-link\\&quot; data-elementor-open-lightbox=\\&quot;no\\&quot;&gt;&lt;div class=\\&quot;caption-wrap style-overlay overlay-fade\\&quot;&gt; &lt;div class=\\&quot;item-hover-bg\\&quot;&gt;&lt;\\\/div&gt; &lt;div class=\\&quot;item-caption-over\\&quot;&gt; &lt;h5 class=\\&quot;item-title\\&quot;&gt;Bar la Tocateja&lt;\\\/h5&gt; &lt;div class=\\&quot;item-content\\&quot;&gt;&lt;p&gt;La mejor croqueta de Rabo de toro de Granada.&lt;\\\/p&gt;&lt;\\\/div&gt; &lt;\\\/div&gt; &lt;div class=\\&quot;caption-head\\&quot;&gt;&lt;\\\/div&gt; &lt;div class=\\&quot;caption-category\\&quot;&gt;&lt;\\\/div&gt; &lt;\\\/div&gt;&lt;\\\/a&gt;&lt;\\\/div&gt; &lt;\\\/div&gt;&quot;,&quot;&lt;div class=\\&quot;gallery-item-wrap jkit-gcf-Restaurantes\\&quot;&gt; &lt;div class=\\&quot;grid-item\\&quot;&gt;&lt;div class=\\&quot;thumbnail-wrap\\&quot;&gt;&lt;img width=\\&quot;800\\&quot; height=\\&quot;494\\&quot; src=\\&quot;https:\\\/\\\/nasrid.com\\\/wp-content\\\/uploads\\\/2024\\\/09\\\/la-tana-alfredo-kPD-U1201074145116DmF-1248x770@Ideal-1024x632.jpg\\&quot; class=\\&quot;attachment-large size-large\\&quot; alt=\\&quot;La Tana\\&quot; url=\\&quot;https:\\\/\\\/nasrid.com\\\/wp-content\\\/uploads\\\/2024\\\/09\\\/la-tana-alfredo-kPD-U1201074145116DmF-1248x770@Ideal.jpg\\&quot; source=\\&quot;library\\&quot; srcset=\\&quot;https:\\\/\\\/nasrid.com\\\/wp-content\\\/uploads\\\/2024\\\/09\\\/la-tana-alfredo-kPD-U1201074145116DmF-1248x770@Ideal-1024x632.jpg 1024w, https:\\\/\\\/nasrid.com\\\/wp-content\\\/uploads\\\/2024\\\/09\\\/la-tana-alfredo-kPD-U1201074145116DmF-1248x770@Ideal-300x185.jpg 300w, https:\\\/\\\/nasrid.com\\\/wp-content\\\/uploads\\\/2024\\\/09\\\/la-tana-alfredo-kPD-U1201074145116DmF-1248x770@Ideal-768x474.jpg 768w, https:\\\/\\\/nasrid.com\\\/wp-content\\\/uploads\\\/2024\\\/09\\\/la-tana-alfredo-kPD-U1201074145116DmF-1248x770@Ideal-600x370.jpg 600w, https:\\\/\\\/nasrid.com\\\/wp-content\\\/uploads\\\/2024\\\/09\\\/la-tana-alfredo-kPD-U1201074145116DmF-1248x770@Ideal.jpg 1248w\\&quot; sizes=\\&quot;(max-width: 800px) 100vw, 800px\\&quot; \\\/&gt;&lt;\\\/div&gt;&lt;a href=\\&quot;https:\\\/\\\/nasrid.com\\\/la-tana\\\/\\&quot; class=\\&quot;gallery-link\\&quot; data-elementor-open-lightbox=\\&quot;no\\&quot;&gt;&lt;div class=\\&quot;caption-wrap style-overlay overlay-fade\\&quot;&gt; &lt;div class=\\&quot;item-hover-bg\\&quot;&gt;&lt;\\\/div&gt; &lt;div class=\\&quot;item-caption-over\\&quot;&gt; &lt;h5 class=\\&quot;item-title\\&quot;&gt;La Tana&lt;\\\/h5&gt; &lt;div class=\\&quot;item-content\\&quot;&gt;&lt;p&gt;La mejor bodega de Granada.&lt;\\\/p&gt;&lt;\\\/div&gt; &lt;\\\/div&gt; &lt;div class=\\&quot;caption-head\\&quot;&gt;&lt;\\\/div&gt; &lt;div class=\\&quot;caption-category\\&quot;&gt;&lt;\\\/div&gt; &lt;\\\/div&gt;&lt;\\\/a&gt;&lt;\\\/div&gt; &lt;\\\/div&gt;&quot;,&quot;&lt;div class=\\&quot;gallery-item-wrap jkit-gcf-Restaurantes\\&quot;&gt; &lt;div class=\\&quot;grid-item\\&quot;&gt;&lt;div class=\\&quot;thumbnail-wrap\\&quot;&gt;&lt;img width=\\&quot;640\\&quot; height=\\&quot;480\\&quot; src=\\&quot;https:\\\/\\\/nasrid.com\\\/wp-content\\\/uploads\\\/2024\\\/09\\\/2017-02-06.jpg\\&quot; class=\\&quot;attachment-large size-large\\&quot; alt=\\&quot;Ras Caf\\u00e9 Bar\\&quot; url=\\&quot;https:\\\/\\\/nasrid.com\\\/wp-content\\\/uploads\\\/2024\\\/09\\\/2017-02-06.jpg\\&quot; source=\\&quot;library\\&quot; srcset=\\&quot;https:\\\/\\\/nasrid.com\\\/wp-content\\\/uploads\\\/2024\\\/09\\\/2017-02-06.jpg 640w, https:\\\/\\\/nasrid.com\\\/wp-content\\\/uploads\\\/2024\\\/09\\\/2017-02-06-300x225.jpg 300w, https:\\\/\\\/nasrid.com\\\/wp-content\\\/uploads\\\/2024\\\/09\\\/2017-02-06-600x450.jpg 600w\\&quot; sizes=\\&quot;(max-width: 640px) 100vw, 640px\\&quot; \\\/&gt;&lt;\\\/div&gt;&lt;a href=\\&quot;https:\\\/\\\/nasrid.com\\\/ras-cafe-bar\\\/\\&quot; class=\\&quot;gallery-link\\&quot; data-elementor-open-lightbox=\\&quot;no\\&quot;&gt;&lt;div class=\\&quot;caption-wrap style-overlay overlay-fade\\&quot;&gt; &lt;div class=\\&quot;item-hover-bg\\&quot;&gt;&lt;\\\/div&gt; &lt;div class=\\&quot;item-caption-over\\&quot;&gt; &lt;h5 class=\\&quot;item-title\\&quot;&gt;Ras Caf\\u00e9 Bar&lt;\\\/h5&gt; &lt;div class=\\&quot;item-content\\&quot;&gt;&lt;p&gt;El mejor jam\\u00f3n de Granada.&lt;\\\/p&gt;&lt;\\\/div&gt; &lt;\\\/div&gt; &lt;div class=\\&quot;caption-head\\&quot;&gt;&lt;\\\/div&gt; &lt;div class=\\&quot;caption-category\\&quot;&gt;&lt;\\\/div&gt; &lt;\\\/div&gt;&lt;\\\/a&gt;&lt;\\\/div&gt; &lt;\\\/div&gt;&quot;,&quot;&lt;div class=\\&quot;gallery-item-wrap jkit-gcf-Restaurantes\\&quot;&gt; &lt;div class=\\&quot;grid-item\\&quot;&gt;&lt;div class=\\&quot;thumbnail-wrap\\&quot;&gt;&lt;img width=\\&quot;400\\&quot; height=\\&quot;300\\&quot; src=\\&quot;https:\\\/\\\/nasrid.com\\\/wp-content\\\/uploads\\\/2024\\\/09\\\/las-noches-en-la-telefonica.jpg\\&quot; class=\\&quot;attachment-large size-large\\&quot; alt=\\&quot;Bar Queser\\u00eda Rossini\\&quot; url=\\&quot;https:\\\/\\\/nasrid.com\\\/wp-content\\\/uploads\\\/2024\\\/09\\\/las-noches-en-la-telefonica.jpg\\&quot; source=\\&quot;library\\&quot; srcset=\\&quot;https:\\\/\\\/nasrid.com\\\/wp-content\\\/uploads\\\/2024\\\/09\\\/las-noches-en-la-telefonica.jpg 400w, https:\\\/\\\/nasrid.com\\\/wp-content\\\/uploads\\\/2024\\\/09\\\/las-noches-en-la-telefonica-300x225.jpg 300w\\&quot; sizes=\\&quot;(max-width: 400px) 100vw, 400px\\&quot; \\\/&gt;&lt;\\\/div&gt;&lt;a href=\\&quot;https:\\\/\\\/nasrid.com\\\/bar-queseria-rossini\\\/\\&quot; class=\\&quot;gallery-link\\&quot; data-elementor-open-lightbox=\\&quot;no\\&quot;&gt;&lt;div class=\\&quot;caption-wrap style-overlay overlay-fade\\&quot;&gt; &lt;div class=\\&quot;item-hover-bg\\&quot;&gt;&lt;\\\/div&gt; &lt;div class=\\&quot;item-caption-over\\&quot;&gt; &lt;h5 class=\\&quot;item-title\\&quot;&gt;Bar Queser\\u00eda Rossini&lt;\\\/h5&gt; &lt;div class=\\&quot;item-content\\&quot;&gt;&lt;p&gt;La mejor tabla de queso de Granada.&lt;\\\/p&gt;&lt;\\\/div&gt; &lt;\\\/div&gt; &lt;div class=\\&quot;caption-head\\&quot;&gt;&lt;\\\/div&gt; &lt;div class=\\&quot;caption-category\\&quot;&gt;&lt;\\\/div&gt; &lt;\\\/div&gt;&lt;\\\/a&gt;&lt;\\\/div&gt; &lt;\\\/div&gt;&quot;,&quot;&lt;div class=\\&quot;gallery-item-wrap jkit-gcf-Monumentos\\&quot;&gt; &lt;div class=\\&quot;grid-item\\&quot;&gt;&lt;div class=\\&quot;thumbnail-wrap\\&quot;&gt;&lt;img width=\\&quot;454\\&quot; height=\\&quot;294\\&quot; src=\\&quot;https:\\\/\\\/nasrid.com\\\/wp-content\\\/uploads\\\/2024\\\/09\\\/image_103986.jpeg\\&quot; class=\\&quot;attachment-large size-large\\&quot; alt=\\&quot;Alhambra y Generalife\\&quot; url=\\&quot;https:\\\/\\\/nasrid.com\\\/wp-content\\\/uploads\\\/2024\\\/09\\\/image_103986.jpeg\\&quot; source=\\&quot;library\\&quot; srcset=\\&quot;https:\\\/\\\/nasrid.com\\\/wp-content\\\/uploads\\\/2024\\\/09\\\/image_103986.jpeg 454w, https:\\\/\\\/nasrid.com\\\/wp-content\\\/uploads\\\/2024\\\/09\\\/image_103986-300x194.jpeg 300w\\&quot; sizes=\\&quot;(max-width: 454px) 100vw, 454px\\&quot; \\\/&gt;&lt;\\\/div&gt;&lt;a href=\\&quot;https:\\\/\\\/nasrid.com\\\/alhambra-y-generalife\\\/\\&quot; class=\\&quot;gallery-link\\&quot; data-elementor-open-lightbox=\\&quot;no\\&quot;&gt;&lt;div class=\\&quot;caption-wrap style-overlay overlay-fade\\&quot;&gt; &lt;div class=\\&quot;item-hover-bg\\&quot;&gt;&lt;\\\/div&gt; &lt;div class=\\&quot;item-caption-over\\&quot;&gt; &lt;h5 class=\\&quot;item-title\\&quot;&gt;Alhambra y Generalife&lt;\\\/h5&gt; &lt;div class=\\&quot;item-content\\&quot;&gt;&lt;p&gt;Ciudad palatina nazar\\u00ed. Obra maestra de la arquitectura isl\\u00e1mica.&lt;\\\/p&gt;&lt;\\\/div&gt; &lt;\\\/div&gt; &lt;div class=\\&quot;caption-head\\&quot;&gt;&lt;\\\/div&gt; &lt;div class=\\&quot;caption-category\\&quot;&gt;&lt;\\\/div&gt; &lt;\\\/div&gt;&lt;\\\/a&gt;&lt;\\\/div&gt; &lt;\\\/div&gt;&quot;,&quot;&lt;div class=\\&quot;gallery-item-wrap jkit-gcf-Monumentos\\&quot;&gt; &lt;div class=\\&quot;grid-item\\&quot;&gt;&lt;div class=\\&quot;thumbnail-wrap\\&quot;&gt;&lt;img width=\\&quot;800\\&quot; height=\\&quot;600\\&quot; src=\\&quot;https:\\\/\\\/nasrid.com\\\/wp-content\\\/uploads\\\/2024\\\/09\\\/1200px-Albaicin-granada-1024x768.jpeg\\&quot; class=\\&quot;attachment-large size-large\\&quot; alt=\\&quot;Albaic\\u00edn\\&quot; url=\\&quot;https:\\\/\\\/nasrid.com\\\/wp-content\\\/uploads\\\/2024\\\/09\\\/1200px-Albaicin-granada.jpeg\\&quot; source=\\&quot;library\\&quot; srcset=\\&quot;https:\\\/\\\/nasrid.com\\\/wp-content\\\/uploads\\\/2024\\\/09\\\/1200px-Albaicin-granada-1024x768.jpeg 1024w, https:\\\/\\\/nasrid.com\\\/wp-content\\\/uploads\\\/2024\\\/09\\\/1200px-Albaicin-granada-300x225.jpeg 300w, https:\\\/\\\/nasrid.com\\\/wp-content\\\/uploads\\\/2024\\\/09\\\/1200px-Albaicin-granada-768x576.jpeg 768w, https:\\\/\\\/nasrid.com\\\/wp-content\\\/uploads\\\/2024\\\/09\\\/1200px-Albaicin-granada-600x450.jpeg 600w, https:\\\/\\\/nasrid.com\\\/wp-content\\\/uploads\\\/2024\\\/09\\\/1200px-Albaicin-granada.jpeg 1200w\\&quot; sizes=\\&quot;(max-width: 800px) 100vw, 800px\\&quot; \\\/&gt;&lt;\\\/div&gt;&lt;a href=\\&quot;https:\\\/\\\/nasrid.com\\\/albaicin\\\/\\&quot; class=\\&quot;gallery-link\\&quot; data-elementor-open-lightbox=\\&quot;no\\&quot;&gt;&lt;div class=\\&quot;caption-wrap style-overlay overlay-fade\\&quot;&gt; &lt;div class=\\&quot;item-hover-bg\\&quot;&gt;&lt;\\\/div&gt; &lt;div class=\\&quot;item-caption-over\\&quot;&gt; &lt;h5 class=\\&quot;item-title\\&quot;&gt;Albaic\\u00edn&lt;\\\/h5&gt; &lt;div class=\\&quot;item-content\\&quot;&gt;&lt;p&gt;Coraz\\u00f3n hist\\u00f3rico de Granada.&lt;\\\/p&gt;&lt;\\\/div&gt; &lt;\\\/div&gt; &lt;div class=\\&quot;caption-head\\&quot;&gt;&lt;\\\/div&gt; &lt;div class=\\&quot;caption-category\\&quot;&gt;&lt;\\\/div&gt; &lt;\\\/div&gt;&lt;\\\/a&gt;&lt;\\\/div&gt; &lt;\\\/div&gt;&quot;,&quot;&lt;div class=\\&quot;gallery-item-wrap jkit-gcf-Monumentos\\&quot;&gt; &lt;div class=\\&quot;grid-item\\&quot;&gt;&lt;div class=\\&quot;thumbnail-wrap\\&quot;&gt;&lt;img width=\\&quot;800\\&quot; height=\\&quot;534\\&quot; src=\\&quot;https:\\\/\\\/nasrid.com\\\/wp-content\\\/uploads\\\/2024\\\/09\\\/sacromonte-1-1024x683.jpg\\&quot; class=\\&quot;attachment-large size-large\\&quot; alt=\\&quot;Sacromonte\\&quot; url=\\&quot;https:\\\/\\\/nasrid.com\\\/wp-content\\\/uploads\\\/2024\\\/09\\\/sacromonte-1.jpg\\&quot; source=\\&quot;library\\&quot; srcset=\\&quot;https:\\\/\\\/nasrid.com\\\/wp-content\\\/uploads\\\/2024\\\/09\\\/sacromonte-1-1024x683.jpg 1024w, https:\\\/\\\/nasrid.com\\\/wp-content\\\/uploads\\\/2024\\\/09\\\/sacromonte-1-300x200.jpg 300w, https:\\\/\\\/nasrid.com\\\/wp-content\\\/uploads\\\/2024\\\/09\\\/sacromonte-1-768x512.jpg 768w, https:\\\/\\\/nasrid.com\\\/wp-content\\\/uploads\\\/2024\\\/09\\\/sacromonte-1-600x400.jpg 600w, https:\\\/\\\/nasrid.com\\\/wp-content\\\/uploads\\\/2024\\\/09\\\/sacromonte-1.jpg 1200w\\&quot; sizes=\\&quot;(max-width: 800px) 100vw, 800px\\&quot; \\\/&gt;&lt;\\\/div&gt;&lt;a href=\\&quot;https:\\\/\\\/nasrid.com\\\/sacromonte\\\/\\&quot; class=\\&quot;gallery-link\\&quot; data-elementor-open-lightbox=\\&quot;no\\&quot;&gt;&lt;div class=\\&quot;caption-wrap style-overlay overlay-fade\\&quot;&gt; &lt;div class=\\&quot;item-hover-bg\\&quot;&gt;&lt;\\\/div&gt; &lt;div class=\\&quot;item-caption-over\\&quot;&gt; &lt;h5 class=\\&quot;item-title\\&quot;&gt;Sacromonte&lt;\\\/h5&gt; &lt;div class=\\&quot;item-content\\&quot;&gt;&lt;p&gt;Barrio gitano, troglodita, cuna del Flamenco.&lt;\\\/p&gt;&lt;\\\/div&gt; &lt;\\\/div&gt; &lt;div class=\\&quot;caption-head\\&quot;&gt;&lt;\\\/div&gt; &lt;div class=\\&quot;caption-category\\&quot;&gt;&lt;\\\/div&gt; &lt;\\\/div&gt;&lt;\\\/a&gt;&lt;\\\/div&gt; &lt;\\\/div&gt;&quot;,&quot;&lt;div class=\\&quot;gallery-item-wrap jkit-gcf-Monumentos\\&quot;&gt; &lt;div class=\\&quot;grid-item\\&quot;&gt;&lt;div class=\\&quot;thumbnail-wrap\\&quot;&gt;&lt;img width=\\&quot;800\\&quot; height=\\&quot;533\\&quot; src=\\&quot;https:\\\/\\\/nasrid.com\\\/wp-content\\\/uploads\\\/2024\\\/09\\\/gr-cms-media-featured_images-none-4f8f37c9-1874-4e8f-85fd-6fdcddaf3040-realejo_calles_001-1024x682.webp\\&quot; class=\\&quot;attachment-large size-large\\&quot; alt=\\&quot;Realejo\\&quot; url=\\&quot;https:\\\/\\\/nasrid.com\\\/wp-content\\\/uploads\\\/2024\\\/09\\\/gr-cms-media-featured_images-none-4f8f37c9-1874-4e8f-85fd-6fdcddaf3040-realejo_calles_001.webp\\&quot; source=\\&quot;library\\&quot; srcset=\\&quot;https:\\\/\\\/nasrid.com\\\/wp-content\\\/uploads\\\/2024\\\/09\\\/gr-cms-media-featured_images-none-4f8f37c9-1874-4e8f-85fd-6fdcddaf3040-realejo_calles_001-1024x682.webp 1024w, https:\\\/\\\/nasrid.com\\\/wp-content\\\/uploads\\\/2024\\\/09\\\/gr-cms-media-featured_images-none-4f8f37c9-1874-4e8f-85fd-6fdcddaf3040-realejo_calles_001-300x200.webp 300w, https:\\\/\\\/nasrid.com\\\/wp-content\\\/uploads\\\/2024\\\/09\\\/gr-cms-media-featured_images-none-4f8f37c9-1874-4e8f-85fd-6fdcddaf3040-realejo_calles_001-768x512.webp 768w, https:\\\/\\\/nasrid.com\\\/wp-content\\\/uploads\\\/2024\\\/09\\\/gr-cms-media-featured_images-none-4f8f37c9-1874-4e8f-85fd-6fdcddaf3040-realejo_calles_001-1536x1024.webp 1536w, https:\\\/\\\/nasrid.com\\\/wp-content\\\/uploads\\\/2024\\\/09\\\/gr-cms-media-featured_images-none-4f8f37c9-1874-4e8f-85fd-6fdcddaf3040-realejo_calles_001-600x400.webp 600w, https:\\\/\\\/nasrid.com\\\/wp-content\\\/uploads\\\/2024\\\/09\\\/gr-cms-media-featured_images-none-4f8f37c9-1874-4e8f-85fd-6fdcddaf3040-realejo_calles_001.webp 2000w\\&quot; sizes=\\&quot;(max-width: 800px) 100vw, 800px\\&quot; \\\/&gt;&lt;\\\/div&gt;&lt;a href=\\&quot;https:\\\/\\\/nasrid.com\\\/realejo\\\/\\&quot; class=\\&quot;gallery-link\\&quot; data-elementor-open-lightbox=\\&quot;no\\&quot;&gt;&lt;div class=\\&quot;caption-wrap style-overlay overlay-fade\\&quot;&gt; &lt;div class=\\&quot;item-hover-bg\\&quot;&gt;&lt;\\\/div&gt; &lt;div class=\\&quot;item-caption-over\\&quot;&gt; &lt;h5 class=\\&quot;item-title\\&quot;&gt;Realejo&lt;\\\/h5&gt; &lt;div class=\\&quot;item-content\\&quot;&gt;&lt;p&gt;Antiguo barrio jud\\u00edo.&lt;\\\/p&gt;&lt;\\\/div&gt; &lt;\\\/div&gt; &lt;div class=\\&quot;caption-head\\&quot;&gt;&lt;\\\/div&gt; &lt;div class=\\&quot;caption-category\\&quot;&gt;&lt;\\\/div&gt; &lt;\\\/div&gt;&lt;\\\/a&gt;&lt;\\\/div&gt; &lt;\\\/div&gt;&quot;,&quot;&lt;div class=\\&quot;gallery-item-wrap jkit-gcf-Monumentos\\&quot;&gt; &lt;div class=\\&quot;grid-item\\&quot;&gt;&lt;div class=\\&quot;thumbnail-wrap\\&quot;&gt;&lt;img width=\\&quot;800\\&quot; height=\\&quot;600\\&quot; src=\\&quot;https:\\\/\\\/nasrid.com\\\/wp-content\\\/uploads\\\/2024\\\/09\\\/trevelez-pueblos-de-la-alpujarra-1200x900-1-1024x768.webp\\&quot; class=\\&quot;attachment-large size-large\\&quot; alt=\\&quot;Alpujarra\\&quot; url=\\&quot;https:\\\/\\\/nasrid.com\\\/wp-content\\\/uploads\\\/2024\\\/09\\\/trevelez-pueblos-de-la-alpujarra-1200x900-1.webp\\&quot; source=\\&quot;library\\&quot; srcset=\\&quot;https:\\\/\\\/nasrid.com\\\/wp-content\\\/uploads\\\/2024\\\/09\\\/trevelez-pueblos-de-la-alpujarra-1200x900-1-1024x768.webp 1024w, https:\\\/\\\/nasrid.com\\\/wp-content\\\/uploads\\\/2024\\\/09\\\/trevelez-pueblos-de-la-alpujarra-1200x900-1-300x225.webp 300w, https:\\\/\\\/nasrid.com\\\/wp-content\\\/uploads\\\/2024\\\/09\\\/trevelez-pueblos-de-la-alpujarra-1200x900-1-768x576.webp 768w, https:\\\/\\\/nasrid.com\\\/wp-content\\\/uploads\\\/2024\\\/09\\\/trevelez-pueblos-de-la-alpujarra-1200x900-1-600x450.webp 600w, https:\\\/\\\/nasrid.com\\\/wp-content\\\/uploads\\\/2024\\\/09\\\/trevelez-pueblos-de-la-alpujarra-1200x900-1.webp 1200w\\&quot; sizes=\\&quot;(max-width: 800px) 100vw, 800px\\&quot; \\\/&gt;&lt;\\\/div&gt;&lt;a href=\\&quot;https:\\\/\\\/nasrid.com\\\/alpujarra\\\/\\&quot; class=\\&quot;gallery-link\\&quot; data-elementor-open-lightbox=\\&quot;no\\&quot;&gt;&lt;div class=\\&quot;caption-wrap style-overlay overlay-fade\\&quot;&gt; &lt;div class=\\&quot;item-hover-bg\\&quot;&gt;&lt;\\\/div&gt; &lt;div class=\\&quot;item-caption-over\\&quot;&gt; &lt;h5 class=\\&quot;item-title\\&quot;&gt;Alpujarra&lt;\\\/h5&gt; &lt;div class=\\&quot;item-content\\&quot;&gt;&lt;p&gt;\\u00daltimo refugio de los moriscos en la pen\\u00ednsula ib\\u00e9rica.&lt;\\\/p&gt;&lt;\\\/div&gt; &lt;\\\/div&gt; &lt;div class=\\&quot;caption-head\\&quot;&gt;&lt;\\\/div&gt; &lt;div class=\\&quot;caption-category\\&quot;&gt;&lt;\\\/div&gt; &lt;\\\/div&gt;&lt;\\\/a&gt;&lt;\\\/div&gt; &lt;\\\/div&gt;&quot;,&quot;&lt;div class=\\&quot;gallery-item-wrap jkit-gcf-Monumentos\\&quot;&gt; &lt;div class=\\&quot;grid-item\\&quot;&gt;&lt;div class=\\&quot;thumbnail-wrap\\&quot;&gt;&lt;img width=\\&quot;800\\&quot; height=\\&quot;450\\&quot; src=\\&quot;https:\\\/\\\/nasrid.com\\\/wp-content\\\/uploads\\\/2024\\\/09\\\/costa-tropical-1024x576.jpg\\&quot; class=\\&quot;attachment-large size-large\\&quot; alt=\\&quot;Costa tropical\\&quot; url=\\&quot;https:\\\/\\\/nasrid.com\\\/wp-content\\\/uploads\\\/2024\\\/09\\\/costa-tropical.jpg\\&quot; source=\\&quot;library\\&quot; srcset=\\&quot;https:\\\/\\\/nasrid.com\\\/wp-content\\\/uploads\\\/2024\\\/09\\\/costa-tropical-1024x576.jpg 1024w, https:\\\/\\\/nasrid.com\\\/wp-content\\\/uploads\\\/2024\\\/09\\\/costa-tropical-300x169.jpg 300w, https:\\\/\\\/nasrid.com\\\/wp-content\\\/uploads\\\/2024\\\/09\\\/costa-tropical-768x432.jpg 768w, https:\\\/\\\/nasrid.com\\\/wp-content\\\/uploads\\\/2024\\\/09\\\/costa-tropical-600x338.jpg 600w, https:\\\/\\\/nasrid.com\\\/wp-content\\\/uploads\\\/2024\\\/09\\\/costa-tropical.jpg 1280w\\&quot; sizes=\\&quot;(max-width: 800px) 100vw, 800px\\&quot; \\\/&gt;&lt;\\\/div&gt;&lt;a href=\\&quot;https:\\\/\\\/nasrid.com\\\/costa-tropical\\\/\\&quot; class=\\&quot;gallery-link\\&quot; data-elementor-open-lightbox=\\&quot;no\\&quot;&gt;&lt;div class=\\&quot;caption-wrap style-overlay overlay-fade\\&quot;&gt; &lt;div class=\\&quot;item-hover-bg\\&quot;&gt;&lt;\\\/div&gt; &lt;div class=\\&quot;item-caption-over\\&quot;&gt; &lt;h5 class=\\&quot;item-title\\&quot;&gt;Costa tropical&lt;\\\/h5&gt; &lt;div class=\\&quot;item-content\\&quot;&gt;&lt;p&gt;Costa de Granada, playas y plantaciones de aguacates y ca\\u00f1a de az\\u00facar.&lt;\\\/p&gt;&lt;\\\/div&gt; &lt;\\\/div&gt; &lt;div class=\\&quot;caption-head\\&quot;&gt;&lt;\\\/div&gt; &lt;div class=\\&quot;caption-category\\&quot;&gt;&lt;\\\/div&gt; &lt;\\\/div&gt;&lt;\\\/a&gt;&lt;\\\/div&gt; &lt;\\\/div&gt;&quot;,&quot;&lt;div class=\\&quot;gallery-item-wrap jkit-gcf-Monumentos\\&quot;&gt; &lt;div class=\\&quot;grid-item\\&quot;&gt;&lt;div class=\\&quot;thumbnail-wrap\\&quot;&gt;&lt;img width=\\&quot;800\\&quot; height=\\&quot;512\\&quot; src=\\&quot;https:\\\/\\\/nasrid.com\\\/wp-content\\\/uploads\\\/2024\\\/09\\\/CasadelChapiz-img-1024x655.jpg\\&quot; class=\\&quot;attachment-large size-large\\&quot; alt=\\&quot;Casa del Chapiz\\&quot; url=\\&quot;https:\\\/\\\/nasrid.com\\\/wp-content\\\/uploads\\\/2024\\\/09\\\/CasadelChapiz-img.jpg\\&quot; source=\\&quot;library\\&quot; srcset=\\&quot;https:\\\/\\\/nasrid.com\\\/wp-content\\\/uploads\\\/2024\\\/09\\\/CasadelChapiz-img-1024x655.jpg 1024w, https:\\\/\\\/nasrid.com\\\/wp-content\\\/uploads\\\/2024\\\/09\\\/CasadelChapiz-img-300x192.jpg 300w, https:\\\/\\\/nasrid.com\\\/wp-content\\\/uploads\\\/2024\\\/09\\\/CasadelChapiz-img-768x491.jpg 768w, https:\\\/\\\/nasrid.com\\\/wp-content\\\/uploads\\\/2024\\\/09\\\/CasadelChapiz-img-600x384.jpg 600w, https:\\\/\\\/nasrid.com\\\/wp-content\\\/uploads\\\/2024\\\/09\\\/CasadelChapiz-img.jpg 1290w\\&quot; sizes=\\&quot;(max-width: 800px) 100vw, 800px\\&quot; \\\/&gt;&lt;\\\/div&gt;&lt;a href=\\&quot;https:\\\/\\\/nasrid.com\\\/casa-del-chapiz\\\/\\&quot; class=\\&quot;gallery-link\\&quot; data-elementor-open-lightbox=\\&quot;no\\&quot;&gt;&lt;div class=\\&quot;caption-wrap style-overlay overlay-fade\\&quot;&gt; &lt;div class=\\&quot;item-hover-bg\\&quot;&gt;&lt;\\\/div&gt; &lt;div class=\\&quot;item-caption-over\\&quot;&gt; &lt;h5 class=\\&quot;item-title\\&quot;&gt;Casa del Chapiz&lt;\\\/h5&gt; &lt;div class=\\&quot;item-content\\&quot;&gt;&lt;p&gt;Antigua almunia andalus\\u00ed, sede de la Escuela de Estudios \\u00c1rabes.&lt;\\\/p&gt;&lt;\\\/div&gt; &lt;\\\/div&gt; &lt;div class=\\&quot;caption-head\\&quot;&gt;&lt;\\\/div&gt; &lt;div class=\\&quot;caption-category\\&quot;&gt;&lt;\\\/div&gt; &lt;\\\/div&gt;&lt;\\\/a&gt;&lt;\\\/div&gt; &lt;\\\/div&gt;&quot;,&quot;&lt;div class=\\&quot;gallery-item-wrap jkit-gcf-Monumentos\\&quot;&gt; &lt;div class=\\&quot;grid-item\\&quot;&gt;&lt;div class=\\&quot;thumbnail-wrap\\&quot;&gt;&lt;img width=\\&quot;800\\&quot; height=\\&quot;600\\&quot; src=\\&quot;https:\\\/\\\/nasrid.com\\\/wp-content\\\/uploads\\\/2024\\\/09\\\/Dar_al-Horra-1024x768.jpeg\\&quot; class=\\&quot;attachment-large size-large\\&quot; alt=\\&quot;Palacio de Dar al-Horra\\&quot; url=\\&quot;https:\\\/\\\/nasrid.com\\\/wp-content\\\/uploads\\\/2024\\\/09\\\/Dar_al-Horra-scaled.jpeg\\&quot; source=\\&quot;library\\&quot; srcset=\\&quot;https:\\\/\\\/nasrid.com\\\/wp-content\\\/uploads\\\/2024\\\/09\\\/Dar_al-Horra-1024x768.jpeg 1024w, https:\\\/\\\/nasrid.com\\\/wp-content\\\/uploads\\\/2024\\\/09\\\/Dar_al-Horra-300x225.jpeg 300w, https:\\\/\\\/nasrid.com\\\/wp-content\\\/uploads\\\/2024\\\/09\\\/Dar_al-Horra-768x576.jpeg 768w, https:\\\/\\\/nasrid.com\\\/wp-content\\\/uploads\\\/2024\\\/09\\\/Dar_al-Horra-1536x1152.jpeg 1536w, https:\\\/\\\/nasrid.com\\\/wp-content\\\/uploads\\\/2024\\\/09\\\/Dar_al-Horra-2048x1536.jpeg 2048w, https:\\\/\\\/nasrid.com\\\/wp-content\\\/uploads\\\/2024\\\/09\\\/Dar_al-Horra-600x450.jpeg 600w\\&quot; sizes=\\&quot;(max-width: 800px) 100vw, 800px\\&quot; \\\/&gt;&lt;\\\/div&gt;&lt;a href=\\&quot;https:\\\/\\\/nasrid.com\\\/palacio-de-dar-al-horra\\\/\\&quot; class=\\&quot;gallery-link\\&quot; data-elementor-open-lightbox=\\&quot;no\\&quot;&gt;&lt;div class=\\&quot;caption-wrap style-overlay overlay-fade\\&quot;&gt; &lt;div class=\\&quot;item-hover-bg\\&quot;&gt;&lt;\\\/div&gt; &lt;div class=\\&quot;item-caption-over\\&quot;&gt; &lt;h5 class=\\&quot;item-title\\&quot;&gt;Palacio de Dar al-Horra&lt;\\\/h5&gt; &lt;div class=\\&quot;item-content\\&quot;&gt;&lt;p&gt;\\u201cCasa de la Se\\u00f1ora\\u201d, palacio de Aixa, la madre de Boadbil, \\u00faltimo rey musulm\\u00e1n de Granada.&lt;\\\/p&gt;&lt;\\\/div&gt; &lt;\\\/div&gt; &lt;div class=\\&quot;caption-head\\&quot;&gt;&lt;\\\/div&gt; &lt;div class=\\&quot;caption-category\\&quot;&gt;&lt;\\\/div&gt; &lt;\\\/div&gt;&lt;\\\/a&gt;&lt;\\\/div&gt; &lt;\\\/div&gt;&quot;,&quot;&lt;div class=\\&quot;gallery-item-wrap jkit-gcf-Monumentos\\&quot;&gt; &lt;div class=\\&quot;grid-item\\&quot;&gt;&lt;div class=\\&quot;thumbnail-wrap\\&quot;&gt;&lt;img width=\\&quot;752\\&quot; height=\\&quot;502\\&quot; src=\\&quot;https:\\\/\\\/nasrid.com\\\/wp-content\\\/uploads\\\/2024\\\/09\\\/el-banuelo.jpg\\&quot; class=\\&quot;attachment-large size-large\\&quot; alt=\\&quot;Ba\\u00f1uelo\\&quot; url=\\&quot;https:\\\/\\\/nasrid.com\\\/wp-content\\\/uploads\\\/2024\\\/09\\\/el-banuelo.jpg\\&quot; source=\\&quot;library\\&quot; srcset=\\&quot;https:\\\/\\\/nasrid.com\\\/wp-content\\\/uploads\\\/2024\\\/09\\\/el-banuelo.jpg 752w, https:\\\/\\\/nasrid.com\\\/wp-content\\\/uploads\\\/2024\\\/09\\\/el-banuelo-300x200.jpg 300w, https:\\\/\\\/nasrid.com\\\/wp-content\\\/uploads\\\/2024\\\/09\\\/el-banuelo-600x401.jpg 600w\\&quot; sizes=\\&quot;(max-width: 752px) 100vw, 752px\\&quot; \\\/&gt;&lt;\\\/div&gt;&lt;a href=\\&quot;https:\\\/\\\/nasrid.com\\\/banuelo\\\/\\&quot; class=\\&quot;gallery-link\\&quot; data-elementor-open-lightbox=\\&quot;no\\&quot;&gt;&lt;div class=\\&quot;caption-wrap style-overlay overlay-fade\\&quot;&gt; &lt;div class=\\&quot;item-hover-bg\\&quot;&gt;&lt;\\\/div&gt; &lt;div class=\\&quot;item-caption-over\\&quot;&gt; &lt;h5 class=\\&quot;item-title\\&quot;&gt;Ba\\u00f1uelo&lt;\\\/h5&gt; &lt;div class=\\&quot;item-content\\&quot;&gt;&lt;p&gt;Antiguo ba\\u00f1o \\u00e1rabe.&lt;\\\/p&gt;&lt;\\\/div&gt; &lt;\\\/div&gt; &lt;div class=\\&quot;caption-head\\&quot;&gt;&lt;\\\/div&gt; &lt;div class=\\&quot;caption-category\\&quot;&gt;&lt;\\\/div&gt; &lt;\\\/div&gt;&lt;\\\/a&gt;&lt;\\\/div&gt; &lt;\\\/div&gt;&quot;,&quot;&lt;div class=\\&quot;gallery-item-wrap jkit-gcf-Monumentos\\&quot;&gt; &lt;div class=\\&quot;grid-item\\&quot;&gt;&lt;div class=\\&quot;thumbnail-wrap\\&quot;&gt;&lt;img width=\\&quot;800\\&quot; height=\\&quot;450\\&quot; src=\\&quot;https:\\\/\\\/nasrid.com\\\/wp-content\\\/uploads\\\/2024\\\/09\\\/MaristA1n_Patronato20la20y20AutoraLucADa20Rivas-1024x576.webp\\&quot; class=\\&quot;attachment-large size-large\\&quot; alt=\\&quot;Marist\\u00e1n\\&quot; url=\\&quot;https:\\\/\\\/nasrid.com\\\/wp-content\\\/uploads\\\/2024\\\/09\\\/MaristA1n_Patronato20la20y20AutoraLucADa20Rivas.webp\\&quot; source=\\&quot;library\\&quot; srcset=\\&quot;https:\\\/\\\/nasrid.com\\\/wp-content\\\/uploads\\\/2024\\\/09\\\/MaristA1n_Patronato20la20y20AutoraLucADa20Rivas-1024x576.webp 1024w, https:\\\/\\\/nasrid.com\\\/wp-content\\\/uploads\\\/2024\\\/09\\\/MaristA1n_Patronato20la20y20AutoraLucADa20Rivas-300x169.webp 300w, https:\\\/\\\/nasrid.com\\\/wp-content\\\/uploads\\\/2024\\\/09\\\/MaristA1n_Patronato20la20y20AutoraLucADa20Rivas-768x432.webp 768w, https:\\\/\\\/nasrid.com\\\/wp-content\\\/uploads\\\/2024\\\/09\\\/MaristA1n_Patronato20la20y20AutoraLucADa20Rivas-1536x864.webp 1536w, https:\\\/\\\/nasrid.com\\\/wp-content\\\/uploads\\\/2024\\\/09\\\/MaristA1n_Patronato20la20y20AutoraLucADa20Rivas-2048x1152.webp 2048w, https:\\\/\\\/nasrid.com\\\/wp-content\\\/uploads\\\/2024\\\/09\\\/MaristA1n_Patronato20la20y20AutoraLucADa20Rivas-600x338.webp 600w\\&quot; sizes=\\&quot;(max-width: 800px) 100vw, 800px\\&quot; \\\/&gt;&lt;\\\/div&gt;&lt;a href=\\&quot;https:\\\/\\\/nasrid.com\\\/maristan\\\/\\&quot; class=\\&quot;gallery-link\\&quot; data-elementor-open-lightbox=\\&quot;no\\&quot;&gt;&lt;div class=\\&quot;caption-wrap style-overlay overlay-fade\\&quot;&gt; &lt;div class=\\&quot;item-hover-bg\\&quot;&gt;&lt;\\\/div&gt; &lt;div class=\\&quot;item-caption-over\\&quot;&gt; &lt;h5 class=\\&quot;item-title\\&quot;&gt;Marist\\u00e1n&lt;\\\/h5&gt; &lt;div class=\\&quot;item-content\\&quot;&gt;&lt;p&gt;Antiguo hospital p\\u00fablico fundado por Yusuf Iero.&lt;\\\/p&gt;&lt;\\\/div&gt; &lt;\\\/div&gt; &lt;div class=\\&quot;caption-head\\&quot;&gt;&lt;\\\/div&gt; &lt;div class=\\&quot;caption-category\\&quot;&gt;&lt;\\\/div&gt; &lt;\\\/div&gt;&lt;\\\/a&gt;&lt;\\\/div&gt; &lt;\\\/div&gt;&quot;,&quot;&lt;div class=\\&quot;gallery-item-wrap jkit-gcf-Monumentos\\&quot;&gt; &lt;div class=\\&quot;grid-item\\&quot;&gt;&lt;div class=\\&quot;thumbnail-wrap\\&quot;&gt;&lt;img width=\\&quot;752\\&quot; height=\\&quot;502\\&quot; src=\\&quot;https:\\\/\\\/nasrid.com\\\/wp-content\\\/uploads\\\/2024\\\/09\\\/Patio-del-Corral-del-Carbon.jpg\\&quot; class=\\&quot;attachment-large size-large\\&quot; alt=\\&quot;Corral del Carb\\u00f3n\\&quot; url=\\&quot;https:\\\/\\\/nasrid.com\\\/wp-content\\\/uploads\\\/2024\\\/09\\\/Patio-del-Corral-del-Carbon.jpg\\&quot; source=\\&quot;library\\&quot; srcset=\\&quot;https:\\\/\\\/nasrid.com\\\/wp-content\\\/uploads\\\/2024\\\/09\\\/Patio-del-Corral-del-Carbon.jpg 752w, https:\\\/\\\/nasrid.com\\\/wp-content\\\/uploads\\\/2024\\\/09\\\/Patio-del-Corral-del-Carbon-300x200.jpg 300w, https:\\\/\\\/nasrid.com\\\/wp-content\\\/uploads\\\/2024\\\/09\\\/Patio-del-Corral-del-Carbon-600x401.jpg 600w\\&quot; sizes=\\&quot;(max-width: 752px) 100vw, 752px\\&quot; \\\/&gt;&lt;\\\/div&gt;&lt;a href=\\&quot;https:\\\/\\\/nasrid.com\\\/corral-del-carbon\\\/\\&quot; class=\\&quot;gallery-link\\&quot; data-elementor-open-lightbox=\\&quot;no\\&quot;&gt;&lt;div class=\\&quot;caption-wrap style-overlay overlay-fade\\&quot;&gt; &lt;div class=\\&quot;item-hover-bg\\&quot;&gt;&lt;\\\/div&gt; &lt;div class=\\&quot;item-caption-over\\&quot;&gt; &lt;h5 class=\\&quot;item-title\\&quot;&gt;Corral del Carb\\u00f3n&lt;\\\/h5&gt; &lt;div class=\\&quot;item-content\\&quot;&gt;&lt;p&gt;Antigua alh\\u00f3ndiga Nazar\\u00ed fundada por Yusuf Iero.&lt;\\\/p&gt;&lt;\\\/div&gt; &lt;\\\/div&gt; &lt;div class=\\&quot;caption-head\\&quot;&gt;&lt;\\\/div&gt; &lt;div class=\\&quot;caption-category\\&quot;&gt;&lt;\\\/div&gt; &lt;\\\/div&gt;&lt;\\\/a&gt;&lt;\\\/div&gt; &lt;\\\/div&gt;&quot;,&quot;&lt;div class=\\&quot;gallery-item-wrap jkit-gcf-Monumentos\\&quot;&gt; &lt;div class=\\&quot;grid-item\\&quot;&gt;&lt;div class=\\&quot;thumbnail-wrap\\&quot;&gt;&lt;img width=\\&quot;800\\&quot; height=\\&quot;600\\&quot; src=\\&quot;https:\\\/\\\/nasrid.com\\\/wp-content\\\/uploads\\\/2024\\\/10\\\/La-madraza-1024x768.jpg\\&quot; class=\\&quot;attachment-large size-large\\&quot; alt=\\&quot;Madraza\\&quot; url=\\&quot;https:\\\/\\\/nasrid.com\\\/wp-content\\\/uploads\\\/2024\\\/10\\\/La-madraza.jpg\\&quot; source=\\&quot;library\\&quot; srcset=\\&quot;https:\\\/\\\/nasrid.com\\\/wp-content\\\/uploads\\\/2024\\\/10\\\/La-madraza-1024x768.jpg 1024w, https:\\\/\\\/nasrid.com\\\/wp-content\\\/uploads\\\/2024\\\/10\\\/La-madraza-300x225.jpg 300w, https:\\\/\\\/nasrid.com\\\/wp-content\\\/uploads\\\/2024\\\/10\\\/La-madraza-768x576.jpg 768w, https:\\\/\\\/nasrid.com\\\/wp-content\\\/uploads\\\/2024\\\/10\\\/La-madraza-16x12.jpg 16w, https:\\\/\\\/nasrid.com\\\/wp-content\\\/uploads\\\/2024\\\/10\\\/La-madraza-600x450.jpg 600w, https:\\\/\\\/nasrid.com\\\/wp-content\\\/uploads\\\/2024\\\/10\\\/La-madraza.jpg 1200w\\&quot; sizes=\\&quot;(max-width: 800px) 100vw, 800px\\&quot; \\\/&gt;&lt;\\\/div&gt;&lt;a href=\\&quot;https:\\\/\\\/nasrid.com\\\/madraza\\\/\\&quot; class=\\&quot;gallery-link\\&quot; data-elementor-open-lightbox=\\&quot;no\\&quot;&gt;&lt;div class=\\&quot;caption-wrap style-overlay overlay-fade\\&quot;&gt; &lt;div class=\\&quot;item-hover-bg\\&quot;&gt;&lt;\\\/div&gt; &lt;div class=\\&quot;item-caption-over\\&quot;&gt; &lt;h5 class=\\&quot;item-title\\&quot;&gt;Madraza&lt;\\\/h5&gt; &lt;div class=\\&quot;item-content\\&quot;&gt;&lt;p&gt;Antigua escuela cor\\u00e1nica fundada por Yusuf Iero.&lt;\\\/p&gt;&lt;\\\/div&gt; &lt;\\\/div&gt; &lt;div class=\\&quot;caption-head\\&quot;&gt;&lt;\\\/div&gt; &lt;div class=\\&quot;caption-category\\&quot;&gt;&lt;\\\/div&gt; &lt;\\\/div&gt;&lt;\\\/a&gt;&lt;\\\/div&gt; &lt;\\\/div&gt;&quot;,&quot;&lt;div class=\\&quot;gallery-item-wrap jkit-gcf-Monumentos\\&quot;&gt; &lt;div class=\\&quot;grid-item\\&quot;&gt;&lt;div class=\\&quot;thumbnail-wrap\\&quot;&gt;&lt;img width=\\&quot;800\\&quot; height=\\&quot;571\\&quot; src=\\&quot;https:\\\/\\\/nasrid.com\\\/wp-content\\\/uploads\\\/2024\\\/09\\\/catedral04-1-60c315fbf2c6c.jpg\\&quot; class=\\&quot;attachment-large size-large\\&quot; alt=\\&quot;Catedral de Granada\\&quot; url=\\&quot;https:\\\/\\\/nasrid.com\\\/wp-content\\\/uploads\\\/2024\\\/09\\\/catedral04-1-60c315fbf2c6c.jpg\\&quot; source=\\&quot;library\\&quot; srcset=\\&quot;https:\\\/\\\/nasrid.com\\\/wp-content\\\/uploads\\\/2024\\\/09\\\/catedral04-1-60c315fbf2c6c.jpg 1000w, https:\\\/\\\/nasrid.com\\\/wp-content\\\/uploads\\\/2024\\\/09\\\/catedral04-1-60c315fbf2c6c-300x214.jpg 300w, https:\\\/\\\/nasrid.com\\\/wp-content\\\/uploads\\\/2024\\\/09\\\/catedral04-1-60c315fbf2c6c-768x548.jpg 768w, https:\\\/\\\/nasrid.com\\\/wp-content\\\/uploads\\\/2024\\\/09\\\/catedral04-1-60c315fbf2c6c-600x428.jpg 600w\\&quot; sizes=\\&quot;(max-width: 800px) 100vw, 800px\\&quot; \\\/&gt;&lt;\\\/div&gt;&lt;a href=\\&quot;https:\\\/\\\/nasrid.com\\\/catedral-de-granada\\\/\\&quot; class=\\&quot;gallery-link\\&quot; data-elementor-open-lightbox=\\&quot;no\\&quot;&gt;&lt;div class=\\&quot;caption-wrap style-overlay overlay-fade\\&quot;&gt; &lt;div class=\\&quot;item-hover-bg\\&quot;&gt;&lt;\\\/div&gt; &lt;div class=\\&quot;item-caption-over\\&quot;&gt; &lt;h5 class=\\&quot;item-title\\&quot;&gt;Catedral de Granada&lt;\\\/h5&gt; &lt;div class=\\&quot;item-content\\&quot;&gt;&lt;p&gt;Catedral Bas\\u00edlica Metropolitana de la Encarnaci\\u00f3n.&lt;\\\/p&gt;&lt;\\\/div&gt; &lt;\\\/div&gt; &lt;div class=\\&quot;caption-head\\&quot;&gt;&lt;\\\/div&gt; &lt;div class=\\&quot;caption-category\\&quot;&gt;&lt;\\\/div&gt; &lt;\\\/div&gt;&lt;\\\/a&gt;&lt;\\\/div&gt; &lt;\\\/div&gt;&quot;,&quot;&lt;div class=\\&quot;gallery-item-wrap jkit-gcf-Monumentos\\&quot;&gt; &lt;div class=\\&quot;grid-item\\&quot;&gt;&lt;div class=\\&quot;thumbnail-wrap\\&quot;&gt;&lt;img width=\\&quot;800\\&quot; height=\\&quot;571\\&quot; src=\\&quot;https:\\\/\\\/nasrid.com\\\/wp-content\\\/uploads\\\/2024\\\/09\\\/capilla02-1-60c336cb5252a.jpg\\&quot; class=\\&quot;attachment-large size-large\\&quot; alt=\\&quot;Capilla Real\\&quot; url=\\&quot;https:\\\/\\\/nasrid.com\\\/wp-content\\\/uploads\\\/2024\\\/09\\\/capilla02-1-60c336cb5252a.jpg\\&quot; source=\\&quot;library\\&quot; srcset=\\&quot;https:\\\/\\\/nasrid.com\\\/wp-content\\\/uploads\\\/2024\\\/09\\\/capilla02-1-60c336cb5252a.jpg 1000w, https:\\\/\\\/nasrid.com\\\/wp-content\\\/uploads\\\/2024\\\/09\\\/capilla02-1-60c336cb5252a-300x214.jpg 300w, https:\\\/\\\/nasrid.com\\\/wp-content\\\/uploads\\\/2024\\\/09\\\/capilla02-1-60c336cb5252a-768x548.jpg 768w, https:\\\/\\\/nasrid.com\\\/wp-content\\\/uploads\\\/2024\\\/09\\\/capilla02-1-60c336cb5252a-600x428.jpg 600w\\&quot; sizes=\\&quot;(max-width: 800px) 100vw, 800px\\&quot; \\\/&gt;&lt;\\\/div&gt;&lt;a href=\\&quot;https:\\\/\\\/nasrid.com\\\/capilla-real\\\/\\&quot; class=\\&quot;gallery-link\\&quot; data-elementor-open-lightbox=\\&quot;no\\&quot;&gt;&lt;div class=\\&quot;caption-wrap style-overlay overlay-fade\\&quot;&gt; &lt;div class=\\&quot;item-hover-bg\\&quot;&gt;&lt;\\\/div&gt; &lt;div class=\\&quot;item-caption-over\\&quot;&gt; &lt;h5 class=\\&quot;item-title\\&quot;&gt;Capilla Real&lt;\\\/h5&gt; &lt;div class=\\&quot;item-content\\&quot;&gt;&lt;p&gt;Mausoleo real de los Reyes Cat\\u00f3licos.&lt;\\\/p&gt;&lt;\\\/div&gt; &lt;\\\/div&gt; &lt;div class=\\&quot;caption-head\\&quot;&gt;&lt;\\\/div&gt; &lt;div class=\\&quot;caption-category\\&quot;&gt;&lt;\\\/div&gt; &lt;\\\/div&gt;&lt;\\\/a&gt;&lt;\\\/div&gt; &lt;\\\/div&gt;&quot;,&quot;&lt;div class=\\&quot;gallery-item-wrap jkit-gcf-Monumentos\\&quot;&gt; &lt;div class=\\&quot;grid-item\\&quot;&gt;&lt;div class=\\&quot;thumbnail-wrap\\&quot;&gt;&lt;img width=\\&quot;800\\&quot; height=\\&quot;531\\&quot; src=\\&quot;https:\\\/\\\/nasrid.com\\\/wp-content\\\/uploads\\\/2024\\\/09\\\/avellano-fuente-1200-1024x680.jpg\\&quot; class=\\&quot;attachment-large size-large\\&quot; alt=\\&quot;Fuente del Avellano\\&quot; url=\\&quot;https:\\\/\\\/nasrid.com\\\/wp-content\\\/uploads\\\/2024\\\/09\\\/avellano-fuente-1200.jpg\\&quot; source=\\&quot;library\\&quot; srcset=\\&quot;https:\\\/\\\/nasrid.com\\\/wp-content\\\/uploads\\\/2024\\\/09\\\/avellano-fuente-1200-1024x680.jpg 1024w, https:\\\/\\\/nasrid.com\\\/wp-content\\\/uploads\\\/2024\\\/09\\\/avellano-fuente-1200-300x199.jpg 300w, https:\\\/\\\/nasrid.com\\\/wp-content\\\/uploads\\\/2024\\\/09\\\/avellano-fuente-1200-768x510.jpg 768w, https:\\\/\\\/nasrid.com\\\/wp-content\\\/uploads\\\/2024\\\/09\\\/avellano-fuente-1200-600x399.jpg 600w, https:\\\/\\\/nasrid.com\\\/wp-content\\\/uploads\\\/2024\\\/09\\\/avellano-fuente-1200.jpg 1200w\\&quot; sizes=\\&quot;(max-width: 800px) 100vw, 800px\\&quot; \\\/&gt;&lt;\\\/div&gt;&lt;a href=\\&quot;https:\\\/\\\/nasrid.com\\\/fuente-del-avellano\\\/\\&quot; class=\\&quot;gallery-link\\&quot; data-elementor-open-lightbox=\\&quot;no\\&quot;&gt;&lt;div class=\\&quot;caption-wrap style-overlay overlay-fade\\&quot;&gt; &lt;div class=\\&quot;item-hover-bg\\&quot;&gt;&lt;\\\/div&gt; &lt;div class=\\&quot;item-caption-over\\&quot;&gt; &lt;h5 class=\\&quot;item-title\\&quot;&gt;Fuente del Avellano&lt;\\\/h5&gt; &lt;div class=\\&quot;item-content\\&quot;&gt;&lt;p&gt;Fuente del Sacromonte conocida por su cofrad\\u00eda de poetas dirigida por \\u00c1ngel Ganivet.&lt;\\\/p&gt;&lt;\\\/div&gt; &lt;\\\/div&gt; &lt;div class=\\&quot;caption-head\\&quot;&gt;&lt;\\\/div&gt; &lt;div class=\\&quot;caption-category\\&quot;&gt;&lt;\\\/div&gt; &lt;\\\/div&gt;&lt;\\\/a&gt;&lt;\\\/div&gt; &lt;\\\/div&gt;&quot;,&quot;&lt;div class=\\&quot;gallery-item-wrap jkit-gcf-Monumentos\\&quot;&gt; &lt;div class=\\&quot;grid-item\\&quot;&gt;&lt;div class=\\&quot;thumbnail-wrap\\&quot;&gt;&lt;img width=\\&quot;800\\&quot; height=\\&quot;534\\&quot; src=\\&quot;https:\\\/\\\/nasrid.com\\\/wp-content\\\/uploads\\\/2024\\\/09\\\/SILLA-DEL-MORO-1024x683.jpg\\&quot; class=\\&quot;attachment-large size-large\\&quot; alt=\\&quot;Silla del Moro\\&quot; url=\\&quot;https:\\\/\\\/nasrid.com\\\/wp-content\\\/uploads\\\/2024\\\/09\\\/SILLA-DEL-MORO.jpg\\&quot; source=\\&quot;library\\&quot; srcset=\\&quot;https:\\\/\\\/nasrid.com\\\/wp-content\\\/uploads\\\/2024\\\/09\\\/SILLA-DEL-MORO-1024x683.jpg 1024w, https:\\\/\\\/nasrid.com\\\/wp-content\\\/uploads\\\/2024\\\/09\\\/SILLA-DEL-MORO-300x200.jpg 300w, https:\\\/\\\/nasrid.com\\\/wp-content\\\/uploads\\\/2024\\\/09\\\/SILLA-DEL-MORO-768x512.jpg 768w, https:\\\/\\\/nasrid.com\\\/wp-content\\\/uploads\\\/2024\\\/09\\\/SILLA-DEL-MORO-600x400.jpg 600w, https:\\\/\\\/nasrid.com\\\/wp-content\\\/uploads\\\/2024\\\/09\\\/SILLA-DEL-MORO.jpg 1080w\\&quot; sizes=\\&quot;(max-width: 800px) 100vw, 800px\\&quot; \\\/&gt;&lt;\\\/div&gt;&lt;a href=\\&quot;https:\\\/\\\/nasrid.com\\\/silla-del-moro\\\/\\&quot; class=\\&quot;gallery-link\\&quot; data-elementor-open-lightbox=\\&quot;no\\&quot;&gt;&lt;div class=\\&quot;caption-wrap style-overlay overlay-fade\\&quot;&gt; &lt;div class=\\&quot;item-hover-bg\\&quot;&gt;&lt;\\\/div&gt; &lt;div class=\\&quot;item-caption-over\\&quot;&gt; &lt;h5 class=\\&quot;item-title\\&quot;&gt;Silla del Moro&lt;\\\/h5&gt; &lt;div class=\\&quot;item-content\\&quot;&gt;&lt;p&gt;Un mirador \\u00fanico que esconde los secretos del agua en la Alhambra.&lt;\\\/p&gt;&lt;\\\/div&gt; &lt;\\\/div&gt; &lt;div class=\\&quot;caption-head\\&quot;&gt;&lt;\\\/div&gt; &lt;div class=\\&quot;caption-category\\&quot;&gt;&lt;\\\/div&gt; &lt;\\\/div&gt;&lt;\\\/a&gt;&lt;\\\/div&gt; &lt;\\\/div&gt;&quot;,&quot;&lt;div class=\\&quot;gallery-item-wrap jkit-gcf-Monumentos\\&quot;&gt; &lt;div class=\\&quot;grid-item\\&quot;&gt;&lt;div class=\\&quot;thumbnail-wrap\\&quot;&gt;&lt;img width=\\&quot;800\\&quot; height=\\&quot;533\\&quot; src=\\&quot;https:\\\/\\\/nasrid.com\\\/wp-content\\\/uploads\\\/2024\\\/09\\\/4a3q77ivq5v4qwze4jdqlmoaaa_2000-1024x682.webp\\&quot; class=\\&quot;attachment-large size-large\\&quot; alt=\\&quot;Hospital real\\&quot; url=\\&quot;https:\\\/\\\/nasrid.com\\\/wp-content\\\/uploads\\\/2024\\\/09\\\/4a3q77ivq5v4qwze4jdqlmoaaa_2000.webp\\&quot; source=\\&quot;library\\&quot; srcset=\\&quot;https:\\\/\\\/nasrid.com\\\/wp-content\\\/uploads\\\/2024\\\/09\\\/4a3q77ivq5v4qwze4jdqlmoaaa_2000-1024x682.webp 1024w, https:\\\/\\\/nasrid.com\\\/wp-content\\\/uploads\\\/2024\\\/09\\\/4a3q77ivq5v4qwze4jdqlmoaaa_2000-300x200.webp 300w, https:\\\/\\\/nasrid.com\\\/wp-content\\\/uploads\\\/2024\\\/09\\\/4a3q77ivq5v4qwze4jdqlmoaaa_2000-768x512.webp 768w, https:\\\/\\\/nasrid.com\\\/wp-content\\\/uploads\\\/2024\\\/09\\\/4a3q77ivq5v4qwze4jdqlmoaaa_2000-1536x1024.webp 1536w, https:\\\/\\\/nasrid.com\\\/wp-content\\\/uploads\\\/2024\\\/09\\\/4a3q77ivq5v4qwze4jdqlmoaaa_2000-600x400.webp 600w, https:\\\/\\\/nasrid.com\\\/wp-content\\\/uploads\\\/2024\\\/09\\\/4a3q77ivq5v4qwze4jdqlmoaaa_2000.webp 2000w\\&quot; sizes=\\&quot;(max-width: 800px) 100vw, 800px\\&quot; \\\/&gt;&lt;\\\/div&gt;&lt;a href=\\&quot;https:\\\/\\\/nasrid.com\\\/hospital-real\\\/\\&quot; class=\\&quot;gallery-link\\&quot; data-elementor-open-lightbox=\\&quot;no\\&quot;&gt;&lt;div class=\\&quot;caption-wrap style-overlay overlay-fade\\&quot;&gt; &lt;div class=\\&quot;item-hover-bg\\&quot;&gt;&lt;\\\/div&gt; &lt;div class=\\&quot;item-caption-over\\&quot;&gt; &lt;h5 class=\\&quot;item-title\\&quot;&gt;Hospital real&lt;\\\/h5&gt; &lt;div class=\\&quot;item-content\\&quot;&gt;&lt;p&gt;Hospital creado por los Reyes Cat\\u00f3licos y actualmente sede central de la Universidad de Granada.&lt;\\\/p&gt;&lt;\\\/div&gt; &lt;\\\/div&gt; &lt;div class=\\&quot;caption-head\\&quot;&gt;&lt;\\\/div&gt; &lt;div class=\\&quot;caption-category\\&quot;&gt;&lt;\\\/div&gt; &lt;\\\/div&gt;&lt;\\\/a&gt;&lt;\\\/div&gt; &lt;\\\/div&gt;&quot;,&quot;&lt;div class=\\&quot;gallery-item-wrap jkit-gcf-Monumentos\\&quot;&gt; &lt;div class=\\&quot;grid-item\\&quot;&gt;&lt;div class=\\&quot;thumbnail-wrap\\&quot;&gt;&lt;img width=\\&quot;800\\&quot; height=\\&quot;534\\&quot; src=\\&quot;https:\\\/\\\/nasrid.com\\\/wp-content\\\/uploads\\\/2024\\\/09\\\/image_285593.jpeg\\&quot; class=\\&quot;attachment-large size-large\\&quot; alt=\\&quot;Plaza de toros\\&quot; url=\\&quot;https:\\\/\\\/nasrid.com\\\/wp-content\\\/uploads\\\/2024\\\/09\\\/image_285593.jpeg\\&quot; source=\\&quot;library\\&quot; srcset=\\&quot;https:\\\/\\\/nasrid.com\\\/wp-content\\\/uploads\\\/2024\\\/09\\\/image_285593.jpeg 800w, https:\\\/\\\/nasrid.com\\\/wp-content\\\/uploads\\\/2024\\\/09\\\/image_285593-300x200.jpeg 300w, https:\\\/\\\/nasrid.com\\\/wp-content\\\/uploads\\\/2024\\\/09\\\/image_285593-768x513.jpeg 768w, https:\\\/\\\/nasrid.com\\\/wp-content\\\/uploads\\\/2024\\\/09\\\/image_285593-600x401.jpeg 600w\\&quot; sizes=\\&quot;(max-width: 800px) 100vw, 800px\\&quot; \\\/&gt;&lt;\\\/div&gt;&lt;a href=\\&quot;https:\\\/\\\/nasrid.com\\\/plaza-de-toros\\\/\\&quot; class=\\&quot;gallery-link\\&quot; data-elementor-open-lightbox=\\&quot;no\\&quot;&gt;&lt;div class=\\&quot;caption-wrap style-overlay overlay-fade\\&quot;&gt; &lt;div class=\\&quot;item-hover-bg\\&quot;&gt;&lt;\\\/div&gt; &lt;div class=\\&quot;item-caption-over\\&quot;&gt; &lt;h5 class=\\&quot;item-title\\&quot;&gt;Plaza de toros&lt;\\\/h5&gt; &lt;div class=\\&quot;item-content\\&quot;&gt;&lt;p&gt;Plaza de toros neomud\\u00e9jar de Granada&lt;\\\/p&gt;&lt;\\\/div&gt; &lt;\\\/div&gt; &lt;div class=\\&quot;caption-head\\&quot;&gt;&lt;\\\/div&gt; &lt;div class=\\&quot;caption-category\\&quot;&gt;&lt;\\\/div&gt; &lt;\\\/div&gt;&lt;\\\/a&gt;&lt;\\\/div&gt; &lt;\\\/div&gt;&quot;,&quot;&lt;div class=\\&quot;gallery-item-wrap jkit-gcf-Monumentos\\&quot;&gt; &lt;div class=\\&quot;grid-item\\&quot;&gt;&lt;div class=\\&quot;thumbnail-wrap\\&quot;&gt;&lt;img width=\\&quot;800\\&quot; height=\\&quot;600\\&quot; src=\\&quot;https:\\\/\\\/nasrid.com\\\/wp-content\\\/uploads\\\/2024\\\/09\\\/SACROMONTE.jpg\\&quot; class=\\&quot;attachment-large size-large\\&quot; alt=\\&quot;Abad\\u00eda del Sacromonte\\&quot; url=\\&quot;https:\\\/\\\/nasrid.com\\\/wp-content\\\/uploads\\\/2024\\\/09\\\/SACROMONTE.jpg\\&quot; source=\\&quot;library\\&quot; srcset=\\&quot;https:\\\/\\\/nasrid.com\\\/wp-content\\\/uploads\\\/2024\\\/09\\\/SACROMONTE.jpg 1024w, https:\\\/\\\/nasrid.com\\\/wp-content\\\/uploads\\\/2024\\\/09\\\/SACROMONTE-300x225.jpg 300w, https:\\\/\\\/nasrid.com\\\/wp-content\\\/uploads\\\/2024\\\/09\\\/SACROMONTE-768x576.jpg 768w, https:\\\/\\\/nasrid.com\\\/wp-content\\\/uploads\\\/2024\\\/09\\\/SACROMONTE-600x450.jpg 600w\\&quot; sizes=\\&quot;(max-width: 800px) 100vw, 800px\\&quot; \\\/&gt;&lt;\\\/div&gt;&lt;a href=\\&quot;https:\\\/\\\/nasrid.com\\\/plaza-de-toros\\\/\\&quot; class=\\&quot;gallery-link\\&quot; data-elementor-open-lightbox=\\&quot;no\\&quot;&gt;&lt;div class=\\&quot;caption-wrap style-overlay overlay-fade\\&quot;&gt; &lt;div class=\\&quot;item-hover-bg\\&quot;&gt;&lt;\\\/div&gt; &lt;div class=\\&quot;item-caption-over\\&quot;&gt; &lt;h5 class=\\&quot;item-title\\&quot;&gt;Abad\\u00eda del Sacromonte&lt;\\\/h5&gt; &lt;div class=\\&quot;item-content\\&quot;&gt;&lt;p&gt;El misterioso lugar d\\u00f3nde se encontraron los libros pl\\u00fambeos.&lt;\\\/p&gt;&lt;\\\/div&gt; &lt;\\\/div&gt; &lt;div class=\\&quot;caption-head\\&quot;&gt;&lt;\\\/div&gt; &lt;div class=\\&quot;caption-category\\&quot;&gt;&lt;\\\/div&gt; &lt;\\\/div&gt;&lt;\\\/a&gt;&lt;\\\/div&gt; &lt;\\\/div&gt;&quot;,&quot;&lt;div class=\\&quot;gallery-item-wrap jkit-gcf-Monumentos\\&quot;&gt; &lt;div class=\\&quot;grid-item\\&quot;&gt;&lt;div class=\\&quot;thumbnail-wrap\\&quot;&gt;&lt;img width=\\&quot;640\\&quot; height=\\&quot;480\\&quot; src=\\&quot;https:\\\/\\\/nasrid.com\\\/wp-content\\\/uploads\\\/2024\\\/09\\\/zxh40j8ucx0wbgy.jpg\\&quot; class=\\&quot;attachment-large size-large\\&quot; alt=\\&quot;Alc\\u00e1zar del Genil\\&quot; url=\\&quot;https:\\\/\\\/nasrid.com\\\/wp-content\\\/uploads\\\/2024\\\/09\\\/zxh40j8ucx0wbgy.jpg\\&quot; source=\\&quot;library\\&quot; srcset=\\&quot;https:\\\/\\\/nasrid.com\\\/wp-content\\\/uploads\\\/2024\\\/09\\\/zxh40j8ucx0wbgy.jpg 640w, https:\\\/\\\/nasrid.com\\\/wp-content\\\/uploads\\\/2024\\\/09\\\/zxh40j8ucx0wbgy-300x225.jpg 300w, https:\\\/\\\/nasrid.com\\\/wp-content\\\/uploads\\\/2024\\\/09\\\/zxh40j8ucx0wbgy-600x450.jpg 600w\\&quot; sizes=\\&quot;(max-width: 640px) 100vw, 640px\\&quot; \\\/&gt;&lt;\\\/div&gt;&lt;a href=\\&quot;https:\\\/\\\/nasrid.com\\\/alcazar-del-genil\\\/\\&quot; class=\\&quot;gallery-link\\&quot; data-elementor-open-lightbox=\\&quot;no\\&quot;&gt;&lt;div class=\\&quot;caption-wrap style-overlay overlay-fade\\&quot;&gt; &lt;div class=\\&quot;item-hover-bg\\&quot;&gt;&lt;\\\/div&gt; &lt;div class=\\&quot;item-caption-over\\&quot;&gt; &lt;h5 class=\\&quot;item-title\\&quot;&gt;Alc\\u00e1zar del Genil&lt;\\\/h5&gt; &lt;div class=\\&quot;item-content\\&quot;&gt;&lt;p&gt;Palacete nazar\\u00ed conocido por sus batallas navales&lt;\\\/p&gt;&lt;\\\/div&gt; &lt;\\\/div&gt; &lt;div class=\\&quot;caption-head\\&quot;&gt;&lt;\\\/div&gt; &lt;div class=\\&quot;caption-category\\&quot;&gt;&lt;\\\/div&gt; &lt;\\\/div&gt;&lt;\\\/a&gt;&lt;\\\/div&gt; &lt;\\\/div&gt;&quot;,&quot;&lt;div class=\\&quot;gallery-item-wrap jkit-gcf-Miradores\\&quot;&gt; &lt;div class=\\&quot;grid-item\\&quot;&gt;&lt;div class=\\&quot;thumbnail-wrap\\&quot;&gt;&lt;img width=\\&quot;800\\&quot; height=\\&quot;534\\&quot; src=\\&quot;https:\\\/\\\/nasrid.com\\\/wp-content\\\/uploads\\\/2024\\\/09\\\/G29-Mirador-de-San-Nicolas-1024x683.jpg\\&quot; class=\\&quot;attachment-large size-large\\&quot; alt=\\&quot;Mirador de San Nicol\\u00e1s\\&quot; url=\\&quot;https:\\\/\\\/nasrid.com\\\/wp-content\\\/uploads\\\/2024\\\/09\\\/G29-Mirador-de-San-Nicolas.jpg\\&quot; source=\\&quot;library\\&quot; srcset=\\&quot;https:\\\/\\\/nasrid.com\\\/wp-content\\\/uploads\\\/2024\\\/09\\\/G29-Mirador-de-San-Nicolas-1024x683.jpg 1024w, https:\\\/\\\/nasrid.com\\\/wp-content\\\/uploads\\\/2024\\\/09\\\/G29-Mirador-de-San-Nicolas-300x200.jpg 300w, https:\\\/\\\/nasrid.com\\\/wp-content\\\/uploads\\\/2024\\\/09\\\/G29-Mirador-de-San-Nicolas-768x512.jpg 768w, https:\\\/\\\/nasrid.com\\\/wp-content\\\/uploads\\\/2024\\\/09\\\/G29-Mirador-de-San-Nicolas-600x400.jpg 600w, https:\\\/\\\/nasrid.com\\\/wp-content\\\/uploads\\\/2024\\\/09\\\/G29-Mirador-de-San-Nicolas.jpg 1200w\\&quot; sizes=\\&quot;(max-width: 800px) 100vw, 800px\\&quot; \\\/&gt;&lt;\\\/div&gt;&lt;a href=\\&quot;https:\\\/\\\/nasrid.com\\\/mirador-de-san-nicolas\\\/\\&quot; class=\\&quot;gallery-link\\&quot; data-elementor-open-lightbox=\\&quot;no\\&quot;&gt;&lt;div class=\\&quot;caption-wrap style-overlay overlay-fade\\&quot;&gt; &lt;div class=\\&quot;item-hover-bg\\&quot;&gt;&lt;\\\/div&gt; &lt;div class=\\&quot;item-caption-over\\&quot;&gt; &lt;h5 class=\\&quot;item-title\\&quot;&gt;Mirador de San Nicol\\u00e1s&lt;\\\/h5&gt; &lt;div class=\\&quot;item-content\\&quot;&gt;&lt;p&gt;Conocido por ofrecer las vistas m\\u00e1s espectaculares de la Alhambra con la Sierra Nevada de fondo.&lt;\\\/p&gt;&lt;\\\/div&gt; &lt;\\\/div&gt; &lt;div class=\\&quot;caption-head\\&quot;&gt;&lt;\\\/div&gt; &lt;div class=\\&quot;caption-category\\&quot;&gt;&lt;\\\/div&gt; &lt;\\\/div&gt;&lt;\\\/a&gt;&lt;\\\/div&gt; &lt;\\\/div&gt;&quot;,&quot;&lt;div class=\\&quot;gallery-item-wrap jkit-gcf-Miradores\\&quot;&gt; &lt;div class=\\&quot;grid-item\\&quot;&gt;&lt;div class=\\&quot;thumbnail-wrap\\&quot;&gt;&lt;img width=\\&quot;800\\&quot; height=\\&quot;503\\&quot; src=\\&quot;https:\\\/\\\/nasrid.com\\\/wp-content\\\/uploads\\\/2024\\\/10\\\/mirador-de-san-cristobal-1024x644.jpg\\&quot; class=\\&quot;attachment-large size-large\\&quot; alt=\\&quot;Mirador de San Cristobal\\&quot; url=\\&quot;https:\\\/\\\/nasrid.com\\\/wp-content\\\/uploads\\\/2024\\\/10\\\/mirador-de-san-cristobal.jpg\\&quot; source=\\&quot;library\\&quot; srcset=\\&quot;https:\\\/\\\/nasrid.com\\\/wp-content\\\/uploads\\\/2024\\\/10\\\/mirador-de-san-cristobal-1024x644.jpg 1024w, https:\\\/\\\/nasrid.com\\\/wp-content\\\/uploads\\\/2024\\\/10\\\/mirador-de-san-cristobal-300x189.jpg 300w, https:\\\/\\\/nasrid.com\\\/wp-content\\\/uploads\\\/2024\\\/10\\\/mirador-de-san-cristobal-768x483.jpg 768w, https:\\\/\\\/nasrid.com\\\/wp-content\\\/uploads\\\/2024\\\/10\\\/mirador-de-san-cristobal-18x12.jpg 18w, https:\\\/\\\/nasrid.com\\\/wp-content\\\/uploads\\\/2024\\\/10\\\/mirador-de-san-cristobal-600x377.jpg 600w, https:\\\/\\\/nasrid.com\\\/wp-content\\\/uploads\\\/2024\\\/10\\\/mirador-de-san-cristobal.jpg 1112w\\&quot; sizes=\\&quot;(max-width: 800px) 100vw, 800px\\&quot; \\\/&gt;&lt;\\\/div&gt;&lt;a href=\\&quot;https:\\\/\\\/nasrid.com\\\/mirador-de-san-cristobal\\\/\\&quot; class=\\&quot;gallery-link\\&quot; data-elementor-open-lightbox=\\&quot;no\\&quot;&gt;&lt;div class=\\&quot;caption-wrap style-overlay overlay-fade\\&quot;&gt; &lt;div class=\\&quot;item-hover-bg\\&quot;&gt;&lt;\\\/div&gt; &lt;div class=\\&quot;item-caption-over\\&quot;&gt; &lt;h5 class=\\&quot;item-title\\&quot;&gt;Mirador de San Cristobal&lt;\\\/h5&gt; &lt;div class=\\&quot;item-content\\&quot;&gt;&lt;p&gt;Desde este mirador se puede contemplar una vista completa de la Alhambra, la Catedral de Granada y gran parte de la ciudad, todo enmarcado por las monta\\u00f1as de Sierra Nevada.&lt;\\\/p&gt;&lt;\\\/div&gt; &lt;\\\/div&gt; &lt;div class=\\&quot;caption-head\\&quot;&gt;&lt;\\\/div&gt; &lt;div class=\\&quot;caption-category\\&quot;&gt;&lt;\\\/div&gt; &lt;\\\/div&gt;&lt;\\\/a&gt;&lt;\\\/div&gt; &lt;\\\/div&gt;&quot;,&quot;&lt;div class=\\&quot;gallery-item-wrap jkit-gcf-Miradores\\&quot;&gt; &lt;div class=\\&quot;grid-item\\&quot;&gt;&lt;div class=\\&quot;thumbnail-wrap\\&quot;&gt;&lt;img width=\\&quot;800\\&quot; height=\\&quot;552\\&quot; src=\\&quot;https:\\\/\\\/nasrid.com\\\/wp-content\\\/uploads\\\/2024\\\/09\\\/placeta-de-carvajales-albaicin-granada-12372-xl-1024x706.jpg\\&quot; class=\\&quot;attachment-large size-large\\&quot; alt=\\&quot;Mirador de los Carvajales\\&quot; url=\\&quot;https:\\\/\\\/nasrid.com\\\/wp-content\\\/uploads\\\/2024\\\/09\\\/placeta-de-carvajales-albaicin-granada-12372-xl.jpg\\&quot; source=\\&quot;library\\&quot; srcset=\\&quot;https:\\\/\\\/nasrid.com\\\/wp-content\\\/uploads\\\/2024\\\/09\\\/placeta-de-carvajales-albaicin-granada-12372-xl-1024x706.jpg 1024w, https:\\\/\\\/nasrid.com\\\/wp-content\\\/uploads\\\/2024\\\/09\\\/placeta-de-carvajales-albaicin-granada-12372-xl-300x207.jpg 300w, https:\\\/\\\/nasrid.com\\\/wp-content\\\/uploads\\\/2024\\\/09\\\/placeta-de-carvajales-albaicin-granada-12372-xl-768x529.jpg 768w, https:\\\/\\\/nasrid.com\\\/wp-content\\\/uploads\\\/2024\\\/09\\\/placeta-de-carvajales-albaicin-granada-12372-xl-600x414.jpg 600w, https:\\\/\\\/nasrid.com\\\/wp-content\\\/uploads\\\/2024\\\/09\\\/placeta-de-carvajales-albaicin-granada-12372-xl.jpg 1200w\\&quot; sizes=\\&quot;(max-width: 800px) 100vw, 800px\\&quot; \\\/&gt;&lt;\\\/div&gt;&lt;a href=\\&quot;https:\\\/\\\/nasrid.com\\\/mirador-de-los-carvajales\\\/\\&quot; class=\\&quot;gallery-link\\&quot; data-elementor-open-lightbox=\\&quot;no\\&quot;&gt;&lt;div class=\\&quot;caption-wrap style-overlay overlay-fade\\&quot;&gt; &lt;div class=\\&quot;item-hover-bg\\&quot;&gt;&lt;\\\/div&gt; &lt;div class=\\&quot;item-caption-over\\&quot;&gt; &lt;h5 class=\\&quot;item-title\\&quot;&gt;Mirador de los Carvajales&lt;\\\/h5&gt; &lt;div class=\\&quot;item-content\\&quot;&gt;&lt;p&gt;Ofrece una vista cercana y directa de la Alhambra, enmarcada por los tejados del barrio y los cipreses que la rodean.&lt;\\\/p&gt;&lt;\\\/div&gt; &lt;\\\/div&gt; &lt;div class=\\&quot;caption-head\\&quot;&gt;&lt;\\\/div&gt; &lt;div class=\\&quot;caption-category\\&quot;&gt;&lt;\\\/div&gt; &lt;\\\/div&gt;&lt;\\\/a&gt;&lt;\\\/div&gt; &lt;\\\/div&gt;&quot;,&quot;&lt;div class=\\&quot;gallery-item-wrap jkit-gcf-Miradores\\&quot;&gt; &lt;div class=\\&quot;grid-item\\&quot;&gt;&lt;div class=\\&quot;thumbnail-wrap\\&quot;&gt;&lt;img width=\\&quot;800\\&quot; height=\\&quot;479\\&quot; src=\\&quot;https:\\\/\\\/nasrid.com\\\/wp-content\\\/uploads\\\/2024\\\/09\\\/mirador-san-miguel-alto.jpg\\&quot; class=\\&quot;attachment-large size-large\\&quot; alt=\\&quot;Mirador de San Miguel Alto\\&quot; url=\\&quot;https:\\\/\\\/nasrid.com\\\/wp-content\\\/uploads\\\/2024\\\/09\\\/mirador-san-miguel-alto.jpg\\&quot; source=\\&quot;library\\&quot; srcset=\\&quot;https:\\\/\\\/nasrid.com\\\/wp-content\\\/uploads\\\/2024\\\/09\\\/mirador-san-miguel-alto.jpg 1024w, https:\\\/\\\/nasrid.com\\\/wp-content\\\/uploads\\\/2024\\\/09\\\/mirador-san-miguel-alto-300x180.jpg 300w, https:\\\/\\\/nasrid.com\\\/wp-content\\\/uploads\\\/2024\\\/09\\\/mirador-san-miguel-alto-768x460.jpg 768w, https:\\\/\\\/nasrid.com\\\/wp-content\\\/uploads\\\/2024\\\/09\\\/mirador-san-miguel-alto-600x359.jpg 600w\\&quot; sizes=\\&quot;(max-width: 800px) 100vw, 800px\\&quot; \\\/&gt;&lt;\\\/div&gt;&lt;a href=\\&quot;https:\\\/\\\/nasrid.com\\\/mirador-de-san-miguel-alto\\\/\\&quot; class=\\&quot;gallery-link\\&quot; data-elementor-open-lightbox=\\&quot;no\\&quot;&gt;&lt;div class=\\&quot;caption-wrap style-overlay overlay-fade\\&quot;&gt; &lt;div class=\\&quot;item-hover-bg\\&quot;&gt;&lt;\\\/div&gt; &lt;div class=\\&quot;item-caption-over\\&quot;&gt; &lt;h5 class=\\&quot;item-title\\&quot;&gt;Mirador de San Miguel Alto&lt;\\\/h5&gt; &lt;div class=\\&quot;item-content\\&quot;&gt;&lt;p&gt;El mirador m\\u00e1s elevado de Granada, lo que permite una vista panor\\u00e1mica impresionante y completa de la ciudad, incluyendo la Alhambra, el Albaic\\u00edn, la Catedral y la Vega de Granada, todo con las monta\\u00f1as de Sierra Nevada como tel\\u00f3n de fondo.&lt;\\\/p&gt;&lt;\\\/div&gt; &lt;\\\/div&gt; &lt;div class=\\&quot;caption-head\\&quot;&gt;&lt;\\\/div&gt; &lt;div class=\\&quot;caption-category\\&quot;&gt;&lt;\\\/div&gt; &lt;\\\/div&gt;&lt;\\\/a&gt;&lt;\\\/div&gt; &lt;\\\/div&gt;&quot;,&quot;&lt;div class=\\&quot;gallery-item-wrap jkit-gcf-Miradores\\&quot;&gt; &lt;div class=\\&quot;grid-item\\&quot;&gt;&lt;div class=\\&quot;thumbnail-wrap\\&quot;&gt;&lt;img width=\\&quot;800\\&quot; height=\\&quot;458\\&quot; src=\\&quot;https:\\\/\\\/nasrid.com\\\/wp-content\\\/uploads\\\/2024\\\/09\\\/mirador-de-alixares.jpg\\&quot; class=\\&quot;attachment-large size-large\\&quot; alt=\\&quot;Mirador de Alixares\\&quot; url=\\&quot;https:\\\/\\\/nasrid.com\\\/wp-content\\\/uploads\\\/2024\\\/09\\\/mirador-de-alixares.jpg\\&quot; source=\\&quot;library\\&quot; srcset=\\&quot;https:\\\/\\\/nasrid.com\\\/wp-content\\\/uploads\\\/2024\\\/09\\\/mirador-de-alixares.jpg 1024w, https:\\\/\\\/nasrid.com\\\/wp-content\\\/uploads\\\/2024\\\/09\\\/mirador-de-alixares-300x172.jpg 300w, https:\\\/\\\/nasrid.com\\\/wp-content\\\/uploads\\\/2024\\\/09\\\/mirador-de-alixares-768x440.jpg 768w, https:\\\/\\\/nasrid.com\\\/wp-content\\\/uploads\\\/2024\\\/09\\\/mirador-de-alixares-600x343.jpg 600w\\&quot; sizes=\\&quot;(max-width: 800px) 100vw, 800px\\&quot; \\\/&gt;&lt;\\\/div&gt;&lt;a href=\\&quot;https:\\\/\\\/nasrid.com\\\/mirador-de-alixares\\\/\\&quot; class=\\&quot;gallery-link\\&quot; data-elementor-open-lightbox=\\&quot;no\\&quot;&gt;&lt;div class=\\&quot;caption-wrap style-overlay overlay-fade\\&quot;&gt; &lt;div class=\\&quot;item-hover-bg\\&quot;&gt;&lt;\\\/div&gt; &lt;div class=\\&quot;item-caption-over\\&quot;&gt; &lt;h5 class=\\&quot;item-title\\&quot;&gt;Mirador de Alixares&lt;\\\/h5&gt; &lt;div class=\\&quot;item-content\\&quot;&gt;&lt;p&gt;Situado cerca de la Alhambra, desde este mirador se puede disfrutar de una perspectiva m\\u00e1s tranquila y abierta, alejada del bullicio de otros puntos tur\\u00edsticos.&lt;\\\/p&gt;&lt;\\\/div&gt; &lt;\\\/div&gt; &lt;div class=\\&quot;caption-head\\&quot;&gt;&lt;\\\/div&gt; &lt;div class=\\&quot;caption-category\\&quot;&gt;&lt;\\\/div&gt; &lt;\\\/div&gt;&lt;\\\/a&gt;&lt;\\\/div&gt; &lt;\\\/div&gt;&quot;,&quot;&lt;div class=\\&quot;gallery-item-wrap jkit-gcf-Miradores\\&quot;&gt; &lt;div class=\\&quot;grid-item\\&quot;&gt;&lt;div class=\\&quot;thumbnail-wrap\\&quot;&gt;&lt;img width=\\&quot;800\\&quot; height=\\&quot;450\\&quot; src=\\&quot;https:\\\/\\\/nasrid.com\\\/wp-content\\\/uploads\\\/2024\\\/09\\\/puerta-del-sol-lavaderospublicos.net-01.jpg\\&quot; class=\\&quot;attachment-large size-large\\&quot; alt=\\&quot;Mirador del Lavadero Placeta del Sol\\&quot; url=\\&quot;https:\\\/\\\/nasrid.com\\\/wp-content\\\/uploads\\\/2024\\\/09\\\/puerta-del-sol-lavaderospublicos.net-01.jpg\\&quot; source=\\&quot;library\\&quot; srcset=\\&quot;https:\\\/\\\/nasrid.com\\\/wp-content\\\/uploads\\\/2024\\\/09\\\/puerta-del-sol-lavaderospublicos.net-01.jpg 800w, https:\\\/\\\/nasrid.com\\\/wp-content\\\/uploads\\\/2024\\\/09\\\/puerta-del-sol-lavaderospublicos.net-01-300x169.jpg 300w, https:\\\/\\\/nasrid.com\\\/wp-content\\\/uploads\\\/2024\\\/09\\\/puerta-del-sol-lavaderospublicos.net-01-768x432.jpg 768w, https:\\\/\\\/nasrid.com\\\/wp-content\\\/uploads\\\/2024\\\/09\\\/puerta-del-sol-lavaderospublicos.net-01-600x338.jpg 600w\\&quot; sizes=\\&quot;(max-width: 800px) 100vw, 800px\\&quot; \\\/&gt;&lt;\\\/div&gt;&lt;a href=\\&quot;https:\\\/\\\/nasrid.com\\\/mirador-del-lavadero-placeta-del-sol\\\/\\&quot; class=\\&quot;gallery-link\\&quot; data-elementor-open-lightbox=\\&quot;no\\&quot;&gt;&lt;div class=\\&quot;caption-wrap style-overlay overlay-fade\\&quot;&gt; &lt;div class=\\&quot;item-hover-bg\\&quot;&gt;&lt;\\\/div&gt; &lt;div class=\\&quot;item-caption-over\\&quot;&gt; &lt;h5 class=\\&quot;item-title\\&quot;&gt;Mirador del Lavadero Placeta del Sol&lt;\\\/h5&gt; &lt;div class=\\&quot;item-content\\&quot;&gt;&lt;p&gt;Es un peque\\u00f1o rinc\\u00f3n escondido en el coraz\\u00f3n del barrio del Albaic\\u00edn, que combina la historia y la tranquilidad con unas vistas espectaculares.&lt;\\\/p&gt;&lt;\\\/div&gt; &lt;\\\/div&gt; &lt;div class=\\&quot;caption-head\\&quot;&gt;&lt;\\\/div&gt; &lt;div class=\\&quot;caption-category\\&quot;&gt;&lt;\\\/div&gt; &lt;\\\/div&gt;&lt;\\\/a&gt;&lt;\\\/div&gt; &lt;\\\/div&gt;&quot;,&quot;&lt;div class=\\&quot;gallery-item-wrap jkit-gcf-Miradores\\&quot;&gt; &lt;div class=\\&quot;grid-item\\&quot;&gt;&lt;div class=\\&quot;thumbnail-wrap\\&quot;&gt;&lt;img width=\\&quot;800\\&quot; height=\\&quot;449\\&quot; src=\\&quot;https:\\\/\\\/nasrid.com\\\/wp-content\\\/uploads\\\/2024\\\/09\\\/IMG-20210322-WA0011-1024x575.jpg\\&quot; class=\\&quot;attachment-large size-large\\&quot; alt=\\&quot;Mirador de la Acequia del Mar\\&quot; url=\\&quot;https:\\\/\\\/nasrid.com\\\/wp-content\\\/uploads\\\/2024\\\/09\\\/IMG-20210322-WA0011.jpg\\&quot; source=\\&quot;library\\&quot; srcset=\\&quot;https:\\\/\\\/nasrid.com\\\/wp-content\\\/uploads\\\/2024\\\/09\\\/IMG-20210322-WA0011-1024x575.jpg 1024w, https:\\\/\\\/nasrid.com\\\/wp-content\\\/uploads\\\/2024\\\/09\\\/IMG-20210322-WA0011-300x169.jpg 300w, https:\\\/\\\/nasrid.com\\\/wp-content\\\/uploads\\\/2024\\\/09\\\/IMG-20210322-WA0011-768x432.jpg 768w, https:\\\/\\\/nasrid.com\\\/wp-content\\\/uploads\\\/2024\\\/09\\\/IMG-20210322-WA0011-1536x863.jpg 1536w, https:\\\/\\\/nasrid.com\\\/wp-content\\\/uploads\\\/2024\\\/09\\\/IMG-20210322-WA0011-600x337.jpg 600w, https:\\\/\\\/nasrid.com\\\/wp-content\\\/uploads\\\/2024\\\/09\\\/IMG-20210322-WA0011.jpg 2000w\\&quot; sizes=\\&quot;(max-width: 800px) 100vw, 800px\\&quot; \\\/&gt;&lt;\\\/div&gt;&lt;a href=\\&quot;https:\\\/\\\/nasrid.com\\\/mirador-de-la-acequia-del-mar\\\/\\&quot; class=\\&quot;gallery-link\\&quot; data-elementor-open-lightbox=\\&quot;no\\&quot;&gt;&lt;div class=\\&quot;caption-wrap style-overlay overlay-fade\\&quot;&gt; &lt;div class=\\&quot;item-hover-bg\\&quot;&gt;&lt;\\\/div&gt; &lt;div class=\\&quot;item-caption-over\\&quot;&gt; &lt;h5 class=\\&quot;item-title\\&quot;&gt;Mirador de la Acequia del Mar&lt;\\\/h5&gt; &lt;div class=\\&quot;item-content\\&quot;&gt;&lt;p&gt;Ubicado en las cercan\\u00edas del Albaic\\u00edn. Ofrece unas vistas impresionantes de la ciudad, con una perspectiva \\u00fanica de la Alhambra y la Vega de Granada.&lt;\\\/p&gt;&lt;\\\/div&gt; &lt;\\\/div&gt; &lt;div class=\\&quot;caption-head\\&quot;&gt;&lt;\\\/div&gt; &lt;div class=\\&quot;caption-category\\&quot;&gt;&lt;\\\/div&gt; &lt;\\\/div&gt;&lt;\\\/a&gt;&lt;\\\/div&gt; &lt;\\\/div&gt;&quot;]\"><div class=\"filter-controls\"><ul><li class=\"jkit-gallery-control active\" data-filter=\"*\">Todos<\/li><li class=\"jkit-gallery-control\" data-filter=\".jkit-gcf-Experiencias\">Experiencias<\/li><li class=\"jkit-gallery-control\" data-filter=\".jkit-gcf-Monumentos\">Monumentos<\/li><li class=\"jkit-gallery-control\" data-filter=\".jkit-gcf-Restaurantes\">Restaurantes<\/li><li class=\"jkit-gallery-control\" data-filter=\".jkit-gcf-Miradores\">Miradores<\/li><\/ul><\/div>\n            <div class=\"gallery-items\"><div class=\"gallery-item-wrap jkit-gcf-Experiencias\"> <div class=\"grid-item\"><div class=\"thumbnail-wrap\"><img fetchpriority=\"high\" decoding=\"async\" width=\"709\" height=\"532\" src=\"https:\/\/nasrid.com\/wp-content\/uploads\/2024\/09\/img-La-Herradura-Coffee-Farm.jpg\" class=\"attachment-large size-large\" alt=\"La Herradura Coffee Farm\" url=\"https:\/\/nasrid.com\/wp-content\/uploads\/2024\/09\/img-La-Herradura-Coffee-Farm.jpg\" source=\"library\" srcset=\"https:\/\/nasrid.com\/wp-content\/uploads\/2024\/09\/img-La-Herradura-Coffee-Farm.jpg 709w, https:\/\/nasrid.com\/wp-content\/uploads\/2024\/09\/img-La-Herradura-Coffee-Farm-300x225.jpg 300w, https:\/\/nasrid.com\/wp-content\/uploads\/2024\/09\/img-La-Herradura-Coffee-Farm-600x450.jpg 600w\" sizes=\"(max-width: 709px) 100vw, 709px\" \/><\/div><a href=\"https:\/\/nasrid.com\/la-herradura-coffee-farm\/\" class=\"gallery-link\" data-elementor-open-lightbox=\"no\"><div class=\"caption-wrap style-overlay overlay-fade\"> <div class=\"item-hover-bg\"><\/div> <div class=\"item-caption-over\"> <h5 class=\"item-title\">La Herradura Coffee Farm<\/h5> <div class=\"item-content\"><p>Visita a una finca de frutos tropicales y caf\u00e9 ecol\u00f3gicos<\/p><\/div> <\/div> <div class=\"caption-head\"><\/div> <div class=\"caption-category\"><\/div> <\/div><\/a><\/div> <\/div><div class=\"gallery-item-wrap jkit-gcf-Experiencias\"> <div class=\"grid-item\"><div class=\"thumbnail-wrap\"><img decoding=\"async\" width=\"780\" height=\"521\" src=\"https:\/\/nasrid.com\/wp-content\/uploads\/2024\/09\/taller-artesania-nazari.jpg\" class=\"attachment-large size-large\" alt=\"Taller de Artesan\u00eda nazar\u00ed\" url=\"https:\/\/nasrid.com\/wp-content\/uploads\/2024\/09\/taller-artesania-nazari.jpg\" source=\"library\" srcset=\"https:\/\/nasrid.com\/wp-content\/uploads\/2024\/09\/taller-artesania-nazari.jpg 780w, https:\/\/nasrid.com\/wp-content\/uploads\/2024\/09\/taller-artesania-nazari-300x200.jpg 300w, https:\/\/nasrid.com\/wp-content\/uploads\/2024\/09\/taller-artesania-nazari-768x513.jpg 768w, https:\/\/nasrid.com\/wp-content\/uploads\/2024\/09\/taller-artesania-nazari-600x401.jpg 600w\" sizes=\"(max-width: 780px) 100vw, 780px\" \/><\/div><a href=\"https:\/\/nasrid.com\/taller-de-artesania-nazari\/\" class=\"gallery-link\" data-elementor-open-lightbox=\"no\"><div class=\"caption-wrap style-overlay overlay-fade\"> <div class=\"item-hover-bg\"><\/div> <div class=\"item-caption-over\"> <h5 class=\"item-title\">Taller de Artesan\u00eda nazar\u00ed<\/h5> <div class=\"item-content\"><p>Taller para descubrir el proceso de elaboraci\u00f3n de las yeser\u00edas, elemento decorativo muy importante en la arquitectura isl\u00e1mica<\/p><\/div> <\/div> <div class=\"caption-head\"><\/div> <div class=\"caption-category\"><\/div> <\/div><\/a><\/div> <\/div><div class=\"gallery-item-wrap jkit-gcf-Experiencias\"> <div class=\"grid-item\"><div class=\"thumbnail-wrap\"><img decoding=\"async\" width=\"680\" height=\"382\" src=\"https:\/\/nasrid.com\/wp-content\/uploads\/2024\/06\/2020-11-07.jpg\" class=\"attachment-large size-large\" alt=\"Tablao la Albore\u00e1 \" url=\"https:\/\/nasrid.com\/wp-content\/uploads\/2024\/06\/2020-11-07.jpg\" source=\"library\" srcset=\"https:\/\/nasrid.com\/wp-content\/uploads\/2024\/06\/2020-11-07.jpg 680w, https:\/\/nasrid.com\/wp-content\/uploads\/2024\/06\/2020-11-07-300x169.jpg 300w, https:\/\/nasrid.com\/wp-content\/uploads\/2024\/06\/2020-11-07-600x337.jpg 600w\" sizes=\"(max-width: 680px) 100vw, 680px\" \/><\/div><a href=\"https:\/\/nasrid.com\/taller-de-artesania-nazari\/\" class=\"gallery-link\" data-elementor-open-lightbox=\"no\"><div class=\"caption-wrap style-overlay overlay-fade\"> <div class=\"item-hover-bg\"><\/div> <div class=\"item-caption-over\"> <h5 class=\"item-title\">Tablao la Albore\u00e1 <\/h5> <div class=\"item-content\"><p>Taller y espect\u00e1culo de flamenco<\/p><\/div> <\/div> <div class=\"caption-head\"><\/div> <div class=\"caption-category\"><\/div> <\/div><\/a><\/div> <\/div><div class=\"gallery-item-wrap jkit-gcf-Experiencias\"> <div class=\"grid-item\"><div class=\"thumbnail-wrap\"><img loading=\"lazy\" decoding=\"async\" width=\"800\" height=\"534\" src=\"https:\/\/nasrid.com\/wp-content\/uploads\/2024\/09\/act-victoriano-contreras-04-1024x684.jpg\" class=\"attachment-large size-large\" alt=\"Visita a un secadero de Jam\u00f3n\" url=\"https:\/\/nasrid.com\/wp-content\/uploads\/2024\/09\/act-victoriano-contreras-04.jpg\" source=\"library\" srcset=\"https:\/\/nasrid.com\/wp-content\/uploads\/2024\/09\/act-victoriano-contreras-04-1024x684.jpg 1024w, https:\/\/nasrid.com\/wp-content\/uploads\/2024\/09\/act-victoriano-contreras-04-300x200.jpg 300w, https:\/\/nasrid.com\/wp-content\/uploads\/2024\/09\/act-victoriano-contreras-04-768x513.jpg 768w, https:\/\/nasrid.com\/wp-content\/uploads\/2024\/09\/act-victoriano-contreras-04-600x401.jpg 600w, https:\/\/nasrid.com\/wp-content\/uploads\/2024\/09\/act-victoriano-contreras-04.jpg 1080w\" sizes=\"(max-width: 800px) 100vw, 800px\" \/><\/div><a href=\"https:\/\/nasrid.com\/visita-a-un-secadero-de-jamon\/\" class=\"gallery-link\" data-elementor-open-lightbox=\"no\"><div class=\"caption-wrap style-overlay overlay-fade\"> <div class=\"item-hover-bg\"><\/div> <div class=\"item-caption-over\"> <h5 class=\"item-title\">Visita a un secadero de Jam\u00f3n<\/h5> <div class=\"item-content\"><p>Visita a un secadero y degustaci\u00f3n del jam\u00f3n de trev\u00e9lez<\/p><\/div> <\/div> <div class=\"caption-head\"><\/div> <div class=\"caption-category\"><\/div> <\/div><\/a><\/div> <\/div><div class=\"gallery-item-wrap jkit-gcf-Experiencias\"> <div class=\"grid-item\"><div class=\"thumbnail-wrap\"><img loading=\"lazy\" decoding=\"async\" width=\"800\" height=\"600\" src=\"https:\/\/nasrid.com\/wp-content\/uploads\/2024\/09\/VISITA-INDIVIDUAL.jpg\" class=\"attachment-large size-large\" alt=\"Almazara la Erilla\" url=\"https:\/\/nasrid.com\/wp-content\/uploads\/2024\/09\/VISITA-INDIVIDUAL.jpg\" source=\"library\" srcset=\"https:\/\/nasrid.com\/wp-content\/uploads\/2024\/09\/VISITA-INDIVIDUAL.jpg 960w, https:\/\/nasrid.com\/wp-content\/uploads\/2024\/09\/VISITA-INDIVIDUAL-300x225.jpg 300w, https:\/\/nasrid.com\/wp-content\/uploads\/2024\/09\/VISITA-INDIVIDUAL-768x576.jpg 768w, https:\/\/nasrid.com\/wp-content\/uploads\/2024\/09\/VISITA-INDIVIDUAL-600x450.jpg 600w\" sizes=\"(max-width: 800px) 100vw, 800px\" \/><\/div><a href=\"https:\/\/nasrid.com\/almazara-la-erilla\/\" class=\"gallery-link\" data-elementor-open-lightbox=\"no\"><div class=\"caption-wrap style-overlay overlay-fade\"> <div class=\"item-hover-bg\"><\/div> <div class=\"item-caption-over\"> <h5 class=\"item-title\">Almazara la Erilla<\/h5> <div class=\"item-content\"><p>Visita de una almazara hist\u00f3rica, cuyos restos remontan a la \u00e9poca nazar\u00ed.<\/p><\/div> <\/div> <div class=\"caption-head\"><\/div> <div class=\"caption-category\"><\/div> <\/div><\/a><\/div> <\/div><div class=\"gallery-item-wrap jkit-gcf-Experiencias\"> <div class=\"grid-item\"><div class=\"thumbnail-wrap\"><img loading=\"lazy\" decoding=\"async\" width=\"800\" height=\"457\" src=\"https:\/\/nasrid.com\/wp-content\/uploads\/2024\/09\/Antonio-Robles-Bodega-Ron-Montero-080920.jpg\" class=\"attachment-large size-large\" alt=\"Ron Montero\" url=\"https:\/\/nasrid.com\/wp-content\/uploads\/2024\/09\/Antonio-Robles-Bodega-Ron-Montero-080920.jpg\" source=\"library\" srcset=\"https:\/\/nasrid.com\/wp-content\/uploads\/2024\/09\/Antonio-Robles-Bodega-Ron-Montero-080920.jpg 1000w, https:\/\/nasrid.com\/wp-content\/uploads\/2024\/09\/Antonio-Robles-Bodega-Ron-Montero-080920-300x171.jpg 300w, https:\/\/nasrid.com\/wp-content\/uploads\/2024\/09\/Antonio-Robles-Bodega-Ron-Montero-080920-768x439.jpg 768w, https:\/\/nasrid.com\/wp-content\/uploads\/2024\/09\/Antonio-Robles-Bodega-Ron-Montero-080920-600x343.jpg 600w\" sizes=\"(max-width: 800px) 100vw, 800px\" \/><\/div><a href=\"https:\/\/nasrid.com\/almazara-la-erilla\/\" class=\"gallery-link\" data-elementor-open-lightbox=\"no\"><div class=\"caption-wrap style-overlay overlay-fade\"> <div class=\"item-hover-bg\"><\/div> <div class=\"item-caption-over\"> <h5 class=\"item-title\">Ron Montero<\/h5> <div class=\"item-content\"><p>Visita a la f\u00e1brica de Ron Montero y degustaci\u00f3n.<\/p><\/div> <\/div> <div class=\"caption-head\"><\/div> <div class=\"caption-category\"><\/div> <\/div><\/a><\/div> <\/div><div class=\"gallery-item-wrap jkit-gcf-Monumentos\"> <div class=\"grid-item\"><div class=\"thumbnail-wrap\"><img loading=\"lazy\" decoding=\"async\" width=\"800\" height=\"530\" src=\"https:\/\/nasrid.com\/wp-content\/uploads\/2024\/09\/Cueva-de-Nerja-2-1024x678.jpg\" class=\"attachment-large size-large\" alt=\"Cueva de Nerja\" url=\"https:\/\/nasrid.com\/wp-content\/uploads\/2024\/09\/Cueva-de-Nerja-2.jpg\" source=\"library\" srcset=\"https:\/\/nasrid.com\/wp-content\/uploads\/2024\/09\/Cueva-de-Nerja-2-1024x678.jpg 1024w, https:\/\/nasrid.com\/wp-content\/uploads\/2024\/09\/Cueva-de-Nerja-2-300x199.jpg 300w, https:\/\/nasrid.com\/wp-content\/uploads\/2024\/09\/Cueva-de-Nerja-2-768x509.jpg 768w, https:\/\/nasrid.com\/wp-content\/uploads\/2024\/09\/Cueva-de-Nerja-2-600x398.jpg 600w, https:\/\/nasrid.com\/wp-content\/uploads\/2024\/09\/Cueva-de-Nerja-2.jpg 1200w\" sizes=\"(max-width: 800px) 100vw, 800px\" \/><\/div><a href=\"https:\/\/nasrid.com\/cueva-de-nerja\/\" class=\"gallery-link\" data-elementor-open-lightbox=\"no\"><div class=\"caption-wrap style-overlay overlay-fade\"> <div class=\"item-hover-bg\"><\/div> <div class=\"item-caption-over\"> <h5 class=\"item-title\">Cueva de Nerja<\/h5> <div class=\"item-content\"><p>Visita una de las cuevas m\u00e1s impresionantes de Europa.<\/p><\/div> <\/div> <div class=\"caption-head\"><\/div> <div class=\"caption-category\"><\/div> <\/div><\/a><\/div> <\/div><div class=\"gallery-item-wrap jkit-gcf-Monumentos\"> <div class=\"grid-item\"><div class=\"thumbnail-wrap\"><img loading=\"lazy\" decoding=\"async\" width=\"800\" height=\"450\" src=\"https:\/\/nasrid.com\/wp-content\/uploads\/2024\/09\/castillo-san-miguel-1024x576.jpg\" class=\"attachment-large size-large\" alt=\"Castillo de San Miguel\" url=\"https:\/\/nasrid.com\/wp-content\/uploads\/2024\/09\/castillo-san-miguel.jpg\" source=\"library\" srcset=\"https:\/\/nasrid.com\/wp-content\/uploads\/2024\/09\/castillo-san-miguel-1024x576.jpg 1024w, https:\/\/nasrid.com\/wp-content\/uploads\/2024\/09\/castillo-san-miguel-300x169.jpg 300w, https:\/\/nasrid.com\/wp-content\/uploads\/2024\/09\/castillo-san-miguel-768x432.jpg 768w, https:\/\/nasrid.com\/wp-content\/uploads\/2024\/09\/castillo-san-miguel-1536x864.jpg 1536w, https:\/\/nasrid.com\/wp-content\/uploads\/2024\/09\/castillo-san-miguel-600x338.jpg 600w, https:\/\/nasrid.com\/wp-content\/uploads\/2024\/09\/castillo-san-miguel.jpg 1920w\" sizes=\"(max-width: 800px) 100vw, 800px\" \/><\/div><a href=\"https:\/\/nasrid.com\/castillo-de-san-miguel\/\" class=\"gallery-link\" data-elementor-open-lightbox=\"no\"><div class=\"caption-wrap style-overlay overlay-fade\"> <div class=\"item-hover-bg\"><\/div> <div class=\"item-caption-over\"> <h5 class=\"item-title\">Castillo de San Miguel<\/h5> <div class=\"item-content\"><p>Un recorrido impresionante a trav\u00e9s la historia de la pen\u00ednsula ib\u00e9rica.<\/p><\/div> <\/div> <div class=\"caption-head\"><\/div> <div class=\"caption-category\"><\/div> <\/div><\/a><\/div> <\/div><div class=\"gallery-item-wrap jkit-gcf-Monumentos\"> <div class=\"grid-item\"><div class=\"thumbnail-wrap\"><img loading=\"lazy\" decoding=\"async\" width=\"800\" height=\"600\" src=\"https:\/\/nasrid.com\/wp-content\/uploads\/2024\/09\/img-Castillo-de-Salobrena-1024x768.jpg\" class=\"attachment-large size-large\" alt=\"Castillo de Salobre\u00f1a\" url=\"https:\/\/nasrid.com\/wp-content\/uploads\/2024\/09\/img-Castillo-de-Salobrena.jpg\" source=\"library\" srcset=\"https:\/\/nasrid.com\/wp-content\/uploads\/2024\/09\/img-Castillo-de-Salobrena-1024x768.jpg 1024w, https:\/\/nasrid.com\/wp-content\/uploads\/2024\/09\/img-Castillo-de-Salobrena-300x225.jpg 300w, https:\/\/nasrid.com\/wp-content\/uploads\/2024\/09\/img-Castillo-de-Salobrena-768x576.jpg 768w, https:\/\/nasrid.com\/wp-content\/uploads\/2024\/09\/img-Castillo-de-Salobrena-600x450.jpg 600w, https:\/\/nasrid.com\/wp-content\/uploads\/2024\/09\/img-Castillo-de-Salobrena.jpg 1200w\" sizes=\"(max-width: 800px) 100vw, 800px\" \/><\/div><a href=\"https:\/\/nasrid.com\/castillo-de-salobrena\/\" class=\"gallery-link\" data-elementor-open-lightbox=\"no\"><div class=\"caption-wrap style-overlay overlay-fade\"> <div class=\"item-hover-bg\"><\/div> <div class=\"item-caption-over\"> <h5 class=\"item-title\">Castillo de Salobre\u00f1a<\/h5> <div class=\"item-content\"><p>Castillo de verano de la familia real Nazar\u00ed.<\/p><\/div> <\/div> <div class=\"caption-head\"><\/div> <div class=\"caption-category\"><\/div> <\/div><\/a><\/div> <\/div><div class=\"gallery-item-wrap jkit-gcf-Restaurantes\"> <div class=\"grid-item\"><div class=\"thumbnail-wrap\"><img loading=\"lazy\" decoding=\"async\" width=\"512\" height=\"341\" src=\"https:\/\/nasrid.com\/wp-content\/uploads\/2024\/09\/Bar-Escudo-12.jpg\" class=\"attachment-large size-large\" alt=\"Bar Escudo 12\" url=\"https:\/\/nasrid.com\/wp-content\/uploads\/2024\/09\/Bar-Escudo-12.jpg\" source=\"library\" srcset=\"https:\/\/nasrid.com\/wp-content\/uploads\/2024\/09\/Bar-Escudo-12.jpg 512w, https:\/\/nasrid.com\/wp-content\/uploads\/2024\/09\/Bar-Escudo-12-300x200.jpg 300w\" sizes=\"(max-width: 512px) 100vw, 512px\" \/><\/div><a href=\"https:\/\/nasrid.com\/bar-escudo-12\/\" class=\"gallery-link\" data-elementor-open-lightbox=\"no\"><div class=\"caption-wrap style-overlay overlay-fade\"> <div class=\"item-hover-bg\"><\/div> <div class=\"item-caption-over\"> <h5 class=\"item-title\">Bar Escudo 12<\/h5> <div class=\"item-content\"><p>El mejor Secreto Ib\u00e9rico de Granada.<\/p><\/div> <\/div> <div class=\"caption-head\"><\/div> <div class=\"caption-category\"><\/div> <\/div><\/a><\/div> <\/div><div class=\"gallery-item-wrap jkit-gcf-Restaurantes\"> <div class=\"grid-item\"><div class=\"thumbnail-wrap\"><img loading=\"lazy\" decoding=\"async\" width=\"550\" height=\"367\" src=\"https:\/\/nasrid.com\/wp-content\/uploads\/2024\/09\/tocateja-foto-bar.jpg\" class=\"attachment-large size-large\" alt=\"Bar la Tocateja\" url=\"https:\/\/nasrid.com\/wp-content\/uploads\/2024\/09\/tocateja-foto-bar.jpg\" source=\"library\" srcset=\"https:\/\/nasrid.com\/wp-content\/uploads\/2024\/09\/tocateja-foto-bar.jpg 550w, https:\/\/nasrid.com\/wp-content\/uploads\/2024\/09\/tocateja-foto-bar-300x200.jpg 300w\" sizes=\"(max-width: 550px) 100vw, 550px\" \/><\/div><a href=\"https:\/\/nasrid.com\/bar-la-tocateja\/\" class=\"gallery-link\" data-elementor-open-lightbox=\"no\"><div class=\"caption-wrap style-overlay overlay-fade\"> <div class=\"item-hover-bg\"><\/div> <div class=\"item-caption-over\"> <h5 class=\"item-title\">Bar la Tocateja<\/h5> <div class=\"item-content\"><p>La mejor croqueta de Rabo de toro de Granada.<\/p><\/div> <\/div> <div class=\"caption-head\"><\/div> <div class=\"caption-category\"><\/div> <\/div><\/a><\/div> <\/div><div class=\"gallery-item-wrap jkit-gcf-Restaurantes\"> <div class=\"grid-item\"><div class=\"thumbnail-wrap\"><img loading=\"lazy\" decoding=\"async\" width=\"800\" height=\"494\" src=\"https:\/\/nasrid.com\/wp-content\/uploads\/2024\/09\/la-tana-alfredo-kPD-U1201074145116DmF-1248x770@Ideal-1024x632.jpg\" class=\"attachment-large size-large\" alt=\"La Tana\" url=\"https:\/\/nasrid.com\/wp-content\/uploads\/2024\/09\/la-tana-alfredo-kPD-U1201074145116DmF-1248x770@Ideal.jpg\" source=\"library\" srcset=\"https:\/\/nasrid.com\/wp-content\/uploads\/2024\/09\/la-tana-alfredo-kPD-U1201074145116DmF-1248x770@Ideal-1024x632.jpg 1024w, https:\/\/nasrid.com\/wp-content\/uploads\/2024\/09\/la-tana-alfredo-kPD-U1201074145116DmF-1248x770@Ideal-300x185.jpg 300w, https:\/\/nasrid.com\/wp-content\/uploads\/2024\/09\/la-tana-alfredo-kPD-U1201074145116DmF-1248x770@Ideal-768x474.jpg 768w, https:\/\/nasrid.com\/wp-content\/uploads\/2024\/09\/la-tana-alfredo-kPD-U1201074145116DmF-1248x770@Ideal-600x370.jpg 600w, https:\/\/nasrid.com\/wp-content\/uploads\/2024\/09\/la-tana-alfredo-kPD-U1201074145116DmF-1248x770@Ideal.jpg 1248w\" sizes=\"(max-width: 800px) 100vw, 800px\" \/><\/div><a href=\"https:\/\/nasrid.com\/la-tana\/\" class=\"gallery-link\" data-elementor-open-lightbox=\"no\"><div class=\"caption-wrap style-overlay overlay-fade\"> <div class=\"item-hover-bg\"><\/div> <div class=\"item-caption-over\"> <h5 class=\"item-title\">La Tana<\/h5> <div class=\"item-content\"><p>La mejor bodega de Granada.<\/p><\/div> <\/div> <div class=\"caption-head\"><\/div> <div class=\"caption-category\"><\/div> <\/div><\/a><\/div> <\/div><div class=\"gallery-item-wrap jkit-gcf-Restaurantes\"> <div class=\"grid-item\"><div class=\"thumbnail-wrap\"><img loading=\"lazy\" decoding=\"async\" width=\"640\" height=\"480\" src=\"https:\/\/nasrid.com\/wp-content\/uploads\/2024\/09\/2017-02-06.jpg\" class=\"attachment-large size-large\" alt=\"Ras Caf\u00e9 Bar\" url=\"https:\/\/nasrid.com\/wp-content\/uploads\/2024\/09\/2017-02-06.jpg\" source=\"library\" srcset=\"https:\/\/nasrid.com\/wp-content\/uploads\/2024\/09\/2017-02-06.jpg 640w, https:\/\/nasrid.com\/wp-content\/uploads\/2024\/09\/2017-02-06-300x225.jpg 300w, https:\/\/nasrid.com\/wp-content\/uploads\/2024\/09\/2017-02-06-600x450.jpg 600w\" sizes=\"(max-width: 640px) 100vw, 640px\" \/><\/div><a href=\"https:\/\/nasrid.com\/ras-cafe-bar\/\" class=\"gallery-link\" data-elementor-open-lightbox=\"no\"><div class=\"caption-wrap style-overlay overlay-fade\"> <div class=\"item-hover-bg\"><\/div> <div class=\"item-caption-over\"> <h5 class=\"item-title\">Ras Caf\u00e9 Bar<\/h5> <div class=\"item-content\"><p>El mejor jam\u00f3n de Granada.<\/p><\/div> <\/div> <div class=\"caption-head\"><\/div> <div class=\"caption-category\"><\/div> <\/div><\/a><\/div> <\/div><div class=\"gallery-item-wrap jkit-gcf-Restaurantes\"> <div class=\"grid-item\"><div class=\"thumbnail-wrap\"><img loading=\"lazy\" decoding=\"async\" width=\"400\" height=\"300\" src=\"https:\/\/nasrid.com\/wp-content\/uploads\/2024\/09\/las-noches-en-la-telefonica.jpg\" class=\"attachment-large size-large\" alt=\"Bar Queser\u00eda Rossini\" url=\"https:\/\/nasrid.com\/wp-content\/uploads\/2024\/09\/las-noches-en-la-telefonica.jpg\" source=\"library\" srcset=\"https:\/\/nasrid.com\/wp-content\/uploads\/2024\/09\/las-noches-en-la-telefonica.jpg 400w, https:\/\/nasrid.com\/wp-content\/uploads\/2024\/09\/las-noches-en-la-telefonica-300x225.jpg 300w\" sizes=\"(max-width: 400px) 100vw, 400px\" \/><\/div><a href=\"https:\/\/nasrid.com\/bar-queseria-rossini\/\" class=\"gallery-link\" data-elementor-open-lightbox=\"no\"><div class=\"caption-wrap style-overlay overlay-fade\"> <div class=\"item-hover-bg\"><\/div> <div class=\"item-caption-over\"> <h5 class=\"item-title\">Bar Queser\u00eda Rossini<\/h5> <div class=\"item-content\"><p>La mejor tabla de queso de Granada.<\/p><\/div> <\/div> <div class=\"caption-head\"><\/div> <div class=\"caption-category\"><\/div> <\/div><\/a><\/div> <\/div><div class=\"gallery-item-wrap jkit-gcf-Monumentos\"> <div class=\"grid-item\"><div class=\"thumbnail-wrap\"><img loading=\"lazy\" decoding=\"async\" width=\"454\" height=\"294\" src=\"https:\/\/nasrid.com\/wp-content\/uploads\/2024\/09\/image_103986.jpeg\" class=\"attachment-large size-large\" alt=\"Alhambra y Generalife\" url=\"https:\/\/nasrid.com\/wp-content\/uploads\/2024\/09\/image_103986.jpeg\" source=\"library\" srcset=\"https:\/\/nasrid.com\/wp-content\/uploads\/2024\/09\/image_103986.jpeg 454w, https:\/\/nasrid.com\/wp-content\/uploads\/2024\/09\/image_103986-300x194.jpeg 300w\" sizes=\"(max-width: 454px) 100vw, 454px\" \/><\/div><a href=\"https:\/\/nasrid.com\/alhambra-y-generalife\/\" class=\"gallery-link\" data-elementor-open-lightbox=\"no\"><div class=\"caption-wrap style-overlay overlay-fade\"> <div class=\"item-hover-bg\"><\/div> <div class=\"item-caption-over\"> <h5 class=\"item-title\">Alhambra y Generalife<\/h5> <div class=\"item-content\"><p>Ciudad palatina nazar\u00ed. Obra maestra de la arquitectura isl\u00e1mica.<\/p><\/div> <\/div> <div class=\"caption-head\"><\/div> <div class=\"caption-category\"><\/div> <\/div><\/a><\/div> <\/div><div class=\"gallery-item-wrap jkit-gcf-Monumentos\"> <div class=\"grid-item\"><div class=\"thumbnail-wrap\"><img loading=\"lazy\" decoding=\"async\" width=\"800\" height=\"600\" src=\"https:\/\/nasrid.com\/wp-content\/uploads\/2024\/09\/1200px-Albaicin-granada-1024x768.jpeg\" class=\"attachment-large size-large\" alt=\"Albaic\u00edn\" url=\"https:\/\/nasrid.com\/wp-content\/uploads\/2024\/09\/1200px-Albaicin-granada.jpeg\" source=\"library\" srcset=\"https:\/\/nasrid.com\/wp-content\/uploads\/2024\/09\/1200px-Albaicin-granada-1024x768.jpeg 1024w, https:\/\/nasrid.com\/wp-content\/uploads\/2024\/09\/1200px-Albaicin-granada-300x225.jpeg 300w, https:\/\/nasrid.com\/wp-content\/uploads\/2024\/09\/1200px-Albaicin-granada-768x576.jpeg 768w, https:\/\/nasrid.com\/wp-content\/uploads\/2024\/09\/1200px-Albaicin-granada-600x450.jpeg 600w, https:\/\/nasrid.com\/wp-content\/uploads\/2024\/09\/1200px-Albaicin-granada.jpeg 1200w\" sizes=\"(max-width: 800px) 100vw, 800px\" \/><\/div><a href=\"https:\/\/nasrid.com\/albaicin\/\" class=\"gallery-link\" data-elementor-open-lightbox=\"no\"><div class=\"caption-wrap style-overlay overlay-fade\"> <div class=\"item-hover-bg\"><\/div> <div class=\"item-caption-over\"> <h5 class=\"item-title\">Albaic\u00edn<\/h5> <div class=\"item-content\"><p>Coraz\u00f3n hist\u00f3rico de Granada.<\/p><\/div> <\/div> <div class=\"caption-head\"><\/div> <div class=\"caption-category\"><\/div> <\/div><\/a><\/div> <\/div><div class=\"gallery-item-wrap jkit-gcf-Monumentos\"> <div class=\"grid-item\"><div class=\"thumbnail-wrap\"><img loading=\"lazy\" decoding=\"async\" width=\"800\" height=\"534\" src=\"https:\/\/nasrid.com\/wp-content\/uploads\/2024\/09\/sacromonte-1-1024x683.jpg\" class=\"attachment-large size-large\" alt=\"Sacromonte\" url=\"https:\/\/nasrid.com\/wp-content\/uploads\/2024\/09\/sacromonte-1.jpg\" source=\"library\" srcset=\"https:\/\/nasrid.com\/wp-content\/uploads\/2024\/09\/sacromonte-1-1024x683.jpg 1024w, https:\/\/nasrid.com\/wp-content\/uploads\/2024\/09\/sacromonte-1-300x200.jpg 300w, https:\/\/nasrid.com\/wp-content\/uploads\/2024\/09\/sacromonte-1-768x512.jpg 768w, https:\/\/nasrid.com\/wp-content\/uploads\/2024\/09\/sacromonte-1-600x400.jpg 600w, https:\/\/nasrid.com\/wp-content\/uploads\/2024\/09\/sacromonte-1.jpg 1200w\" sizes=\"(max-width: 800px) 100vw, 800px\" \/><\/div><a href=\"https:\/\/nasrid.com\/sacromonte\/\" class=\"gallery-link\" data-elementor-open-lightbox=\"no\"><div class=\"caption-wrap style-overlay overlay-fade\"> <div class=\"item-hover-bg\"><\/div> <div class=\"item-caption-over\"> <h5 class=\"item-title\">Sacromonte<\/h5> <div class=\"item-content\"><p>Barrio gitano, troglodita, cuna del Flamenco.<\/p><\/div> <\/div> <div class=\"caption-head\"><\/div> <div class=\"caption-category\"><\/div> <\/div><\/a><\/div> <\/div><div class=\"gallery-item-wrap jkit-gcf-Monumentos\"> <div class=\"grid-item\"><div class=\"thumbnail-wrap\"><img loading=\"lazy\" decoding=\"async\" width=\"800\" height=\"533\" src=\"https:\/\/nasrid.com\/wp-content\/uploads\/2024\/09\/gr-cms-media-featured_images-none-4f8f37c9-1874-4e8f-85fd-6fdcddaf3040-realejo_calles_001-1024x682.webp\" class=\"attachment-large size-large\" alt=\"Realejo\" url=\"https:\/\/nasrid.com\/wp-content\/uploads\/2024\/09\/gr-cms-media-featured_images-none-4f8f37c9-1874-4e8f-85fd-6fdcddaf3040-realejo_calles_001.webp\" source=\"library\" srcset=\"https:\/\/nasrid.com\/wp-content\/uploads\/2024\/09\/gr-cms-media-featured_images-none-4f8f37c9-1874-4e8f-85fd-6fdcddaf3040-realejo_calles_001-1024x682.webp 1024w, https:\/\/nasrid.com\/wp-content\/uploads\/2024\/09\/gr-cms-media-featured_images-none-4f8f37c9-1874-4e8f-85fd-6fdcddaf3040-realejo_calles_001-300x200.webp 300w, https:\/\/nasrid.com\/wp-content\/uploads\/2024\/09\/gr-cms-media-featured_images-none-4f8f37c9-1874-4e8f-85fd-6fdcddaf3040-realejo_calles_001-768x512.webp 768w, https:\/\/nasrid.com\/wp-content\/uploads\/2024\/09\/gr-cms-media-featured_images-none-4f8f37c9-1874-4e8f-85fd-6fdcddaf3040-realejo_calles_001-1536x1024.webp 1536w, https:\/\/nasrid.com\/wp-content\/uploads\/2024\/09\/gr-cms-media-featured_images-none-4f8f37c9-1874-4e8f-85fd-6fdcddaf3040-realejo_calles_001-600x400.webp 600w, https:\/\/nasrid.com\/wp-content\/uploads\/2024\/09\/gr-cms-media-featured_images-none-4f8f37c9-1874-4e8f-85fd-6fdcddaf3040-realejo_calles_001.webp 2000w\" sizes=\"(max-width: 800px) 100vw, 800px\" \/><\/div><a href=\"https:\/\/nasrid.com\/realejo\/\" class=\"gallery-link\" data-elementor-open-lightbox=\"no\"><div class=\"caption-wrap style-overlay overlay-fade\"> <div class=\"item-hover-bg\"><\/div> <div class=\"item-caption-over\"> <h5 class=\"item-title\">Realejo<\/h5> <div class=\"item-content\"><p>Antiguo barrio jud\u00edo.<\/p><\/div> <\/div> <div class=\"caption-head\"><\/div> <div class=\"caption-category\"><\/div> <\/div><\/a><\/div> <\/div><div class=\"gallery-item-wrap jkit-gcf-Monumentos\"> <div class=\"grid-item\"><div class=\"thumbnail-wrap\"><img loading=\"lazy\" decoding=\"async\" width=\"800\" height=\"600\" src=\"https:\/\/nasrid.com\/wp-content\/uploads\/2024\/09\/trevelez-pueblos-de-la-alpujarra-1200x900-1-1024x768.webp\" class=\"attachment-large size-large\" alt=\"Alpujarra\" url=\"https:\/\/nasrid.com\/wp-content\/uploads\/2024\/09\/trevelez-pueblos-de-la-alpujarra-1200x900-1.webp\" source=\"library\" srcset=\"https:\/\/nasrid.com\/wp-content\/uploads\/2024\/09\/trevelez-pueblos-de-la-alpujarra-1200x900-1-1024x768.webp 1024w, https:\/\/nasrid.com\/wp-content\/uploads\/2024\/09\/trevelez-pueblos-de-la-alpujarra-1200x900-1-300x225.webp 300w, https:\/\/nasrid.com\/wp-content\/uploads\/2024\/09\/trevelez-pueblos-de-la-alpujarra-1200x900-1-768x576.webp 768w, https:\/\/nasrid.com\/wp-content\/uploads\/2024\/09\/trevelez-pueblos-de-la-alpujarra-1200x900-1-600x450.webp 600w, https:\/\/nasrid.com\/wp-content\/uploads\/2024\/09\/trevelez-pueblos-de-la-alpujarra-1200x900-1.webp 1200w\" sizes=\"(max-width: 800px) 100vw, 800px\" \/><\/div><a href=\"https:\/\/nasrid.com\/alpujarra\/\" class=\"gallery-link\" data-elementor-open-lightbox=\"no\"><div class=\"caption-wrap style-overlay overlay-fade\"> <div class=\"item-hover-bg\"><\/div> <div class=\"item-caption-over\"> <h5 class=\"item-title\">Alpujarra<\/h5> <div class=\"item-content\"><p>\u00daltimo refugio de los moriscos en la pen\u00ednsula ib\u00e9rica.<\/p><\/div> <\/div> <div class=\"caption-head\"><\/div> <div class=\"caption-category\"><\/div> <\/div><\/a><\/div> <\/div><div class=\"gallery-item-wrap jkit-gcf-Monumentos\"> <div class=\"grid-item\"><div class=\"thumbnail-wrap\"><img loading=\"lazy\" decoding=\"async\" width=\"800\" height=\"450\" src=\"https:\/\/nasrid.com\/wp-content\/uploads\/2024\/09\/costa-tropical-1024x576.jpg\" class=\"attachment-large size-large\" alt=\"Costa tropical\" url=\"https:\/\/nasrid.com\/wp-content\/uploads\/2024\/09\/costa-tropical.jpg\" source=\"library\" srcset=\"https:\/\/nasrid.com\/wp-content\/uploads\/2024\/09\/costa-tropical-1024x576.jpg 1024w, https:\/\/nasrid.com\/wp-content\/uploads\/2024\/09\/costa-tropical-300x169.jpg 300w, https:\/\/nasrid.com\/wp-content\/uploads\/2024\/09\/costa-tropical-768x432.jpg 768w, https:\/\/nasrid.com\/wp-content\/uploads\/2024\/09\/costa-tropical-600x338.jpg 600w, https:\/\/nasrid.com\/wp-content\/uploads\/2024\/09\/costa-tropical.jpg 1280w\" sizes=\"(max-width: 800px) 100vw, 800px\" \/><\/div><a href=\"https:\/\/nasrid.com\/costa-tropical\/\" class=\"gallery-link\" data-elementor-open-lightbox=\"no\"><div class=\"caption-wrap style-overlay overlay-fade\"> <div class=\"item-hover-bg\"><\/div> <div class=\"item-caption-over\"> <h5 class=\"item-title\">Costa tropical<\/h5> <div class=\"item-content\"><p>Costa de Granada, playas y plantaciones de aguacates y ca\u00f1a de az\u00facar.<\/p><\/div> <\/div> <div class=\"caption-head\"><\/div> <div class=\"caption-category\"><\/div> <\/div><\/a><\/div> <\/div><div class=\"gallery-item-wrap jkit-gcf-Monumentos\"> <div class=\"grid-item\"><div class=\"thumbnail-wrap\"><img loading=\"lazy\" decoding=\"async\" width=\"800\" height=\"512\" src=\"https:\/\/nasrid.com\/wp-content\/uploads\/2024\/09\/CasadelChapiz-img-1024x655.jpg\" class=\"attachment-large size-large\" alt=\"Casa del Chapiz\" url=\"https:\/\/nasrid.com\/wp-content\/uploads\/2024\/09\/CasadelChapiz-img.jpg\" source=\"library\" srcset=\"https:\/\/nasrid.com\/wp-content\/uploads\/2024\/09\/CasadelChapiz-img-1024x655.jpg 1024w, https:\/\/nasrid.com\/wp-content\/uploads\/2024\/09\/CasadelChapiz-img-300x192.jpg 300w, https:\/\/nasrid.com\/wp-content\/uploads\/2024\/09\/CasadelChapiz-img-768x491.jpg 768w, https:\/\/nasrid.com\/wp-content\/uploads\/2024\/09\/CasadelChapiz-img-600x384.jpg 600w, https:\/\/nasrid.com\/wp-content\/uploads\/2024\/09\/CasadelChapiz-img.jpg 1290w\" sizes=\"(max-width: 800px) 100vw, 800px\" \/><\/div><a href=\"https:\/\/nasrid.com\/casa-del-chapiz\/\" class=\"gallery-link\" data-elementor-open-lightbox=\"no\"><div class=\"caption-wrap style-overlay overlay-fade\"> <div class=\"item-hover-bg\"><\/div> <div class=\"item-caption-over\"> <h5 class=\"item-title\">Casa del Chapiz<\/h5> <div class=\"item-content\"><p>Antigua almunia andalus\u00ed, sede de la Escuela de Estudios \u00c1rabes.<\/p><\/div> <\/div> <div class=\"caption-head\"><\/div> <div class=\"caption-category\"><\/div> <\/div><\/a><\/div> <\/div><div class=\"gallery-item-wrap jkit-gcf-Monumentos\"> <div class=\"grid-item\"><div class=\"thumbnail-wrap\"><img loading=\"lazy\" decoding=\"async\" width=\"800\" height=\"600\" src=\"https:\/\/nasrid.com\/wp-content\/uploads\/2024\/09\/Dar_al-Horra-1024x768.jpeg\" class=\"attachment-large size-large\" alt=\"Palacio de Dar al-Horra\" url=\"https:\/\/nasrid.com\/wp-content\/uploads\/2024\/09\/Dar_al-Horra-scaled.jpeg\" source=\"library\" srcset=\"https:\/\/nasrid.com\/wp-content\/uploads\/2024\/09\/Dar_al-Horra-1024x768.jpeg 1024w, https:\/\/nasrid.com\/wp-content\/uploads\/2024\/09\/Dar_al-Horra-300x225.jpeg 300w, https:\/\/nasrid.com\/wp-content\/uploads\/2024\/09\/Dar_al-Horra-768x576.jpeg 768w, https:\/\/nasrid.com\/wp-content\/uploads\/2024\/09\/Dar_al-Horra-1536x1152.jpeg 1536w, https:\/\/nasrid.com\/wp-content\/uploads\/2024\/09\/Dar_al-Horra-2048x1536.jpeg 2048w, https:\/\/nasrid.com\/wp-content\/uploads\/2024\/09\/Dar_al-Horra-600x450.jpeg 600w\" sizes=\"(max-width: 800px) 100vw, 800px\" \/><\/div><a href=\"https:\/\/nasrid.com\/palacio-de-dar-al-horra\/\" class=\"gallery-link\" data-elementor-open-lightbox=\"no\"><div class=\"caption-wrap style-overlay overlay-fade\"> <div class=\"item-hover-bg\"><\/div> <div class=\"item-caption-over\"> <h5 class=\"item-title\">Palacio de Dar al-Horra<\/h5> <div class=\"item-content\"><p>\u201cCasa de la Se\u00f1ora\u201d, palacio de Aixa, la madre de Boadbil, \u00faltimo rey musulm\u00e1n de Granada.<\/p><\/div> <\/div> <div class=\"caption-head\"><\/div> <div class=\"caption-category\"><\/div> <\/div><\/a><\/div> <\/div><div class=\"gallery-item-wrap jkit-gcf-Monumentos\"> <div class=\"grid-item\"><div class=\"thumbnail-wrap\"><img loading=\"lazy\" decoding=\"async\" width=\"752\" height=\"502\" src=\"https:\/\/nasrid.com\/wp-content\/uploads\/2024\/09\/el-banuelo.jpg\" class=\"attachment-large size-large\" alt=\"Ba\u00f1uelo\" url=\"https:\/\/nasrid.com\/wp-content\/uploads\/2024\/09\/el-banuelo.jpg\" source=\"library\" srcset=\"https:\/\/nasrid.com\/wp-content\/uploads\/2024\/09\/el-banuelo.jpg 752w, https:\/\/nasrid.com\/wp-content\/uploads\/2024\/09\/el-banuelo-300x200.jpg 300w, https:\/\/nasrid.com\/wp-content\/uploads\/2024\/09\/el-banuelo-600x401.jpg 600w\" sizes=\"(max-width: 752px) 100vw, 752px\" \/><\/div><a href=\"https:\/\/nasrid.com\/banuelo\/\" class=\"gallery-link\" data-elementor-open-lightbox=\"no\"><div class=\"caption-wrap style-overlay overlay-fade\"> <div class=\"item-hover-bg\"><\/div> <div class=\"item-caption-over\"> <h5 class=\"item-title\">Ba\u00f1uelo<\/h5> <div class=\"item-content\"><p>Antiguo ba\u00f1o \u00e1rabe.<\/p><\/div> <\/div> <div class=\"caption-head\"><\/div> <div class=\"caption-category\"><\/div> <\/div><\/a><\/div> <\/div><div class=\"gallery-item-wrap jkit-gcf-Monumentos\"> <div class=\"grid-item\"><div class=\"thumbnail-wrap\"><img loading=\"lazy\" decoding=\"async\" width=\"800\" height=\"450\" src=\"https:\/\/nasrid.com\/wp-content\/uploads\/2024\/09\/MaristA1n_Patronato20la20y20AutoraLucADa20Rivas-1024x576.webp\" class=\"attachment-large size-large\" alt=\"Marist\u00e1n\" url=\"https:\/\/nasrid.com\/wp-content\/uploads\/2024\/09\/MaristA1n_Patronato20la20y20AutoraLucADa20Rivas.webp\" source=\"library\" srcset=\"https:\/\/nasrid.com\/wp-content\/uploads\/2024\/09\/MaristA1n_Patronato20la20y20AutoraLucADa20Rivas-1024x576.webp 1024w, https:\/\/nasrid.com\/wp-content\/uploads\/2024\/09\/MaristA1n_Patronato20la20y20AutoraLucADa20Rivas-300x169.webp 300w, https:\/\/nasrid.com\/wp-content\/uploads\/2024\/09\/MaristA1n_Patronato20la20y20AutoraLucADa20Rivas-768x432.webp 768w, https:\/\/nasrid.com\/wp-content\/uploads\/2024\/09\/MaristA1n_Patronato20la20y20AutoraLucADa20Rivas-1536x864.webp 1536w, https:\/\/nasrid.com\/wp-content\/uploads\/2024\/09\/MaristA1n_Patronato20la20y20AutoraLucADa20Rivas-2048x1152.webp 2048w, https:\/\/nasrid.com\/wp-content\/uploads\/2024\/09\/MaristA1n_Patronato20la20y20AutoraLucADa20Rivas-600x338.webp 600w\" sizes=\"(max-width: 800px) 100vw, 800px\" \/><\/div><a href=\"https:\/\/nasrid.com\/maristan\/\" class=\"gallery-link\" data-elementor-open-lightbox=\"no\"><div class=\"caption-wrap style-overlay overlay-fade\"> <div class=\"item-hover-bg\"><\/div> <div class=\"item-caption-over\"> <h5 class=\"item-title\">Marist\u00e1n<\/h5> <div class=\"item-content\"><p>Antiguo hospital p\u00fablico fundado por Yusuf Iero.<\/p><\/div> <\/div> <div class=\"caption-head\"><\/div> <div class=\"caption-category\"><\/div> <\/div><\/a><\/div> <\/div><div class=\"gallery-item-wrap jkit-gcf-Monumentos\"> <div class=\"grid-item\"><div class=\"thumbnail-wrap\"><img loading=\"lazy\" decoding=\"async\" width=\"752\" height=\"502\" src=\"https:\/\/nasrid.com\/wp-content\/uploads\/2024\/09\/Patio-del-Corral-del-Carbon.jpg\" class=\"attachment-large size-large\" alt=\"Corral del Carb\u00f3n\" url=\"https:\/\/nasrid.com\/wp-content\/uploads\/2024\/09\/Patio-del-Corral-del-Carbon.jpg\" source=\"library\" srcset=\"https:\/\/nasrid.com\/wp-content\/uploads\/2024\/09\/Patio-del-Corral-del-Carbon.jpg 752w, https:\/\/nasrid.com\/wp-content\/uploads\/2024\/09\/Patio-del-Corral-del-Carbon-300x200.jpg 300w, https:\/\/nasrid.com\/wp-content\/uploads\/2024\/09\/Patio-del-Corral-del-Carbon-600x401.jpg 600w\" sizes=\"(max-width: 752px) 100vw, 752px\" \/><\/div><a href=\"https:\/\/nasrid.com\/corral-del-carbon\/\" class=\"gallery-link\" data-elementor-open-lightbox=\"no\"><div class=\"caption-wrap style-overlay overlay-fade\"> <div class=\"item-hover-bg\"><\/div> <div class=\"item-caption-over\"> <h5 class=\"item-title\">Corral del Carb\u00f3n<\/h5> <div class=\"item-content\"><p>Antigua alh\u00f3ndiga Nazar\u00ed fundada por Yusuf Iero.<\/p><\/div> <\/div> <div class=\"caption-head\"><\/div> <div class=\"caption-category\"><\/div> <\/div><\/a><\/div> <\/div><div class=\"gallery-item-wrap jkit-gcf-Monumentos\"> <div class=\"grid-item\"><div class=\"thumbnail-wrap\"><img loading=\"lazy\" decoding=\"async\" width=\"800\" height=\"600\" src=\"https:\/\/nasrid.com\/wp-content\/uploads\/2024\/10\/La-madraza-1024x768.jpg\" class=\"attachment-large size-large\" alt=\"Madraza\" url=\"https:\/\/nasrid.com\/wp-content\/uploads\/2024\/10\/La-madraza.jpg\" source=\"library\" srcset=\"https:\/\/nasrid.com\/wp-content\/uploads\/2024\/10\/La-madraza-1024x768.jpg 1024w, https:\/\/nasrid.com\/wp-content\/uploads\/2024\/10\/La-madraza-300x225.jpg 300w, https:\/\/nasrid.com\/wp-content\/uploads\/2024\/10\/La-madraza-768x576.jpg 768w, https:\/\/nasrid.com\/wp-content\/uploads\/2024\/10\/La-madraza-16x12.jpg 16w, https:\/\/nasrid.com\/wp-content\/uploads\/2024\/10\/La-madraza-600x450.jpg 600w, https:\/\/nasrid.com\/wp-content\/uploads\/2024\/10\/La-madraza.jpg 1200w\" sizes=\"(max-width: 800px) 100vw, 800px\" \/><\/div><a href=\"https:\/\/nasrid.com\/madraza\/\" class=\"gallery-link\" data-elementor-open-lightbox=\"no\"><div class=\"caption-wrap style-overlay overlay-fade\"> <div class=\"item-hover-bg\"><\/div> <div class=\"item-caption-over\"> <h5 class=\"item-title\">Madraza<\/h5> <div class=\"item-content\"><p>Antigua escuela cor\u00e1nica fundada por Yusuf Iero.<\/p><\/div> <\/div> <div class=\"caption-head\"><\/div> <div class=\"caption-category\"><\/div> <\/div><\/a><\/div> <\/div><div class=\"gallery-item-wrap jkit-gcf-Monumentos\"> <div class=\"grid-item\"><div class=\"thumbnail-wrap\"><img loading=\"lazy\" decoding=\"async\" width=\"800\" height=\"571\" src=\"https:\/\/nasrid.com\/wp-content\/uploads\/2024\/09\/catedral04-1-60c315fbf2c6c.jpg\" class=\"attachment-large size-large\" alt=\"Catedral de Granada\" url=\"https:\/\/nasrid.com\/wp-content\/uploads\/2024\/09\/catedral04-1-60c315fbf2c6c.jpg\" source=\"library\" srcset=\"https:\/\/nasrid.com\/wp-content\/uploads\/2024\/09\/catedral04-1-60c315fbf2c6c.jpg 1000w, https:\/\/nasrid.com\/wp-content\/uploads\/2024\/09\/catedral04-1-60c315fbf2c6c-300x214.jpg 300w, https:\/\/nasrid.com\/wp-content\/uploads\/2024\/09\/catedral04-1-60c315fbf2c6c-768x548.jpg 768w, https:\/\/nasrid.com\/wp-content\/uploads\/2024\/09\/catedral04-1-60c315fbf2c6c-600x428.jpg 600w\" sizes=\"(max-width: 800px) 100vw, 800px\" \/><\/div><a href=\"https:\/\/nasrid.com\/catedral-de-granada\/\" class=\"gallery-link\" data-elementor-open-lightbox=\"no\"><div class=\"caption-wrap style-overlay overlay-fade\"> <div class=\"item-hover-bg\"><\/div> <div class=\"item-caption-over\"> <h5 class=\"item-title\">Catedral de Granada<\/h5> <div class=\"item-content\"><p>Catedral Bas\u00edlica Metropolitana de la Encarnaci\u00f3n.<\/p><\/div> <\/div> <div class=\"caption-head\"><\/div> <div class=\"caption-category\"><\/div> <\/div><\/a><\/div> <\/div><div class=\"gallery-item-wrap jkit-gcf-Monumentos\"> <div class=\"grid-item\"><div class=\"thumbnail-wrap\"><img loading=\"lazy\" decoding=\"async\" width=\"800\" height=\"571\" src=\"https:\/\/nasrid.com\/wp-content\/uploads\/2024\/09\/capilla02-1-60c336cb5252a.jpg\" class=\"attachment-large size-large\" alt=\"Capilla Real\" url=\"https:\/\/nasrid.com\/wp-content\/uploads\/2024\/09\/capilla02-1-60c336cb5252a.jpg\" source=\"library\" srcset=\"https:\/\/nasrid.com\/wp-content\/uploads\/2024\/09\/capilla02-1-60c336cb5252a.jpg 1000w, https:\/\/nasrid.com\/wp-content\/uploads\/2024\/09\/capilla02-1-60c336cb5252a-300x214.jpg 300w, https:\/\/nasrid.com\/wp-content\/uploads\/2024\/09\/capilla02-1-60c336cb5252a-768x548.jpg 768w, https:\/\/nasrid.com\/wp-content\/uploads\/2024\/09\/capilla02-1-60c336cb5252a-600x428.jpg 600w\" sizes=\"(max-width: 800px) 100vw, 800px\" \/><\/div><a href=\"https:\/\/nasrid.com\/capilla-real\/\" class=\"gallery-link\" data-elementor-open-lightbox=\"no\"><div class=\"caption-wrap style-overlay overlay-fade\"> <div class=\"item-hover-bg\"><\/div> <div class=\"item-caption-over\"> <h5 class=\"item-title\">Capilla Real<\/h5> <div class=\"item-content\"><p>Mausoleo real de los Reyes Cat\u00f3licos.<\/p><\/div> <\/div> <div class=\"caption-head\"><\/div> <div class=\"caption-category\"><\/div> <\/div><\/a><\/div> <\/div><div class=\"gallery-item-wrap jkit-gcf-Monumentos\"> <div class=\"grid-item\"><div class=\"thumbnail-wrap\"><img loading=\"lazy\" decoding=\"async\" width=\"800\" height=\"531\" src=\"https:\/\/nasrid.com\/wp-content\/uploads\/2024\/09\/avellano-fuente-1200-1024x680.jpg\" class=\"attachment-large size-large\" alt=\"Fuente del Avellano\" url=\"https:\/\/nasrid.com\/wp-content\/uploads\/2024\/09\/avellano-fuente-1200.jpg\" source=\"library\" srcset=\"https:\/\/nasrid.com\/wp-content\/uploads\/2024\/09\/avellano-fuente-1200-1024x680.jpg 1024w, https:\/\/nasrid.com\/wp-content\/uploads\/2024\/09\/avellano-fuente-1200-300x199.jpg 300w, https:\/\/nasrid.com\/wp-content\/uploads\/2024\/09\/avellano-fuente-1200-768x510.jpg 768w, https:\/\/nasrid.com\/wp-content\/uploads\/2024\/09\/avellano-fuente-1200-600x399.jpg 600w, https:\/\/nasrid.com\/wp-content\/uploads\/2024\/09\/avellano-fuente-1200.jpg 1200w\" sizes=\"(max-width: 800px) 100vw, 800px\" \/><\/div><a href=\"https:\/\/nasrid.com\/fuente-del-avellano\/\" class=\"gallery-link\" data-elementor-open-lightbox=\"no\"><div class=\"caption-wrap style-overlay overlay-fade\"> <div class=\"item-hover-bg\"><\/div> <div class=\"item-caption-over\"> <h5 class=\"item-title\">Fuente del Avellano<\/h5> <div class=\"item-content\"><p>Fuente del Sacromonte conocida por su cofrad\u00eda de poetas dirigida por \u00c1ngel Ganivet.<\/p><\/div> <\/div> <div class=\"caption-head\"><\/div> <div class=\"caption-category\"><\/div> <\/div><\/a><\/div> <\/div><div class=\"gallery-item-wrap jkit-gcf-Monumentos\"> <div class=\"grid-item\"><div class=\"thumbnail-wrap\"><img loading=\"lazy\" decoding=\"async\" width=\"800\" height=\"534\" src=\"https:\/\/nasrid.com\/wp-content\/uploads\/2024\/09\/SILLA-DEL-MORO-1024x683.jpg\" class=\"attachment-large size-large\" alt=\"Silla del Moro\" url=\"https:\/\/nasrid.com\/wp-content\/uploads\/2024\/09\/SILLA-DEL-MORO.jpg\" source=\"library\" srcset=\"https:\/\/nasrid.com\/wp-content\/uploads\/2024\/09\/SILLA-DEL-MORO-1024x683.jpg 1024w, https:\/\/nasrid.com\/wp-content\/uploads\/2024\/09\/SILLA-DEL-MORO-300x200.jpg 300w, https:\/\/nasrid.com\/wp-content\/uploads\/2024\/09\/SILLA-DEL-MORO-768x512.jpg 768w, https:\/\/nasrid.com\/wp-content\/uploads\/2024\/09\/SILLA-DEL-MORO-600x400.jpg 600w, https:\/\/nasrid.com\/wp-content\/uploads\/2024\/09\/SILLA-DEL-MORO.jpg 1080w\" sizes=\"(max-width: 800px) 100vw, 800px\" \/><\/div><a href=\"https:\/\/nasrid.com\/silla-del-moro\/\" class=\"gallery-link\" data-elementor-open-lightbox=\"no\"><div class=\"caption-wrap style-overlay overlay-fade\"> <div class=\"item-hover-bg\"><\/div> <div class=\"item-caption-over\"> <h5 class=\"item-title\">Silla del Moro<\/h5> <div class=\"item-content\"><p>Un mirador \u00fanico que esconde los secretos del agua en la Alhambra.<\/p><\/div> <\/div> <div class=\"caption-head\"><\/div> <div class=\"caption-category\"><\/div> <\/div><\/a><\/div> <\/div><div class=\"gallery-item-wrap jkit-gcf-Monumentos\"> <div class=\"grid-item\"><div class=\"thumbnail-wrap\"><img loading=\"lazy\" decoding=\"async\" width=\"800\" height=\"533\" src=\"https:\/\/nasrid.com\/wp-content\/uploads\/2024\/09\/4a3q77ivq5v4qwze4jdqlmoaaa_2000-1024x682.webp\" class=\"attachment-large size-large\" alt=\"Hospital real\" url=\"https:\/\/nasrid.com\/wp-content\/uploads\/2024\/09\/4a3q77ivq5v4qwze4jdqlmoaaa_2000.webp\" source=\"library\" srcset=\"https:\/\/nasrid.com\/wp-content\/uploads\/2024\/09\/4a3q77ivq5v4qwze4jdqlmoaaa_2000-1024x682.webp 1024w, https:\/\/nasrid.com\/wp-content\/uploads\/2024\/09\/4a3q77ivq5v4qwze4jdqlmoaaa_2000-300x200.webp 300w, https:\/\/nasrid.com\/wp-content\/uploads\/2024\/09\/4a3q77ivq5v4qwze4jdqlmoaaa_2000-768x512.webp 768w, https:\/\/nasrid.com\/wp-content\/uploads\/2024\/09\/4a3q77ivq5v4qwze4jdqlmoaaa_2000-1536x1024.webp 1536w, https:\/\/nasrid.com\/wp-content\/uploads\/2024\/09\/4a3q77ivq5v4qwze4jdqlmoaaa_2000-600x400.webp 600w, https:\/\/nasrid.com\/wp-content\/uploads\/2024\/09\/4a3q77ivq5v4qwze4jdqlmoaaa_2000.webp 2000w\" sizes=\"(max-width: 800px) 100vw, 800px\" \/><\/div><a href=\"https:\/\/nasrid.com\/hospital-real\/\" class=\"gallery-link\" data-elementor-open-lightbox=\"no\"><div class=\"caption-wrap style-overlay overlay-fade\"> <div class=\"item-hover-bg\"><\/div> <div class=\"item-caption-over\"> <h5 class=\"item-title\">Hospital real<\/h5> <div class=\"item-content\"><p>Hospital creado por los Reyes Cat\u00f3licos y actualmente sede central de la Universidad de Granada.<\/p><\/div> <\/div> <div class=\"caption-head\"><\/div> <div class=\"caption-category\"><\/div> <\/div><\/a><\/div> <\/div><div class=\"gallery-item-wrap jkit-gcf-Monumentos\"> <div class=\"grid-item\"><div class=\"thumbnail-wrap\"><img loading=\"lazy\" decoding=\"async\" width=\"800\" height=\"534\" src=\"https:\/\/nasrid.com\/wp-content\/uploads\/2024\/09\/image_285593.jpeg\" class=\"attachment-large size-large\" alt=\"Plaza de toros\" url=\"https:\/\/nasrid.com\/wp-content\/uploads\/2024\/09\/image_285593.jpeg\" source=\"library\" srcset=\"https:\/\/nasrid.com\/wp-content\/uploads\/2024\/09\/image_285593.jpeg 800w, https:\/\/nasrid.com\/wp-content\/uploads\/2024\/09\/image_285593-300x200.jpeg 300w, https:\/\/nasrid.com\/wp-content\/uploads\/2024\/09\/image_285593-768x513.jpeg 768w, https:\/\/nasrid.com\/wp-content\/uploads\/2024\/09\/image_285593-600x401.jpeg 600w\" sizes=\"(max-width: 800px) 100vw, 800px\" \/><\/div><a href=\"https:\/\/nasrid.com\/plaza-de-toros\/\" class=\"gallery-link\" data-elementor-open-lightbox=\"no\"><div class=\"caption-wrap style-overlay overlay-fade\"> <div class=\"item-hover-bg\"><\/div> <div class=\"item-caption-over\"> <h5 class=\"item-title\">Plaza de toros<\/h5> <div class=\"item-content\"><p>Plaza de toros neomud\u00e9jar de Granada<\/p><\/div> <\/div> <div class=\"caption-head\"><\/div> <div class=\"caption-category\"><\/div> <\/div><\/a><\/div> <\/div><div class=\"gallery-item-wrap jkit-gcf-Monumentos\"> <div class=\"grid-item\"><div class=\"thumbnail-wrap\"><img loading=\"lazy\" decoding=\"async\" width=\"800\" height=\"600\" src=\"https:\/\/nasrid.com\/wp-content\/uploads\/2024\/09\/SACROMONTE.jpg\" class=\"attachment-large size-large\" alt=\"Abad\u00eda del Sacromonte\" url=\"https:\/\/nasrid.com\/wp-content\/uploads\/2024\/09\/SACROMONTE.jpg\" source=\"library\" srcset=\"https:\/\/nasrid.com\/wp-content\/uploads\/2024\/09\/SACROMONTE.jpg 1024w, https:\/\/nasrid.com\/wp-content\/uploads\/2024\/09\/SACROMONTE-300x225.jpg 300w, https:\/\/nasrid.com\/wp-content\/uploads\/2024\/09\/SACROMONTE-768x576.jpg 768w, https:\/\/nasrid.com\/wp-content\/uploads\/2024\/09\/SACROMONTE-600x450.jpg 600w\" sizes=\"(max-width: 800px) 100vw, 800px\" \/><\/div><a href=\"https:\/\/nasrid.com\/plaza-de-toros\/\" class=\"gallery-link\" data-elementor-open-lightbox=\"no\"><div class=\"caption-wrap style-overlay overlay-fade\"> <div class=\"item-hover-bg\"><\/div> <div class=\"item-caption-over\"> <h5 class=\"item-title\">Abad\u00eda del Sacromonte<\/h5> <div class=\"item-content\"><p>El misterioso lugar d\u00f3nde se encontraron los libros pl\u00fambeos.<\/p><\/div> <\/div> <div class=\"caption-head\"><\/div> <div class=\"caption-category\"><\/div> <\/div><\/a><\/div> <\/div><div class=\"gallery-item-wrap jkit-gcf-Monumentos\"> <div class=\"grid-item\"><div class=\"thumbnail-wrap\"><img loading=\"lazy\" decoding=\"async\" width=\"640\" height=\"480\" src=\"https:\/\/nasrid.com\/wp-content\/uploads\/2024\/09\/zxh40j8ucx0wbgy.jpg\" class=\"attachment-large size-large\" alt=\"Alc\u00e1zar del Genil\" url=\"https:\/\/nasrid.com\/wp-content\/uploads\/2024\/09\/zxh40j8ucx0wbgy.jpg\" source=\"library\" srcset=\"https:\/\/nasrid.com\/wp-content\/uploads\/2024\/09\/zxh40j8ucx0wbgy.jpg 640w, https:\/\/nasrid.com\/wp-content\/uploads\/2024\/09\/zxh40j8ucx0wbgy-300x225.jpg 300w, https:\/\/nasrid.com\/wp-content\/uploads\/2024\/09\/zxh40j8ucx0wbgy-600x450.jpg 600w\" sizes=\"(max-width: 640px) 100vw, 640px\" \/><\/div><a href=\"https:\/\/nasrid.com\/alcazar-del-genil\/\" class=\"gallery-link\" data-elementor-open-lightbox=\"no\"><div class=\"caption-wrap style-overlay overlay-fade\"> <div class=\"item-hover-bg\"><\/div> <div class=\"item-caption-over\"> <h5 class=\"item-title\">Alc\u00e1zar del Genil<\/h5> <div class=\"item-content\"><p>Palacete nazar\u00ed conocido por sus batallas navales<\/p><\/div> <\/div> <div class=\"caption-head\"><\/div> <div class=\"caption-category\"><\/div> <\/div><\/a><\/div> <\/div><div class=\"gallery-item-wrap jkit-gcf-Miradores\"> <div class=\"grid-item\"><div class=\"thumbnail-wrap\"><img loading=\"lazy\" decoding=\"async\" width=\"800\" height=\"534\" src=\"https:\/\/nasrid.com\/wp-content\/uploads\/2024\/09\/G29-Mirador-de-San-Nicolas-1024x683.jpg\" class=\"attachment-large size-large\" alt=\"Mirador de San Nicol\u00e1s\" url=\"https:\/\/nasrid.com\/wp-content\/uploads\/2024\/09\/G29-Mirador-de-San-Nicolas.jpg\" source=\"library\" srcset=\"https:\/\/nasrid.com\/wp-content\/uploads\/2024\/09\/G29-Mirador-de-San-Nicolas-1024x683.jpg 1024w, https:\/\/nasrid.com\/wp-content\/uploads\/2024\/09\/G29-Mirador-de-San-Nicolas-300x200.jpg 300w, https:\/\/nasrid.com\/wp-content\/uploads\/2024\/09\/G29-Mirador-de-San-Nicolas-768x512.jpg 768w, https:\/\/nasrid.com\/wp-content\/uploads\/2024\/09\/G29-Mirador-de-San-Nicolas-600x400.jpg 600w, https:\/\/nasrid.com\/wp-content\/uploads\/2024\/09\/G29-Mirador-de-San-Nicolas.jpg 1200w\" sizes=\"(max-width: 800px) 100vw, 800px\" \/><\/div><a href=\"https:\/\/nasrid.com\/mirador-de-san-nicolas\/\" class=\"gallery-link\" data-elementor-open-lightbox=\"no\"><div class=\"caption-wrap style-overlay overlay-fade\"> <div class=\"item-hover-bg\"><\/div> <div class=\"item-caption-over\"> <h5 class=\"item-title\">Mirador de San Nicol\u00e1s<\/h5> <div class=\"item-content\"><p>Conocido por ofrecer las vistas m\u00e1s espectaculares de la Alhambra con la Sierra Nevada de fondo.<\/p><\/div> <\/div> <div class=\"caption-head\"><\/div> <div class=\"caption-category\"><\/div> <\/div><\/a><\/div> <\/div><div class=\"gallery-item-wrap jkit-gcf-Miradores\"> <div class=\"grid-item\"><div class=\"thumbnail-wrap\"><img loading=\"lazy\" decoding=\"async\" width=\"800\" height=\"503\" src=\"https:\/\/nasrid.com\/wp-content\/uploads\/2024\/10\/mirador-de-san-cristobal-1024x644.jpg\" class=\"attachment-large size-large\" alt=\"Mirador de San Cristobal\" url=\"https:\/\/nasrid.com\/wp-content\/uploads\/2024\/10\/mirador-de-san-cristobal.jpg\" source=\"library\" srcset=\"https:\/\/nasrid.com\/wp-content\/uploads\/2024\/10\/mirador-de-san-cristobal-1024x644.jpg 1024w, https:\/\/nasrid.com\/wp-content\/uploads\/2024\/10\/mirador-de-san-cristobal-300x189.jpg 300w, https:\/\/nasrid.com\/wp-content\/uploads\/2024\/10\/mirador-de-san-cristobal-768x483.jpg 768w, https:\/\/nasrid.com\/wp-content\/uploads\/2024\/10\/mirador-de-san-cristobal-18x12.jpg 18w, https:\/\/nasrid.com\/wp-content\/uploads\/2024\/10\/mirador-de-san-cristobal-600x377.jpg 600w, https:\/\/nasrid.com\/wp-content\/uploads\/2024\/10\/mirador-de-san-cristobal.jpg 1112w\" sizes=\"(max-width: 800px) 100vw, 800px\" \/><\/div><a href=\"https:\/\/nasrid.com\/mirador-de-san-cristobal\/\" class=\"gallery-link\" data-elementor-open-lightbox=\"no\"><div class=\"caption-wrap style-overlay overlay-fade\"> <div class=\"item-hover-bg\"><\/div> <div class=\"item-caption-over\"> <h5 class=\"item-title\">Mirador de San Cristobal<\/h5> <div class=\"item-content\"><p>Desde este mirador se puede contemplar una vista completa de la Alhambra, la Catedral de Granada y gran parte de la ciudad, todo enmarcado por las monta\u00f1as de Sierra Nevada.<\/p><\/div> <\/div> <div class=\"caption-head\"><\/div> <div class=\"caption-category\"><\/div> <\/div><\/a><\/div> <\/div><div class=\"gallery-item-wrap jkit-gcf-Miradores\"> <div class=\"grid-item\"><div class=\"thumbnail-wrap\"><img loading=\"lazy\" decoding=\"async\" width=\"800\" height=\"552\" src=\"https:\/\/nasrid.com\/wp-content\/uploads\/2024\/09\/placeta-de-carvajales-albaicin-granada-12372-xl-1024x706.jpg\" class=\"attachment-large size-large\" alt=\"Mirador de los Carvajales\" url=\"https:\/\/nasrid.com\/wp-content\/uploads\/2024\/09\/placeta-de-carvajales-albaicin-granada-12372-xl.jpg\" source=\"library\" srcset=\"https:\/\/nasrid.com\/wp-content\/uploads\/2024\/09\/placeta-de-carvajales-albaicin-granada-12372-xl-1024x706.jpg 1024w, https:\/\/nasrid.com\/wp-content\/uploads\/2024\/09\/placeta-de-carvajales-albaicin-granada-12372-xl-300x207.jpg 300w, https:\/\/nasrid.com\/wp-content\/uploads\/2024\/09\/placeta-de-carvajales-albaicin-granada-12372-xl-768x529.jpg 768w, https:\/\/nasrid.com\/wp-content\/uploads\/2024\/09\/placeta-de-carvajales-albaicin-granada-12372-xl-600x414.jpg 600w, https:\/\/nasrid.com\/wp-content\/uploads\/2024\/09\/placeta-de-carvajales-albaicin-granada-12372-xl.jpg 1200w\" sizes=\"(max-width: 800px) 100vw, 800px\" \/><\/div><a href=\"https:\/\/nasrid.com\/mirador-de-los-carvajales\/\" class=\"gallery-link\" data-elementor-open-lightbox=\"no\"><div class=\"caption-wrap style-overlay overlay-fade\"> <div class=\"item-hover-bg\"><\/div> <div class=\"item-caption-over\"> <h5 class=\"item-title\">Mirador de los Carvajales<\/h5> <div class=\"item-content\"><p>Ofrece una vista cercana y directa de la Alhambra, enmarcada por los tejados del barrio y los cipreses que la rodean.<\/p><\/div> <\/div> <div class=\"caption-head\"><\/div> <div class=\"caption-category\"><\/div> <\/div><\/a><\/div> <\/div><div class=\"gallery-item-wrap jkit-gcf-Miradores\"> <div class=\"grid-item\"><div class=\"thumbnail-wrap\"><img loading=\"lazy\" decoding=\"async\" width=\"800\" height=\"479\" src=\"https:\/\/nasrid.com\/wp-content\/uploads\/2024\/09\/mirador-san-miguel-alto.jpg\" class=\"attachment-large size-large\" alt=\"Mirador de San Miguel Alto\" url=\"https:\/\/nasrid.com\/wp-content\/uploads\/2024\/09\/mirador-san-miguel-alto.jpg\" source=\"library\" srcset=\"https:\/\/nasrid.com\/wp-content\/uploads\/2024\/09\/mirador-san-miguel-alto.jpg 1024w, https:\/\/nasrid.com\/wp-content\/uploads\/2024\/09\/mirador-san-miguel-alto-300x180.jpg 300w, https:\/\/nasrid.com\/wp-content\/uploads\/2024\/09\/mirador-san-miguel-alto-768x460.jpg 768w, https:\/\/nasrid.com\/wp-content\/uploads\/2024\/09\/mirador-san-miguel-alto-600x359.jpg 600w\" sizes=\"(max-width: 800px) 100vw, 800px\" \/><\/div><a href=\"https:\/\/nasrid.com\/mirador-de-san-miguel-alto\/\" class=\"gallery-link\" data-elementor-open-lightbox=\"no\"><div class=\"caption-wrap style-overlay overlay-fade\"> <div class=\"item-hover-bg\"><\/div> <div class=\"item-caption-over\"> <h5 class=\"item-title\">Mirador de San Miguel Alto<\/h5> <div class=\"item-content\"><p>El mirador m\u00e1s elevado de Granada, lo que permite una vista panor\u00e1mica impresionante y completa de la ciudad, incluyendo la Alhambra, el Albaic\u00edn, la Catedral y la Vega de Granada, todo con las monta\u00f1as de Sierra Nevada como tel\u00f3n de fondo.<\/p><\/div> <\/div> <div class=\"caption-head\"><\/div> <div class=\"caption-category\"><\/div> <\/div><\/a><\/div> <\/div><div class=\"gallery-item-wrap jkit-gcf-Miradores\"> <div class=\"grid-item\"><div class=\"thumbnail-wrap\"><img loading=\"lazy\" decoding=\"async\" width=\"800\" height=\"458\" src=\"https:\/\/nasrid.com\/wp-content\/uploads\/2024\/09\/mirador-de-alixares.jpg\" class=\"attachment-large size-large\" alt=\"Mirador de Alixares\" url=\"https:\/\/nasrid.com\/wp-content\/uploads\/2024\/09\/mirador-de-alixares.jpg\" source=\"library\" srcset=\"https:\/\/nasrid.com\/wp-content\/uploads\/2024\/09\/mirador-de-alixares.jpg 1024w, https:\/\/nasrid.com\/wp-content\/uploads\/2024\/09\/mirador-de-alixares-300x172.jpg 300w, https:\/\/nasrid.com\/wp-content\/uploads\/2024\/09\/mirador-de-alixares-768x440.jpg 768w, https:\/\/nasrid.com\/wp-content\/uploads\/2024\/09\/mirador-de-alixares-600x343.jpg 600w\" sizes=\"(max-width: 800px) 100vw, 800px\" \/><\/div><a href=\"https:\/\/nasrid.com\/mirador-de-alixares\/\" class=\"gallery-link\" data-elementor-open-lightbox=\"no\"><div class=\"caption-wrap style-overlay overlay-fade\"> <div class=\"item-hover-bg\"><\/div> <div class=\"item-caption-over\"> <h5 class=\"item-title\">Mirador de Alixares<\/h5> <div class=\"item-content\"><p>Situado cerca de la Alhambra, desde este mirador se puede disfrutar de una perspectiva m\u00e1s tranquila y abierta, alejada del bullicio de otros puntos tur\u00edsticos.<\/p><\/div> <\/div> <div class=\"caption-head\"><\/div> <div class=\"caption-category\"><\/div> <\/div><\/a><\/div> <\/div><div class=\"gallery-item-wrap jkit-gcf-Miradores\"> <div class=\"grid-item\"><div class=\"thumbnail-wrap\"><img loading=\"lazy\" decoding=\"async\" width=\"800\" height=\"450\" src=\"https:\/\/nasrid.com\/wp-content\/uploads\/2024\/09\/puerta-del-sol-lavaderospublicos.net-01.jpg\" class=\"attachment-large size-large\" alt=\"Mirador del Lavadero Placeta del Sol\" url=\"https:\/\/nasrid.com\/wp-content\/uploads\/2024\/09\/puerta-del-sol-lavaderospublicos.net-01.jpg\" source=\"library\" srcset=\"https:\/\/nasrid.com\/wp-content\/uploads\/2024\/09\/puerta-del-sol-lavaderospublicos.net-01.jpg 800w, https:\/\/nasrid.com\/wp-content\/uploads\/2024\/09\/puerta-del-sol-lavaderospublicos.net-01-300x169.jpg 300w, https:\/\/nasrid.com\/wp-content\/uploads\/2024\/09\/puerta-del-sol-lavaderospublicos.net-01-768x432.jpg 768w, https:\/\/nasrid.com\/wp-content\/uploads\/2024\/09\/puerta-del-sol-lavaderospublicos.net-01-600x338.jpg 600w\" sizes=\"(max-width: 800px) 100vw, 800px\" \/><\/div><a href=\"https:\/\/nasrid.com\/mirador-del-lavadero-placeta-del-sol\/\" class=\"gallery-link\" data-elementor-open-lightbox=\"no\"><div class=\"caption-wrap style-overlay overlay-fade\"> <div class=\"item-hover-bg\"><\/div> <div class=\"item-caption-over\"> <h5 class=\"item-title\">Mirador del Lavadero Placeta del Sol<\/h5> <div class=\"item-content\"><p>Es un peque\u00f1o rinc\u00f3n escondido en el coraz\u00f3n del barrio del Albaic\u00edn, que combina la historia y la tranquilidad con unas vistas espectaculares.<\/p><\/div> <\/div> <div class=\"caption-head\"><\/div> <div class=\"caption-category\"><\/div> <\/div><\/a><\/div> <\/div><div class=\"gallery-item-wrap jkit-gcf-Miradores\"> <div class=\"grid-item\"><div class=\"thumbnail-wrap\"><img loading=\"lazy\" decoding=\"async\" width=\"800\" height=\"449\" src=\"https:\/\/nasrid.com\/wp-content\/uploads\/2024\/09\/IMG-20210322-WA0011-1024x575.jpg\" class=\"attachment-large size-large\" alt=\"Mirador de la Acequia del Mar\" url=\"https:\/\/nasrid.com\/wp-content\/uploads\/2024\/09\/IMG-20210322-WA0011.jpg\" source=\"library\" srcset=\"https:\/\/nasrid.com\/wp-content\/uploads\/2024\/09\/IMG-20210322-WA0011-1024x575.jpg 1024w, https:\/\/nasrid.com\/wp-content\/uploads\/2024\/09\/IMG-20210322-WA0011-300x169.jpg 300w, https:\/\/nasrid.com\/wp-content\/uploads\/2024\/09\/IMG-20210322-WA0011-768x432.jpg 768w, https:\/\/nasrid.com\/wp-content\/uploads\/2024\/09\/IMG-20210322-WA0011-1536x863.jpg 1536w, https:\/\/nasrid.com\/wp-content\/uploads\/2024\/09\/IMG-20210322-WA0011-600x337.jpg 600w, https:\/\/nasrid.com\/wp-content\/uploads\/2024\/09\/IMG-20210322-WA0011.jpg 2000w\" sizes=\"(max-width: 800px) 100vw, 800px\" \/><\/div><a href=\"https:\/\/nasrid.com\/mirador-de-la-acequia-del-mar\/\" class=\"gallery-link\" data-elementor-open-lightbox=\"no\"><div class=\"caption-wrap style-overlay overlay-fade\"> <div class=\"item-hover-bg\"><\/div> <div class=\"item-caption-over\"> <h5 class=\"item-title\">Mirador de la Acequia del Mar<\/h5> <div class=\"item-content\"><p>Ubicado en las cercan\u00edas del Albaic\u00edn. Ofrece unas vistas impresionantes de la ciudad, con una perspectiva \u00fanica de la Alhambra y la Vega de Granada.<\/p><\/div> <\/div> <div class=\"caption-head\"><\/div> <div class=\"caption-category\"><\/div> <\/div><\/a><\/div> <\/div><\/div>\n            <div class=\"load-more-items\"><\/div><\/div>\t\t\t\t<\/div>\n\t\t\t\t<\/div>\n\t\t\t\t\t<\/div>\n\t\t<\/div>\n\t\t\t\t\t<\/div>\n\t\t<\/section>\n\t\t\t\t<\/div>\n\t\t","protected":false},"excerpt":{"rendered":"<p>QUE VOIR ? D\u00e9couvrez Grenade \u00e0 votre rythme Avec Nasrid, nous vous offrons la possibilit\u00e9 de d\u00e9couvrir Grenade de mani\u00e8re personnalis\u00e9e et exclusive. Nous adaptons nos circuits \u00e0 vos int\u00e9r\u00eats et \u00e0 vos besoins, afin que vous viviez une exp\u00e9rience unique \u00e0 chaque fois. Sur cette page, vous trouverez un moteur de recherche intuitif qui [&hellip;]<\/p>\n","protected":false},"author":3,"featured_media":2734,"parent":0,"menu_order":0,"comment_status":"closed","ping_status":"closed","template":"","meta":{"footnotes":""},"class_list":["post-2776","page","type-page","status-publish","has-post-thumbnail","hentry"],"yoast_head":"<!-- This site is optimized with the Yoast SEO plugin v26.6 - https:\/\/yoast.com\/wordpress\/plugins\/seo\/ -->\n<title>Visitas Guiadas \u00e0 Grenade<\/title>\n<meta name=\"description\" content=\"D\u00e9couvrez nos visites guid\u00e9es \u00e0 Grenade avec des experts locaux. Plongez au c\u0153ur de l&#039;histoire, de l&#039;art et de la culture de mani\u00e8re intime, unique et authentique\" \/>\n<meta name=\"robots\" content=\"index, follow, max-snippet:-1, max-image-preview:large, max-video-preview:-1\" \/>\n<link rel=\"canonical\" href=\"https:\/\/nasrid.com\/fr\/visites\/\" \/>\n<meta property=\"og:locale\" content=\"fr_FR\" \/>\n<meta property=\"og:type\" content=\"article\" \/>\n<meta property=\"og:title\" content=\"Visitas Guiadas \u00e0 Grenade\" \/>\n<meta property=\"og:description\" content=\"D\u00e9couvrez nos visites guid\u00e9es \u00e0 Grenade avec des experts locaux. Plongez au c\u0153ur de l&#039;histoire, de l&#039;art et de la culture de mani\u00e8re intime, unique et authentique\" \/>\n<meta property=\"og:url\" content=\"https:\/\/nasrid.com\/fr\/visites\/\" \/>\n<meta property=\"og:site_name\" content=\"Nasrid\" \/>\n<meta property=\"article:publisher\" content=\"https:\/\/www.facebook.com\/nasridgrx\/\" \/>\n<meta property=\"article:modified_time\" content=\"2026-04-24T10:53:00+00:00\" \/>\n<meta property=\"og:image\" content=\"https:\/\/nasrid.com\/wp-content\/uploads\/2024\/10\/palacio-daralhorra.jpg\" \/>\n\t<meta property=\"og:image:width\" content=\"832\" \/>\n\t<meta property=\"og:image:height\" content=\"642\" \/>\n\t<meta property=\"og:image:type\" content=\"image\/jpeg\" \/>\n<meta name=\"twitter:card\" content=\"summary_large_image\" \/>\n<meta name=\"twitter:label1\" content=\"Est. reading time\" \/>\n\t<meta name=\"twitter:data1\" content=\"15 minutes\" \/>\n<script type=\"application\/ld+json\" class=\"yoast-schema-graph\">{\"@context\":\"https:\/\/schema.org\",\"@graph\":[{\"@type\":\"WebPage\",\"@id\":\"https:\/\/nasrid.com\/fr\/visites\/\",\"url\":\"https:\/\/nasrid.com\/fr\/visites\/\",\"name\":\"Visitas Guiadas \u00e0 Grenade\",\"isPartOf\":{\"@id\":\"https:\/\/nasrid.com\/#website\"},\"primaryImageOfPage\":{\"@id\":\"https:\/\/nasrid.com\/fr\/visites\/#primaryimage\"},\"image\":{\"@id\":\"https:\/\/nasrid.com\/fr\/visites\/#primaryimage\"},\"thumbnailUrl\":\"https:\/\/nasrid.com\/wp-content\/uploads\/2024\/10\/palacio-daralhorra.jpg\",\"datePublished\":\"2024-09-18T14:19:44+00:00\",\"dateModified\":\"2026-04-24T10:53:00+00:00\",\"description\":\"D\u00e9couvrez nos visites guid\u00e9es \u00e0 Grenade avec des experts locaux. Plongez au c\u0153ur de l'histoire, de l'art et de la culture de mani\u00e8re intime, unique et authentique\",\"breadcrumb\":{\"@id\":\"https:\/\/nasrid.com\/fr\/visites\/#breadcrumb\"},\"inLanguage\":\"fr-FR\",\"potentialAction\":[{\"@type\":\"ReadAction\",\"target\":[\"https:\/\/nasrid.com\/fr\/visites\/\"]}]},{\"@type\":\"ImageObject\",\"inLanguage\":\"fr-FR\",\"@id\":\"https:\/\/nasrid.com\/fr\/visites\/#primaryimage\",\"url\":\"https:\/\/nasrid.com\/wp-content\/uploads\/2024\/10\/palacio-daralhorra.jpg\",\"contentUrl\":\"https:\/\/nasrid.com\/wp-content\/uploads\/2024\/10\/palacio-daralhorra.jpg\",\"width\":832,\"height\":642,\"caption\":\"visitas guiadas en Granada\"},{\"@type\":\"BreadcrumbList\",\"@id\":\"https:\/\/nasrid.com\/fr\/visites\/#breadcrumb\",\"itemListElement\":[{\"@type\":\"ListItem\",\"position\":1,\"name\":\"Portada\",\"item\":\"https:\/\/nasrid.com\/fr\/accueil\/\"},{\"@type\":\"ListItem\",\"position\":2,\"name\":\"Visites\"}]},{\"@type\":\"WebSite\",\"@id\":\"https:\/\/nasrid.com\/#website\",\"url\":\"https:\/\/nasrid.com\/\",\"name\":\"Nasrid\",\"description\":\"Visita Granada\",\"publisher\":{\"@id\":\"https:\/\/nasrid.com\/#organization\"},\"potentialAction\":[{\"@type\":\"SearchAction\",\"target\":{\"@type\":\"EntryPoint\",\"urlTemplate\":\"https:\/\/nasrid.com\/?s={search_term_string}\"},\"query-input\":{\"@type\":\"PropertyValueSpecification\",\"valueRequired\":true,\"valueName\":\"search_term_string\"}}],\"inLanguage\":\"fr-FR\"},{\"@type\":\"Organization\",\"@id\":\"https:\/\/nasrid.com\/#organization\",\"name\":\"Nasrid\",\"url\":\"https:\/\/nasrid.com\/\",\"logo\":{\"@type\":\"ImageObject\",\"inLanguage\":\"fr-FR\",\"@id\":\"https:\/\/nasrid.com\/#\/schema\/logo\/image\/\",\"url\":\"https:\/\/nasrid.com\/wp-content\/uploads\/2024\/06\/20230315_003210_0000.png\",\"contentUrl\":\"https:\/\/nasrid.com\/wp-content\/uploads\/2024\/06\/20230315_003210_0000.png\",\"width\":500,\"height\":500,\"caption\":\"Nasrid\"},\"image\":{\"@id\":\"https:\/\/nasrid.com\/#\/schema\/logo\/image\/\"},\"sameAs\":[\"https:\/\/www.facebook.com\/nasridgrx\/\",\"https:\/\/www.instagram.com\/nasridgrx\/\"]}]}<\/script>\n<!-- \/ Yoast SEO plugin. -->","yoast_head_json":{"title":"Visitas Guiadas \u00e0 Grenade","description":"D\u00e9couvrez nos visites guid\u00e9es \u00e0 Grenade avec des experts locaux. Plongez au c\u0153ur de l'histoire, de l'art et de la culture de mani\u00e8re intime, unique et authentique","robots":{"index":"index","follow":"follow","max-snippet":"max-snippet:-1","max-image-preview":"max-image-preview:large","max-video-preview":"max-video-preview:-1"},"canonical":"https:\/\/nasrid.com\/fr\/visites\/","og_locale":"fr_FR","og_type":"article","og_title":"Visitas Guiadas \u00e0 Grenade","og_description":"D\u00e9couvrez nos visites guid\u00e9es \u00e0 Grenade avec des experts locaux. Plongez au c\u0153ur de l'histoire, de l'art et de la culture de mani\u00e8re intime, unique et authentique","og_url":"https:\/\/nasrid.com\/fr\/visites\/","og_site_name":"Nasrid","article_publisher":"https:\/\/www.facebook.com\/nasridgrx\/","article_modified_time":"2026-04-24T10:53:00+00:00","og_image":[{"width":832,"height":642,"url":"https:\/\/nasrid.com\/wp-content\/uploads\/2024\/10\/palacio-daralhorra.jpg","type":"image\/jpeg"}],"twitter_card":"summary_large_image","twitter_misc":{"Est. reading time":"15 minutes"},"schema":{"@context":"https:\/\/schema.org","@graph":[{"@type":"WebPage","@id":"https:\/\/nasrid.com\/fr\/visites\/","url":"https:\/\/nasrid.com\/fr\/visites\/","name":"Visitas Guiadas \u00e0 Grenade","isPartOf":{"@id":"https:\/\/nasrid.com\/#website"},"primaryImageOfPage":{"@id":"https:\/\/nasrid.com\/fr\/visites\/#primaryimage"},"image":{"@id":"https:\/\/nasrid.com\/fr\/visites\/#primaryimage"},"thumbnailUrl":"https:\/\/nasrid.com\/wp-content\/uploads\/2024\/10\/palacio-daralhorra.jpg","datePublished":"2024-09-18T14:19:44+00:00","dateModified":"2026-04-24T10:53:00+00:00","description":"D\u00e9couvrez nos visites guid\u00e9es \u00e0 Grenade avec des experts locaux. Plongez au c\u0153ur de l'histoire, de l'art et de la culture de mani\u00e8re intime, unique et authentique","breadcrumb":{"@id":"https:\/\/nasrid.com\/fr\/visites\/#breadcrumb"},"inLanguage":"fr-FR","potentialAction":[{"@type":"ReadAction","target":["https:\/\/nasrid.com\/fr\/visites\/"]}]},{"@type":"ImageObject","inLanguage":"fr-FR","@id":"https:\/\/nasrid.com\/fr\/visites\/#primaryimage","url":"https:\/\/nasrid.com\/wp-content\/uploads\/2024\/10\/palacio-daralhorra.jpg","contentUrl":"https:\/\/nasrid.com\/wp-content\/uploads\/2024\/10\/palacio-daralhorra.jpg","width":832,"height":642,"caption":"visitas guiadas en Granada"},{"@type":"BreadcrumbList","@id":"https:\/\/nasrid.com\/fr\/visites\/#breadcrumb","itemListElement":[{"@type":"ListItem","position":1,"name":"Portada","item":"https:\/\/nasrid.com\/fr\/accueil\/"},{"@type":"ListItem","position":2,"name":"Visites"}]},{"@type":"WebSite","@id":"https:\/\/nasrid.com\/#website","url":"https:\/\/nasrid.com\/","name":"Nasrid","description":"Visita Granada","publisher":{"@id":"https:\/\/nasrid.com\/#organization"},"potentialAction":[{"@type":"SearchAction","target":{"@type":"EntryPoint","urlTemplate":"https:\/\/nasrid.com\/?s={search_term_string}"},"query-input":{"@type":"PropertyValueSpecification","valueRequired":true,"valueName":"search_term_string"}}],"inLanguage":"fr-FR"},{"@type":"Organization","@id":"https:\/\/nasrid.com\/#organization","name":"Nasrid","url":"https:\/\/nasrid.com\/","logo":{"@type":"ImageObject","inLanguage":"fr-FR","@id":"https:\/\/nasrid.com\/#\/schema\/logo\/image\/","url":"https:\/\/nasrid.com\/wp-content\/uploads\/2024\/06\/20230315_003210_0000.png","contentUrl":"https:\/\/nasrid.com\/wp-content\/uploads\/2024\/06\/20230315_003210_0000.png","width":500,"height":500,"caption":"Nasrid"},"image":{"@id":"https:\/\/nasrid.com\/#\/schema\/logo\/image\/"},"sameAs":["https:\/\/www.facebook.com\/nasridgrx\/","https:\/\/www.instagram.com\/nasridgrx\/"]}]}},"_links":{"self":[{"href":"https:\/\/nasrid.com\/fr\/wp-json\/wp\/v2\/pages\/2776","targetHints":{"allow":["GET"]}}],"collection":[{"href":"https:\/\/nasrid.com\/fr\/wp-json\/wp\/v2\/pages"}],"about":[{"href":"https:\/\/nasrid.com\/fr\/wp-json\/wp\/v2\/types\/page"}],"author":[{"embeddable":true,"href":"https:\/\/nasrid.com\/fr\/wp-json\/wp\/v2\/users\/3"}],"replies":[{"embeddable":true,"href":"https:\/\/nasrid.com\/fr\/wp-json\/wp\/v2\/comments?post=2776"}],"version-history":[{"count":16,"href":"https:\/\/nasrid.com\/fr\/wp-json\/wp\/v2\/pages\/2776\/revisions"}],"predecessor-version":[{"id":3427,"href":"https:\/\/nasrid.com\/fr\/wp-json\/wp\/v2\/pages\/2776\/revisions\/3427"}],"wp:featuredmedia":[{"embeddable":true,"href":"https:\/\/nasrid.com\/fr\/wp-json\/wp\/v2\/media\/2734"}],"wp:attachment":[{"href":"https:\/\/nasrid.com\/fr\/wp-json\/wp\/v2\/media?parent=2776"}],"curies":[{"name":"wp","href":"https:\/\/api.w.org\/{rel}","templated":true}]}}